{"id":104,"date":"2022-10-03T11:46:26","date_gmt":"2022-10-03T11:46:26","guid":{"rendered":"https:\/\/www.ikome.com.tr\/?page_id=104"},"modified":"2022-10-04T11:44:50","modified_gmt":"2022-10-04T11:44:50","slug":"cevre","status":"publish","type":"page","link":"https:\/\/www.ikome.com.tr\/?page_id=104","title":{"rendered":"Cevre"},"content":{"rendered":"<div class=\"\" style=\"\" >\n    \n    <section class=\"skrollable u-align-left u-clearfix u-image u-lightbox u-parallax u-shading u-section-2\" src=\"\" data-image-width=\"668\" data-image-height=\"504\" id=\"sec-18d0\" style=\"background-image: linear-gradient(0deg, rgba(0, 0, 0, 0.4), rgba(0, 0, 0, 0.4)), url(&quot;https:\/\/www.ikome.com.tr\/wp-content\/uploads\/2022\/10\/CedEtki2.jpeg&quot;);\">\n      <div class=\"u-clearfix u-sheet u-sheet-1\">\n        <div class=\"u-tabs u-tabs-1\">\n          <ul class=\"u-tab-list u-unstyled\" role=\"tablist\">\n            <li class=\"u-tab-item\" role=\"presentation\">\n              <a class=\"active u-active-white u-button-style u-tab-link u-tab-link-1\" id=\"link-tab-0da5\" href=\"#tab-0da5\" role=\"tab\" aria-controls=\"tab-0da5\" aria-selected=\"true\">Bilinmesi Gerekenler<br>\n              <\/a>\n            <\/li>\n            <li class=\"u-tab-item\" role=\"presentation\">\n              <a class=\"u-active-white u-button-style u-tab-link u-tab-link-2\" id=\"link-tab-14b7\" href=\"#tab-14b7\" role=\"tab\" aria-controls=\"tab-14b7\" aria-selected=\"false\">Resmi Gazete<\/a>\n            <\/li>\n          <\/ul>\n          <div class=\"u-tab-content\">\n            <div class=\"u-container-style u-custom-color-2 u-tab-active u-tab-pane u-tab-pane-1\" id=\"tab-0da5\" role=\"tabpanel\" aria-labelledby=\"link-tab-0da5\">\n              <div class=\"u-container-layout u-container-layout-1\">\n                <div class=\"fr-view u-align-center u-clearfix u-rich-text u-text u-text-1\">\n                  <p id=\"isPasted\">\n                    <span class=\"u-text-body-alt-color\">&nbsp;<\/span>\n                    <span class=\"u-text-custom-color-5\">\u00c7ED RAPORU<\/span>\n                  <\/p>\n                  <p style=\"text-align: justify;\">\n                    <span class=\"u-text-custom-color-5\">\u00c7<img src=\"https:\/\/www.ikome.com.tr\/wp-content\/uploads\/2022\/10\/Cad1-21.png\" width=\"335\" align=\"center\" style=\"width: 335px;\" class=\"fr-dii fr-fic fr-fil\">ED &nbsp; &nbsp;: &nbsp; \n                    <\/span>\n                    <span class=\"u-text-body-alt-color\">&nbsp; \u00c7evreye \u00f6nemli etkileri olabilecek faaliyetlerle ilgili projelerin, planlama a\u015famas\u0131ndan ba\u015flayarak faaliyetin in\u015faat, i\u015fletme ve faaliyetin sona erdirilmesinden sonra meydana gelebilecek etkilerinin, proje hakk\u0131nda karar al\u0131nmadan \u00f6nce bilimsel y\u00f6ntem ve tekniklerle tahmin edilmesi, olumsuz etkilerinin \u00f6nlenmesi ve gerekli tedbirlerin tespiti ile projenin t\u00fcm uygulama a\u015famalar\u0131nda bu etkilerin ve tedbirlerin izlenmesi ve denetlenmesi s\u00fcrecidir.<\/span>\n                  <\/p>\n                  <p style=\"text-align: center;\">\n                    <span class=\"u-text-body-alt-color\">&nbsp;<\/span>\n                    <span class=\"u-text-custom-color-5\">\u00c7ED RAPORU VE S\u00dcREC\u0130<\/span>\n                  <\/p>\n                  <p style=\"text-align: justify;\">\n                    <span class=\"u-text-body-alt-color\">&nbsp; &nbsp; &nbsp;Ger\u00e7ekle\u015ftirmeyi planlad\u0131klar\u0131 faaliyetleri sonucu, \u00e7evre sorunlar\u0131na yol a\u00e7abilecek kurum, kurulu\u015f ve i\u015fletmelerin \u00e7evreye yapabilece\u011fi t\u00fcm olumsuz etkileri g\u00f6z \u00f6n\u00fcnde bulundurularak, \u00e7evre kirlenmesine sebep olabilecek art\u0131k ve at\u0131klar\u0131n ne \u015fekilde zarars\u0131z hale getirilece\u011fini ve bu hususta al\u0131nacak tedbirleri belirten rapordur.<\/span>\n                  <\/p>\n                  <p style=\"text-align: justify;\">\n                    <span class=\"u-text-body-alt-color\">&nbsp; &nbsp; &nbsp;\u00c7ED Y\u00f6netmeli\u011fine g\u00f6re, \u00c7ED Raporuna tabi kurum, kurulu\u015f ve i\u015fletmeler \u00f6zelliklerine g\u00f6re iki gruba ayr\u0131lm\u0131\u015ft\u0131r. Birinci grupta y\u00f6netmeli\u011fin EK-1 listesinde yer alan veya Bakanl\u0131k\u00e7a \u201c\u00c7ED Gerekli\u201ddir karar\u0131 verilen bir proje i\u00e7in \u00f6zel bir formata g\u00f6re haz\u0131rlanacak \u00c7ED Raporu yer al\u0131r. \u0130kinci grupta ise, y\u00f6netmeli\u011fin EK-2 listesinde yer alan projelere \u00c7ED uygulanmas\u0131n\u0131n gerekli olup olmad\u0131\u011f\u0131n\u0131n belirlenmesi amac\u0131yla s\u00fcrd\u00fcr\u00fclecek \u00e7al\u0131\u015fmalar\u0131 i\u00e7eren \u00c7ED \u00d6n Ara\u015ft\u0131rmas\u0131 Raporu bulnmakta olup y\u00f6netmeli\u011fin EK-2 listesinde yer alan bu faaliyetler i\u00e7in de \u00c7ED \u00d6n Ara\u015ft\u0131rma Raporu haz\u0131rlan\u0131p Valilik\u00e7e Bakanl\u0131\u011fa iletilir. Bakanl\u0131k taraf\u0131ndan \u201c\u00c7ED Gerekli\u201d veya \u201c\u00c7ED Gerekli De\u011fildir\u201d karar\u0131n\u0131n al\u0131nmas\u0131 gerekir.<\/span>\n                  <\/p>\n                  <p style=\"text-align: justify;\">\n                    <span class=\"u-text-body-alt-color\">\u00c7ED Raporu ve \u00c7ED \u00d6n Ara\u015ft\u0131rma Raporu gerektiren faaliyetler i\u00e7in B<img src=\"https:\/\/www.ikome.com.tr\/wp-content\/uploads\/2022\/10\/Ced2.jpg\" width=\"300\" align=\"center\" style=\"width: 300px;\" class=\"fr-dii fr-fic fr-fir\">akanl\u0131k planlanan faaliyetin belirtilen yerde ger\u00e7ekle\u015ftirilmesinin Mevzuat a\u00e7\u0131s\u0131ndan uygun olup olmad\u0131\u011f\u0131na, ilgili kamu kurum ve kurulu\u015flar nezdinde yapaca\u011f\u0131 ara\u015ft\u0131rma sonucunda karar verir. EK-1 listesinde yer alan faaliyetler i\u00e7in proje tan\u0131t\u0131m dosyas\u0131n\u0131n uygunlu\u011fu, halk\u0131n kat\u0131l\u0131m\u0131yla olu\u015fturulan \u00f6zel format yat\u0131r\u0131mc\u0131ya verilir ve bunun sonucunda haz\u0131rlanan \u00c7ED Raporu Bakanl\u0131\u011fa sunulur. EK-2 listesinde yer alan faaliyetler i\u00e7in \u00c7ED gerekli karar\u0131 verilmi\u015fse, \u00c7ED prosed\u00fcr\u00fc uygulan\u0131r. Nihai \u00c7ED Raporu ile di\u011fer belgelerin Bakanl\u0131\u011fa sunulmas\u0131n\u0131 takiben, inceleme De\u011ferlendirme Komisyonu \u2018n\u00fcn Rapor hakk\u0131ndaki karar\u0131n\u0131 esas alarak Bakanl\u0131k \u201c\u00c7ED Olumlu Karan\u201d ya da \u201c\u00c7ED Olumsuz Karan\u201d verir. 5 i\u015f g\u00fcn\u00fc ask\u0131da ilan edilir ve 5 y\u0131l i\u00e7erisinde yat\u0131r\u0131ma ba\u015flanmal\u0131d\u0131r. \n                    <\/span>\n                  <\/p>\n                  <p>\n                    <span class=\"u-text-custom-color-5\">DE\u015eARJ \u0130ZN\u0130<\/span>\n                  <\/p>\n                  <p style=\"text-align: justify;\">\n                    <span class=\"u-text-body-alt-color\">&nbsp; &nbsp; &nbsp;Su Kirlili\u011fi Kontrol Y\u00f6netmeli\u011fi kapsam\u0131nda \u201cDe\u015farj \u0130zin Belgesi\u201d i\u00e7in gerekli su analizleri anla\u015fmal\u0131 oldu\u011fumuz \u00dcniversite Laboratuvar\u0131nda yap\u0131lmakta, de\u015farj izin dosyas\u0131 haz\u0131rlanarak De\u015farj \u0130zin Belgesi al\u0131nmas\u0131 hizmetleri titizlikle takip edilmektedir.<\/span>\n                  <\/p>\n                  <p>\n                    <span class=\"u-text-custom-color-5\">ATIKSU DE\u015eARJ \u0130ZN\u0130 ALMAK \u0130\u00c7\u0130N M\u00dcRACAAT EDEN \u0130\u015eLETMELER\u0130N HAZIRLAMASI GEREKEN EVRAKLAR<\/span>\n                  <\/p>\n                  <p style=\"text-align: justify;\">\n                    <span class=\"u-text-custom-color-5\">NOT :&nbsp;<\/span>\n                    <span class=\"u-text-body-alt-color\">\u0130\u015fyerinin ba\u011fl\u0131 oldu\u011fu sekt\u00f6re ve i\u015fyerinde yap\u0131lan denetim sonucunda, a\u015fa\u011f\u0131da belirtilen evraklardan hangilerinin haz\u0131rlanmas\u0131 gerekti\u011fi, denetim s\u0131ras\u0131nda i\u015fyerine bildirilir.<\/span>\n                  <\/p>\n                  <p style=\"text-align: justify;\">\n                    <span class=\"u-text-custom-color-5\">1-<\/span>\n                    <span class=\"u-text-body-alt-color\">&nbsp;At\u0131ksu Kalite Kontrol Ruhsat\u0131 (A.K.K.R.) Ba\u015fvuru Formu\u2019nu imzalayan i\u015f yeri yetkilisine ait, noter tasdikli imza sirk\u00fcleri \u00f6rne\u011fi (fotokopi olabilir),<\/span>\n                  <\/p>\n                  <p style=\"text-align: justify;\">\n                    <span class=\"u-text-custom-color-5\">2-<\/span>\n                    <span class=\"u-text-body-alt-color\">Bir adet su faturas\u0131 \u00f6rne\u011fi.<img src=\"https:\/\/www.ikome.com.tr\/wp-content\/uploads\/2022\/10\/Ced3.jpg\" width=\"300\" align=\"center\" style=\"width: 300px;\" class=\"fr-dii fr-fic fr-fir\">\n                    <\/span>\n                  <\/p>\n                  <p style=\"text-align: justify;\">\n                    <span class=\"u-text-custom-color-5\">3-<\/span>\n                    <span class=\"u-text-body-alt-color\">&nbsp;\u0130\u015f ak\u0131\u015f \u015femas\u0131.<\/span>\n                  <\/p>\n                  <p style=\"text-align: justify;\">\n                    <span class=\"u-text-custom-color-5\">4-&nbsp;<\/span>\n                    <span class=\"u-text-body-alt-color\">Varsa, Yap\u0131 Kullanma \u0130zin Belgesinin \u00f6rne\u011fi.<\/span>\n                  <\/p>\n                  <p style=\"text-align: justify;\">\n                    <span class=\"u-text-custom-color-5\">5-<\/span>\n                    <span class=\"u-text-body-alt-color\">&nbsp;Varsa, at\u0131ksu ar\u0131tma tesisi veya ar\u0131tma \u00fcnitesinin i\u015fletme \u015femas\u0131n\u0131n \u00f6rnekleri,<\/span>\n                  <\/p>\n                  <p style=\"text-align: justify;\">\n                    <span class=\"u-text-custom-color-5\">6-<\/span>\n                    <span class=\"u-text-body-alt-color\">&nbsp;\u0130\u015fletmede, bitkisel at\u0131k ya\u011f \u00e7\u0131k\u0131yor ise; bu at\u0131klar\u0131n\u0131 \u00c7evre Bakanl\u0131\u011f\u0131ndan lisans alm\u0131\u015f firmalara teslim etti\u011fini g\u00f6steren Ulusal At\u0131k Ta\u015f\u0131ma Formu \u00f6rnekleri.<\/span>\n                  <\/p>\n                  <p style=\"text-align: justify;\">\n                    <span class=\"u-text-custom-color-5\">7-<\/span>\n                    <span class=\"u-text-body-alt-color\">&nbsp;\u0130\u015fletmeden, bitkisel at\u0131k ya\u011f \u00e7\u0131kmas\u0131na ra\u011fmen, bu at\u0131klar lisasl\u0131 bir toplay\u0131c\u0131 firmaya verilmiyor ise; i\u015fletme, 19.04.2005 Tarihli Resmi Gazete\u2019de yay\u0131nlanan Bitkisel At\u0131k Ya\u011flar\u0131n Kontrol\u00fc Y\u00f6netmeli\u011fi h\u00fck\u00fcmlerine uyaca\u011f\u0131na dair, noter onayl\u0131 bir taah\u00fctname haz\u0131rlamak zorundad\u0131r.<\/span>\n                  <\/p>\n                  <p style=\"text-align: justify;\">\n                    <span class=\"u-text-custom-color-5\">NOT &nbsp;1 :<\/span>\n                    <span class=\"u-text-body-alt-color\">&nbsp;Bitkisel at\u0131k ya\u011f toplayan lisansl\u0131 firmalara, www.cevreorman.gov.tr\/at\u0131k y\u00f6netimi daire ba\u015fkanl\u0131\u011f\u0131 linkinden ula\u015f\u0131labilir.<\/span>\n                  <\/p>\n                  <p style=\"text-align: justify;\">\n                    <span class=\"u-text-custom-color-5\">NOT 2 :<\/span>\n                    <span class=\"u-text-body-alt-color\">&nbsp;\u0130\u015fletmenin kurumumuza verece\u011fi taah\u00fctname, BUSK\u0130 At\u0131ksular\u0131n Kanalizasyona De\u015farj Y\u00f6netmeli\u011fi h\u00fck\u00fcmlerine g\u00f6re \u00fc\u00e7 ay ge\u00e7erlidir.\u0130\u015fletme \u00fc\u00e7 ay i\u00e7erisinde, lisansl\u0131 bir toplay\u0131c\u0131 firma ile anla\u015fmak zorundad\u0131r.<\/span>\n                  <\/p>\n                  <p style=\"text-align: justify;\">\n                    <span class=\"u-text-custom-color-5\">8-<\/span>\n                    <span class=\"u-text-body-alt-color\">&nbsp;\u015fletmede, boyar maddeler kullan\u0131l\u0131yor ise; kullan\u0131lan boyar maddelerin isimlerini, kullan\u0131m yerlerini ve at\u0131k durumlar\u0131n\u0131 anlatan, d\u00fcz bir ka\u011f\u0131da haz\u0131rlanm\u0131\u015f ka\u015feli ve imzal\u0131 belge (noter tasdikli imza sirk\u00fcleri olan yetkili taraf\u0131ndan).Ayr\u0131ca, bu boyar maddelerin onay belgeleri (T.S.E., g\u00fcmr\u00fck giri\u015f belgeleri, v.s.).<\/span>\n                  <\/p>\n                  <p style=\"text-align: justify;\">\n                    <span class=\"u-text-body-alt-color\">\n                      <img src=\"https:\/\/www.ikome.com.tr\/wp-content\/uploads\/2022\/10\/Ced4.jpg\" width=\"300\" align=\"center\" style=\"width: 300px;\" class=\"fr-dii fr-fic fr-fil\">\n                    <\/span>\n                    <span class=\"u-text-custom-color-5\">9-<\/span>\n                    <span class=\"u-text-body-alt-color\">&nbsp;\u0130\u015fletmede, kimyasal madde kullan\u0131l\u0131yor ise; kullan\u0131lan kimyasal maddelerin isimlerini, kullan\u0131m yerlerini ve at\u0131k durumlar\u0131n\u0131 anlatan, d\u00fcz bir ka\u011f\u0131da haz\u0131rlanm\u0131\u015f ka\u015feli ve imzal\u0131 belge (noter tasdikli imza sirk\u00fcleri olan yetkili taraf\u0131ndan).Ayr\u0131ca, bu boyar maddelerin onay belgeleri (T.S.E., g\u00fcmr\u00fck giri\u015f belgeleri, v.s.).<\/span>\n                  <\/p>\n                  <p style=\"text-align: justify;\">\n                    <span class=\"u-text-custom-color-5\">10-<\/span>\n                    <span class=\"u-text-body-alt-color\">&nbsp;\u0130\u015fletmede, \u00fcretim sonucunda kat\u0131 at\u0131k olu\u015fuyor ise; bu kat\u0131 at\u0131klar\u0131n isimlerini ve kullan\u0131m yerlerini anlatan, d\u00fcz bir ka\u011f\u0131da haz\u0131rlanm\u0131\u015f ka\u015feli ve imzal\u0131 belge (noter tasdikli imza sirk\u00fcleri olan yetkili taraf\u0131ndan).Ayr\u0131ca, bu kat\u0131 at\u0131klar\u0131n ne \u015fekilde bertaraf edildi\u011fini g\u00f6steren belge (Fatura, teslim belgeleri, v.b.).<\/span>\n                  <\/p>\n                  <p style=\"text-align: justify;\">\n                    <span class=\"u-text-custom-color-5\">11-<\/span>\n                    <span class=\"u-text-body-alt-color\">&nbsp;\u0130\u015fletmede, at\u0131k ya\u011f \u00e7\u0131k\u0131yor ise; bu at\u0131klar\u0131n\u0131 \u00c7evre Bakanl\u0131\u011f\u0131ndan lisans alm\u0131\u015f firmalara teslim etti\u011fini g\u00f6steren Ulusal At\u0131k Ta\u015f\u0131ma Formu \u00f6rnekleri,<\/span>\n                  <\/p>\n                  <p style=\"text-align: justify;\">\n                    <span class=\"u-text-custom-color-5\">12-&nbsp;<\/span>\n                    <span class=\"u-text-body-alt-color\">\u0130\u015fletmeden, at\u0131k ya\u011f \u00e7\u0131kmas\u0131na ra\u011fmen, bu at\u0131klar lisasl\u0131 bir toplay\u0131c\u0131 firmaya verilmiyor ise; i\u015fletme, 21.01.2004 Tarihli Resmi Gazete\u2019de yay\u0131nlanan At\u0131k Ya\u011flar\u0131n Kontrol\u00fc Y\u00f6netmeli\u011fi h\u00fck\u00fcmlerine uyaca\u011f\u0131na dair, noter onayl\u0131 bir taah\u00fctname haz\u0131rlamak zorundad\u0131r.<\/span>\n                  <\/p>\n                  <p style=\"text-align: justify;\">\n                    <span class=\"u-text-custom-color-5\">NOT 1 :<\/span>\n                    <span class=\"u-text-body-alt-color\">&nbsp;At\u0131k ya\u011f toplayan lisansl\u0131 firmalara,&nbsp;<\/span>\n                    <span class=\"u-text-custom-color-4\" style=\"text-decoration: underline; font-weight: 600;\">&nbsp;<a href=\"https:\/\/cygm.csb.gov.tr\/yetkilendirmeler-ve-lisanslar-i-534\" rel=\"noopener noreferrer\" target=\"_blank\">https:\/\/cygm.csb.gov.tr\/yetkilendirmeler-ve-lisanslar-i-534<\/a> &nbsp;\n                    <\/span>\n                    <span class=\"u-text-body-alt-color\" style=\"text-decoration: underline; font-weight: 600;\">&nbsp;<a href=\"https:\/\/cygm.csb.gov.tr\/yetkilendirmeler-ve-lisanslar-i-534\" rel=\"noopener noreferrer\" target=\"_blank\"><\/a>&nbsp;\n                    <\/span>\n                    <span class=\"u-text-body-alt-color\">&nbsp;y\u00f6netimi daire ba\u015fkanl\u0131\u011f\u0131 linkinden ula\u015f\u0131labilir.<\/span>\n                  <\/p>\n                  <p style=\"text-align: justify;\">\n                    <span class=\"u-text-custom-color-5\">NOT 2 :<\/span>\n                    <span class=\"u-text-body-alt-color\">&nbsp;\u0130\u015fletmenin kurumumuza verece\u011fi taah\u00fctname, BUSK\u0130 At\u0131ksular\u0131n Kanalizasyona De\u015farj Y\u00f6netmeli\u011fi h\u00fck\u00fcmlerine g\u00f6re \u00fc\u00e7 ay ge\u00e7erlidir.\u0130\u015fletme \u00fc\u00e7 ay i\u00e7erisinde, lisansl\u0131 bir toplay\u0131c\u0131 firma ile anla\u015fmak zorundad\u0131r.<\/span>\n                  <\/p>\n                  <p style=\"text-align: justify;\">\n                    <span class=\"u-text-body-alt-color\">\n                      <img src=\"https:\/\/www.ikome.com.tr\/wp-content\/uploads\/2022\/10\/Ced5.jpg\" width=\"370\" align=\"center\" style=\"width: 370px;\" class=\"fr-dib fr-fic\">\n                    <\/span>\n                    <span class=\"u-text-custom-color-5\">NOT 3 :<\/span>\n                    <span class=\"u-text-body-alt-color\">&nbsp;At\u0131k ya\u011f \u00e7\u0131k\u0131\u015f\u0131 olmasa dahi, \u00fcretiminde veya makinelerinde ya\u011f kullanan t\u00fcm i\u015fletmeler bu taah\u00fctnameyi haz\u0131rlamak zorundad\u0131r.At\u0131k ya\u011f \u00e7\u0131k\u0131\u015f\u0131 olmad\u0131\u011f\u0131n\u0131 beyan eden i\u015fletme NOT 2\u2019de belirtilen h\u00fck\u00fcmden muaft\u0131r.Ancak, at\u0131k ya\u011f \u00e7\u0131k\u0131\u015f\u0131 olmad\u0131\u011f\u0131n\u0131 beyan eden ve denetimlerde at\u0131k ya\u011f \u00e7\u0131k\u0131\u015f\u0131 tespit edilen i\u015fletmelere, BUSK\u0130 At\u0131ksular\u0131n Kanalizasyona De\u015farj Y\u00f6netmeli\u011fi h\u00fck\u00fcmlerinde belirtilen cezai i\u015flemler uygulan\u0131p, At\u0131ksu De\u015farj Ruhsatlar\u0131 iptal edilir.<\/span>\n                  <\/p>\n                  <p style=\"text-align: justify;\">\n                    <span class=\"u-text-custom-color-5\">13-<\/span>\n                    <span class=\"u-text-body-alt-color\">&nbsp;Resmi bir kurumdan al\u0131nm\u0131\u015f debi \u00f6l\u00e7\u00fcm sonucu.<\/span>\n                  <\/p>\n                  <p style=\"text-align: justify;\">\n                    <span class=\"u-text-custom-color-5\">14<\/span>\n                    <span class=\"u-text-custom-color-5\">-<\/span>\n                    <span class=\"u-text-body-alt-color\">&nbsp;\u0130\u015fletmenin, at\u0131ksu de\u015farj ortam\u0131 fosseptik ise, fossepti\u011fin s\u0131zd\u0131rmaz oldu\u011funu g\u00f6steren belge (vidanj\u00f6r \u00e7ekim faturalar\u0131, onayl\u0131 fosseptik projesi, v.b.)<\/span>\n                  <\/p>\n                  <p style=\"text-align: justify;\">\n                    <span class=\"u-text-custom-color-5\">15-<\/span>\n                    <span class=\"u-text-body-alt-color\">&nbsp;\u0130\u015fletmede kullan\u0131lan end\u00fcstriyel ya\u011flar\u0131n isimlerini, kullan\u0131m yerlerini ve bu ya\u011flar\u0131n at\u0131k durumlar\u0131n\u0131 anlatan, d\u00fcz bir ka\u011f\u0131da haz\u0131rlanm\u0131\u015f ka\u015feli ve imzal\u0131 (noter tasdikli imza sirk\u00fcleri olan yetkili taraf\u0131ndan) belge.<\/span>\n                  <\/p>\n                  <p style=\"text-align: justify;\">\n                    <span class=\"u-text-custom-color-5\">16-<\/span>\n                    <span class=\"u-text-body-alt-color\">&nbsp;Sanayi B\u00f6lgeleri, ortak kurulu\u015f ve te\u015febb\u00fcsler; i\u00e7lerinde faaliyet g\u00f6steren i\u015fyerlerinin isimlerini, adreslerini ve sekt\u00f6rlerini belirten bir tablo haz\u0131rlamak zorundad\u0131rlar.<\/span>\n                  <\/p>\n                  <p style=\"text-align: justify;\">\n                    <span class=\"u-text-custom-color-5\">NOT :<\/span>\n                    <span class=\"u-text-body-alt-color\">&nbsp;Yukar\u0131da belirtilen evraklar\u0131, organize san.b\u00f6l., k\u00fc\u00e7\u00fck san.sit., kooperatif, v.b. ortak te\u015febb\u00fcsler, i\u00e7lerinde faaliyet g\u00f6steren t\u00fcm i\u015fyerlerinin bilgilerini i\u00e7erecek \u015fekilde haz\u0131rlamak zorundad\u0131rlar<\/span>\n                  <\/p>\n                  <p>\n                    <span class=\"u-text-custom-color-5\">TEHL\u0130KEL\u0130 ATIK \u0130ZN\u0130<\/span>\n                  <\/p>\n                  <p>\n                    <span class=\"u-text-custom-color-5\">\u00c7evre ve Orman Bakanl\u0131\u011f\u0131ndan: Tehlikeli At\u0131klar\u0131n Kontrol\u00fc Y\u00f6netmeli\u011fi AMACI;<\/span>\n                  <\/p>\n                  <p style=\"text-align: justify;\">\n                    <span class=\"u-text-custom-color-5\">Madde 1 \u2013<\/span>\n                    <span class=\"u-text-body-alt-color\">&nbsp;Bu Y\u00f6netmeli\u011fin amac\u0131, tehlikeli at\u0131klar\u0131n, \u00fcretiminden nihai bertaraf\u0131na kadar; a) \u0130nsan sa\u011fl\u0131\u011f\u0131na ve \u00e7evreye zarar verecek \u015fekilde do\u011frudan veya dolayl\u0131 bi\u00e7imde al\u0131c\u0131 ortama verilmesinin \u00f6nlenmesine, b) \u00dcretiminin ve ta\u015f\u0131nmas\u0131n\u0131n kontrol\u00fcn\u00fcn sa\u011flanmas\u0131na, c) \u0130thalinin yasaklanmas\u0131na ve ihracat\u0131n\u0131n kontrol\u00fcne, d) Y\u00f6netiminde gerekli teknik ve idari standartlar\u0131n sa\u011flanmas\u0131na, e) \u00dcretiminin kayna\u011f\u0131nda en aza indirilmesine, f) \u00dcretiminin ka\u00e7\u0131n\u0131lmaz oldu\u011fu durumlarda, \u00fcretildi\u011fi yere en yak\u0131n mesafede bertaraf edilmesine, g) Yeterli bertaraf tesisi kurulmas\u0131 ve bu tesislerin \u00e7evresel bak\u0131mdan sa\u011fl\u0131kl\u0131 bir \u015fekilde kontrol\u00fcne, h) \u00c7evreyle uyumlu y\u00f6netiminin sa\u011flanmas\u0131na, y\u00f6nelik prensip, politika ve programlar\u0131n belirlenmesi i\u00e7in hukuki ve teknik esaslar\u0131 kapsar.<\/span>\n                  <\/p>\n                  <p>\n                    <span class=\"u-text-custom-color-5\">TEHL\u0130KEL\u0130 ATIK GE\u00c7\u0130C\u0130 DEPOLAMA \u0130ZN\u0130<\/span>\n                  <\/p>\n                  <p style=\"text-align: left;\">\n                    <span class=\"u-text-custom-color-5\">Kurum Ad\u0131:<\/span>\n                    <span class=\"u-text-body-alt-color\">&nbsp;\u0130l \u00c7evre ve Orman M\u00fcd\u00fcrl\u00fc\u011f\u00fc<\/span>\n                  <\/p>\n                  <p style=\"text-align: justify;\">\n                    <span class=\"u-text-custom-color-5\">K\u0131sa Bilgi :<\/span>\n                    <span class=\"u-text-body-alt-color\">&nbsp;Tehlikeli At\u0131klar\u0131n Kontrol\u00fc Y\u00f6netmeli\u011fi, At\u0131k \u00dcreticisinin Y\u00fck\u00fcml\u00fcl\u00fckleri ba\u015fl\u0131kl\u0131 9. Maddesi ( l ) ve ( m ) bentleri gere\u011fince, tehlikeli at\u0131k \u00fcreten firmalar tehlikeli at\u0131klar\u0131n\u0131 ge\u00e7ici depolamak \u00fczere gerekli \u00f6nlemleri alarak, a\u015fa\u011f\u0131da belirtilen \u00f6zelliklere sahip bir at\u0131k sahas\u0131 olu\u015fturmak zorundad\u0131r. Ayl\u0131k tehlikeli at\u0131k \u00fcretimi 1000 kg\u2019 \u0131 a\u015fmayan firmalar izin almaks\u0131z\u0131n 6 ay s\u00fcre ile at\u0131klar\u0131n\u0131 ge\u00e7ici olarak depolayabilmektedir. Ayl\u0131k 1000 kg\u2019dan fazla tehlikeli at\u0131k \u00fcreten firmalar ise Valilik\u2019ten (\u0130l \u00c7evre ve Orman M\u00fcd\u00fcrl\u00fc\u011f\u00fc) Tehlikeli At\u0131k Ge\u00e7ici Depolama \u0130zni almak zorundad\u0131rlar.<\/span>\n                  <\/p>\n                  <p>\n                    <span class=\"u-text-custom-color-5\">Ba\u015fvuru Ko\u015fullar\u0131: Ayl\u0131k 1000 kg\u2019dan fazla tehlikeli at\u0131k \u00fcretmek<\/span>\n                  <\/p>\n                  <p style=\"text-align: justify;\">\n                    <span class=\"u-text-custom-color-5\">Gerekli Belgeler:<\/span>\n                    <span class=\"u-text-body-alt-color\">&nbsp;Tehlikeli At\u0131k Ge\u00e7ici Depolama Sahas\u0131 Olu\u015fturulurken&nbsp;<\/span>\n                  <\/p>\n                  <p style=\"text-align: justify;\">\n                    <span class=\"u-text-custom-color-5\">1.<\/span>\n                    <span class=\"u-text-body-alt-color\">At\u0131klar\u0131, en az 6 ay s\u00fcreli depolayabilecek kapasiteye sahip,<\/span>\n                  <\/p>\n                  <p style=\"text-align: justify;\">\n                    <span class=\"u-text-custom-color-5\">2.<\/span>\n                    <span class=\"u-text-body-alt-color\">&nbsp;Taban ge\u00e7irimsizli\u011fi sa\u011flanm\u0131\u015f, beton zemin \u00fczerinde,&nbsp;<\/span>\n                  <\/p>\n                  <p style=\"text-align: justify;\">\n                    <span class=\"u-text-custom-color-5\">3.<\/span>\n                    <span class=\"u-text-body-alt-color\">&nbsp;D\u0131\u015far\u0131dan gelebilecek etkilere kar\u015f\u0131 korunakl\u0131 (\u00fczeri kapal\u0131 ve etraf\u0131 \u00e7evrili)&nbsp;<\/span>\n                  <\/p>\n                  <p style=\"text-align: justify;\">\n                    <span class=\"u-text-custom-color-5\">4.<\/span>\n                    <span class=\"u-text-body-alt-color\">&nbsp;D\u00f6k\u00fclme ve s\u0131zmalara kar\u015f\u0131 toplaman\u0131n yap\u0131laca\u011f\u0131 drenaj kanal\u0131na sahip ( drenaj kanal\u0131n\u0131n s\u0131zd\u0131rmaz bir havuz yada tanka ba\u011flant\u0131s\u0131n\u0131n bulunmas\u0131) ve ayn\u0131 ama\u00e7l\u0131 absorban malzemenin haz\u0131r bulunaca\u011f\u0131,&nbsp;<\/span>\n                  <\/p>\n                  <p style=\"text-align: justify;\">\n                    <span class=\"u-text-custom-color-5\">5.&nbsp;<\/span>\n                    <span class=\"u-text-body-alt-color\">Herhangi bir yang\u0131na an\u0131nda m\u00fcdahele i\u00e7in at\u0131k \u00f6zelliklerine uygun yang\u0131n s\u00f6nd\u00fcr\u00fcc\u00fclerin olaca\u011f\u0131,&nbsp;<\/span>\n                  <\/p>\n                  <p style=\"text-align: justify;\">\n                    <span class=\"u-text-custom-color-5\">6.<\/span>\n                    <span class=\"u-text-body-alt-color\">&nbsp;At\u0131klar\u0131n uygun konteyner veya varillerde, a\u011f\u0131zlar\u0131 kapal\u0131 \u015fekilde tutulaca\u011f\u0131,&nbsp;<\/span>\n                  <\/p>\n                  <p style=\"text-align: justify;\">\n                    <span class=\"u-text-custom-color-5\">7.<\/span>\n                    <span class=\"u-text-body-alt-color\">&nbsp;Konteynerlerin \u00fczerinin uygun etiketli olaca\u011f\u0131, at\u0131k cinsi, miktar\u0131 ve depolama tarihini belirtir)&nbsp;<\/span>\n                  <\/p>\n                  <p style=\"text-align: justify;\">\n                    <span class=\"u-text-custom-color-5\">8.<\/span>\n                    <span class=\"u-text-body-alt-color\">&nbsp;Sahan\u0131n tehlikeli at\u0131k sahas\u0131 oldu\u011funu belirtir bir levhan\u0131n olaca\u011f\u0131,Bir saha olarak haz\u0131rlanmal\u0131d\u0131r.<\/span>\n                  <\/p>\n                  <p style=\"text-align: justify;\">\n                    <span class=\"u-text-custom-color-5\">\u0130\u015flem Ad\u0131mlar\u0131 :&nbsp;<\/span>\n                  <\/p>\n                  <p style=\"text-align: justify;\">\n                    <span class=\"u-text-custom-color-5\">1.<\/span>\n                    <span class=\"u-text-body-alt-color\">&nbsp;Ba\u015fvuru,&nbsp;<img src=\"https:\/\/www.ikome.com.tr\/wp-content\/uploads\/2022\/10\/Ced6.jpg\" width=\"300\" align=\"center\" style=\"width: 300px;\" class=\"fr-dii fr-fic fr-fir\">\n                    <\/span>\n                  <\/p>\n                  <p style=\"text-align: justify;\">\n                    <span class=\"u-text-custom-color-5\">2.<\/span>\n                    <span class=\"u-text-body-alt-color\">&nbsp;Depolama alan\u0131n\u0131n incelenmesi,&nbsp;<\/span>\n                  <\/p>\n                  <p style=\"text-align: justify;\">\n                    <span class=\"u-text-custom-color-5\">3.&nbsp;<\/span>\n                    <span class=\"u-text-body-alt-color\">Mevcut eksikliklerin giderilmesi,&nbsp;<\/span>\n                  <\/p>\n                  <p style=\"text-align: justify;\">\n                    <span class=\"u-text-custom-color-5\">4.<\/span>\n                    <span class=\"u-text-body-alt-color\">&nbsp;Uygun bulundu\u011fu takdirde izin verilmesi<\/span>\n                  <\/p>\n                  <p>\n                    <span class=\"u-text-custom-color-5\">G\u00dcR\u00dcLT\u00dc \u0130ZN\u0130<\/span>\n                  <\/p>\n                  <p style=\"text-align: justify;\">\n                    <span class=\"u-text-body-alt-color\">&nbsp; &nbsp; &nbsp;G\u00fcr\u00fclt\u00fc Kontrol \u0130zni\u2019ne tabi tesisler \u00c7evresel G\u00fcr\u00fclt\u00fcn\u00fcn De\u011ferlendirilmesi ve Y\u00f6netimi Y\u00f6netmeli\u011fi(\u00c7GDYY) Liste A ve B\u2019de belirilmi\u015ftir. S\u00f6z konusu bu tesisler gerekli g\u00fcr\u00fclt\u00fc \u00f6l\u00e7\u00fcmlerini yapt\u0131rarak G\u00fcr\u00fclt\u00fc Kontrol izin Belgesi almak zorundad\u0131r.<\/span>\n                  <\/p>\n                  <p style=\"text-align: justify;\">\n                    <span class=\"u-text-body-alt-color\">&nbsp; &nbsp; \u00c7evre ve Orman Bakanl\u0131\u011f\u0131\u2019n\u0131n \u00c7evresel G\u00fcr\u00fclt\u00fcn\u00fcn De\u011ferlendirilmesi ve Y\u00f6netimi Y\u00f6netmeli\u011fine g\u00f6re g\u00fcr\u00fclt\u00fc iznine tabi tesisler.<\/span>\n                  <\/p>\n                  <p style=\"text-align: justify;\">\n                    <span class=\"u-text-custom-color-5\">1. Enerji End\u00fcstrisi:<\/span>\n                    <span class=\"u-text-body-alt-color\">&nbsp;<\/span>\n                  <\/p>\n                  <p style=\"text-align: justify;\">\n                    <span class=\"u-text-body-alt-color\">&nbsp; &nbsp; &nbsp;1.1. 300 MW \u00fczeri toplam anma \u0131s\u0131l g\u00fcc\u00fc olan elektrik, \u0131s\u0131, buhar ya da s\u0131cak su \u00fcretme tesisleri dahil olmak \u00fczere termik santraller ve di\u011fer yakma tesisleri, 50 MW (dahil)- 300 MW toplam anma \u0131s\u0131l g\u00fcc\u00fc olan elektrik, \u0131s\u0131, buhar ya da s\u0131cak su \u00fcretme tesisleri dahil olmak \u00fczere termik santraller ve di\u011fer yakma tesisleri,<\/span>\n                  <\/p>\n                  <p style=\"text-align: justify;\">\n                    <span class=\"u-text-body-alt-color\">&nbsp; &nbsp;&nbsp;<\/span>\n                    <span class=\"u-text-custom-color-5\">&nbsp; 1.2.&nbsp;<\/span>\n                    <span class=\"u-text-body-alt-color\">Petrol ve gaz rafinerileri,&nbsp;<\/span>\n                  <\/p>\n                  <p style=\"text-align: justify;\">\n                    <span class=\"u-text-body-alt-color\">&nbsp; &nbsp; &nbsp;<\/span>\n                    <span class=\"u-text-custom-color-5\">1.3.<\/span>\n                    <span class=\"u-text-body-alt-color\">&nbsp;Kok f\u0131r\u0131nlar\u0131,&nbsp;<\/span>\n                  <\/p>\n                  <p style=\"text-align: justify;\">\n                    <span class=\"u-text-body-alt-color\">&nbsp; &nbsp; &nbsp;<\/span>\n                    <span class=\"u-text-custom-color-5\">1.4.<\/span>\n                    <span class=\"u-text-body-alt-color\">&nbsp;K\u00f6m\u00fcr gazla\u015ft\u0131rma ve s\u0131v\u0131la\u015ft\u0131rma tesisleri, 500 ton\/g\u00fcn veya \u00fczerindeki kapasitedeki ta\u015f k\u00f6m\u00fcr\u00fc, linyit, odun, turba, koyu katran ve benzeri maddeleri kullanan kuru dam\u0131tma tesisleri (Kokla\u015ft\u0131rma, gazla\u015ft\u0131rma, u\u00e7ucu maddeleri alma, vs.). Odun k\u00f6m\u00fcr\u00fc \u00fcretimi hari\u00e7. 500 ton\/g\u00fcn\u2019\u00fcn alt\u0131ndaki kapasitede ta\u015f k\u00f6m\u00fcr\u00fc, linyit, odun, turba, koyu katran ve benzeri maddeleri kullanan kuru dam\u0131tma tesisleri (Kokla\u015ft\u0131rma, gazla\u015ft\u0131rma, u\u00e7ucu maddeleri alma, vs.). Odun k\u00f6m\u00fcr\u00fc \u00fcretimi hari\u00e7.<\/span>\n                  <\/p>\n                  <p style=\"text-align: justify;\">\n                    <span class=\"u-text-custom-color-5\">2. Metal \u00dcretimi ve \u0130\u015flenmesi :<\/span>\n                    <span class=\"u-text-body-alt-color\">\n                      <img src=\"https:\/\/www.ikome.com.tr\/wp-content\/uploads\/2022\/10\/ced7.jpg\" width=\"300\" align=\"center\" style=\"width: 300px;\" class=\"fr-dii fr-fic fr-fir\">\n                    <\/span>\n                  <\/p>\n                  <p style=\"text-align: justify;\">\n                    <span class=\"u-text-body-alt-color\">&nbsp; &nbsp; &nbsp;<\/span>\n                    <span class=\"u-text-custom-color-5\">2.1.<\/span>\n                    <span class=\"u-text-body-alt-color\">&nbsp;Metal cevheri f\u0131r\u0131nlama veya sinterleme tesisleri (s\u00fclf\u00fcr cevheri dahil),<\/span>\n                  <\/p>\n                  <p style=\"text-align: justify;\">\n                    <span class=\"u-text-body-alt-color\">&nbsp; &nbsp;&nbsp;<\/span>\n                    <span class=\"u-text-custom-color-5\">&nbsp;2.2.<\/span>\n                    <span class=\"u-text-body-alt-color\">&nbsp;10 ton\/saat \u00fczerinde \u00fcretim kapasitesine sahip kesintisiz d\u00f6k\u00fcm tesislerini de i\u00e7eren pik demir veya \u00e7elik \u00fcretimi (birincil ve ikincil ergitme) i\u00e7in entegre tesisler 2,5-10 ton\/saat aras\u0131nda \u00fcretim kapasitesine sahip kesintisiz d\u00f6k\u00fcm tesislerini de i\u00e7eren pik demir veya \u00e7elik \u00fcretimi (birincil ve ikincil ergitme) i\u00e7in entegre tesisler<\/span>\n                  <\/p>\n                  <p style=\"text-align: justify;\">\n                    <span class=\"u-text-body-alt-color\">&nbsp; &nbsp;&nbsp;<\/span>\n                    <span class=\"u-text-custom-color-5\">&nbsp;2.3.<\/span>\n                    <span class=\"u-text-body-alt-color\">&nbsp;Demir veya \u00e7elik i\u015fleme tesisleri: 2.3.1. Saatte 60 tondan fazla \u00e7elik i\u015fleyen s\u0131cak haddeleme tesisleri Saatte 20 \u2013 60 ton aras\u0131 \u00e7elik i\u015fleyen s\u0131cak haddeleme tesisleri; 2.3.2. Is\u0131l g\u00fcc\u00fcn 20 MW\u2019\u0131 a\u015ft\u0131\u011f\u0131 durumda birim g\u00fcc\u00fcn 50 kJ\u2019den fazla oldu\u011fu \u015fahmerdanl\u0131 veya tokmakl\u0131 tesisler; 2.3.3. Saatte 2 ton\u2019dan fazla i\u015fleme kapasitesi olan demir ve \u00e7eli\u011fin eritilmi\u015f metal (\u00e7inko, kalay ve di\u011ferleri) ile koruyucu y\u00fczey kaplama uygulamas\u0131,<\/span>\n                  <\/p>\n                  <p style=\"text-align: justify;\">\n                    <span class=\"u-text-body-alt-color\">&nbsp; &nbsp;&nbsp;<\/span>\n                    <span class=\"u-text-custom-color-5\">&nbsp;2.4.<\/span>\n                    <span class=\"u-text-body-alt-color\">&nbsp;150 ton\/g\u00fcn\u2019den fazla \u00fcretim kapasitesine sahip olan demir ve \u00e7eli\u011fin d\u00f6k\u00fcld\u00fc\u011f\u00fc d\u00f6k\u00fcmhaneler, 20-150 ton\/g\u00fcn aras\u0131nda \u00fcretim kapasitesine sahip olan demir ve \u00e7eli\u011fin d\u00f6k\u00fcld\u00fc\u011f\u00fc d\u00f6k\u00fcmhaneler,<\/span>\n                  <\/p>\n                  <p style=\"text-align: justify;\">\n                    <span class=\"u-text-body-alt-color\">&nbsp; &nbsp; &nbsp;<\/span>\n                    <span class=\"u-text-custom-color-5\">2.5.<\/span>\n                    <span class=\"u-text-body-alt-color\">&nbsp;A\u015fa\u011f\u0131daki uygulamalara y\u00f6nelik tesisler: 2.5.1. Cevherden, konsantreden ya da ikincil hammaddelerden metal\u00fcrjik, kimyasal veya elektrolitik prosesler ile demir i\u00e7ermeyen ham metal \u00fcretim tesisleri, 2.5.2. Kur\u015fun ve kadmiyum i\u00e7in g\u00fcnde 8 tondan fazla ya da di\u011fer b\u00fct\u00fcn metaller i\u00e7in g\u00fcnde 40 tondan fazla ergitme kapasiteli geri kazan\u0131lm\u0131\u015f \u00fcr\u00fcnleri de i\u00e7eren (rafine etme, d\u00f6k\u00fcm vb.) ala\u015f\u0131mlar dahil demir i\u00e7ermeyen metal ergitme ve\/veya bile\u015fiklerinin imali tesisleri, Kur\u015fun ve kadmiyum i\u00e7in 4-8 ton\/g\u00fcn aras\u0131nda, di\u011fer b\u00fct\u00fcn metaller i\u00e7in 20-40 ton\/g\u00fcn aras\u0131nda ergitme kapasiteli geri kazan\u0131lm\u0131\u015f \u00fcr\u00fcnleri de i\u00e7eren (rafine etme, d\u00f6k\u00fcm vb.) ala\u015f\u0131mlar dahil demir i\u00e7ermeyen metal ergitme ve\/veya bile\u015fiklerinin imali tesisleri,<\/span>\n                  <\/p>\n                  <p style=\"text-align: justify;\">\n                    <span class=\"u-text-body-alt-color\">&nbsp; &nbsp; &nbsp;<\/span>\n                    <span class=\"u-text-custom-color-5\">2.6.&nbsp;<\/span>\n                    <span class=\"u-text-body-alt-color\">\u0130\u015fleme tanklar\u0131n\u0131n hacminin 30 m\u00b3\u2019den fazla oldu\u011fu, elektrolitik veya kimyasal bir proses kullan\u0131larak metal ve plastik maddelerin y\u00fczey i\u015flemesinin yap\u0131ld\u0131\u011f\u0131 tesisler,<\/span>\n                  <\/p>\n                  <p style=\"text-align: justify;\">\n                    <span class=\"u-text-custom-color-5\">3. Mineral, \u0130n\u015faat Malzemeleri End\u00fcstrisi:<\/span>\n                  <\/p>\n                  <p style=\"text-align: justify;\">\n                    <span class=\"u-text-body-alt-color\">&nbsp; &nbsp;&nbsp;<\/span>\n                    <span class=\"u-text-custom-color-5\">&nbsp;3.1.<\/span>\n                    <span class=\"u-text-body-alt-color\">&nbsp;Asbest ve asbest i\u00e7eren \u00fcr\u00fcnleri \u00e7\u0131karma, \u00fcretme, i\u015fleme, d\u00f6n\u00fc\u015f\u00fcm tesisleri<\/span>\n                  <\/p>\n                  <p style=\"text-align: justify;\">\n                    <span class=\"u-text-body-alt-color\">&nbsp; &nbsp; &nbsp;<\/span>\n                    <span class=\"u-text-custom-color-5\">3.2.<\/span>\n                    <span class=\"u-text-body-alt-color\">&nbsp;G\u00fcnl\u00fck kapasitesi 500 tondan fazla olan d\u00f6ner f\u0131r\u0131nlarda \u00e7imento klinkeri \u00fcretme tesisleri,<\/span>\n                  <\/p>\n                  <p style=\"text-align: justify;\">\n                    <span class=\"u-text-body-alt-color\">&nbsp; &nbsp; &nbsp;<\/span>\n                    <span class=\"u-text-custom-color-5\">3.3.<\/span>\n                    <span class=\"u-text-body-alt-color\">&nbsp;G\u00fcnl\u00fck kapasitesi 50 tondan fazla olan d\u00f6ner f\u0131r\u0131nlarda ya da di\u011fer f\u0131r\u0131nlarda kire\u00e7 \u00fcretme tesisleri<\/span>\n                  <\/p>\n                  <p style=\"text-align: justify;\">\n                    <span class=\"u-text-body-alt-color\">&nbsp; &nbsp;&nbsp;<\/span>\n                    <span class=\"u-text-custom-color-5\">&nbsp;3.4.<\/span>\n                    <span class=\"u-text-body-alt-color\">&nbsp;Eritme kapasitesi g\u00fcnde 20 tondan fazla olan cam elyaf dahil, cam \u00fcretme tesisleri<\/span>\n                  <\/p>\n                  <p style=\"text-align: justify;\">\n                    <span class=\"u-text-body-alt-color\">&nbsp; &nbsp; &nbsp;<\/span>\n                    <span class=\"u-text-custom-color-5\">3.5.<\/span>\n                    <span class=\"u-text-body-alt-color\">&nbsp;Ergitme kapasitesi g\u00fcnde 20 tondan fazla olan mineral elyaf \u00fcretimi de dahil, mineral madde ergitme tesisleri<\/span>\n                  <\/p>\n                  <p style=\"text-align: justify;\">\n                    <span class=\"u-text-body-alt-color\">&nbsp; &nbsp; &nbsp;<\/span>\n                    <span class=\"u-text-custom-color-5\">3.6.<\/span>\n                    <span class=\"u-text-body-alt-color\">&nbsp;\u00dcretim kapasitesi g\u00fcnde 75 tondan fazla olan \u00e7at\u0131 kiremidi, tu\u011fla, refrakter tu\u011fla kiremit, fayans ve porselen gibi seramik \u00fcr\u00fcnlerinin \u0131s\u0131l i\u015flemle elde edildi\u011fi tesisler<\/span>\n                  <\/p>\n                  <p style=\"text-align: justify;\">\n                    <span class=\"u-text-custom-color-5\">4.&nbsp;<\/span>\n                    <span class=\"u-text-body-alt-color\">Kimya ve Petrokimya End\u00fcstrisi :<img src=\"https:\/\/www.ikome.com.tr\/wp-content\/uploads\/2022\/10\/ced8.jpg\" width=\"370\" align=\"center\" style=\"width: 370px;\" class=\"fr-dii fr-fic fr-fil\">\n                    <\/span>\n                  <\/p>\n                  <p style=\"text-align: justify;\">\n                    <span class=\"u-text-body-alt-color\">&nbsp; &nbsp; &nbsp;<\/span>\n                    <span class=\"u-text-custom-color-5\">4.1.&nbsp;<\/span>\n                    <span class=\"u-text-body-alt-color\">Entegre kimya tesisleri, \u00f6rne\u011fin, \u00e7e\u015fitli \u00fcnitelerin biti\u015fik ve fonksiyonel olarak birbirine ba\u011fl\u0131 oldu\u011fu, kimyasal d\u00f6n\u00fc\u015ft\u00fcrme proseslerini kullanarak end\u00fcstriyel \u00f6l\u00e7ekte (100 ton\/g\u00fcn ve \u00fczeri) \u00fcretim yapan tesisler. Entegre kimya tesisleri, \u00f6rne\u011fin, \u00e7e\u015fitli \u00fcnitelerin biti\u015fik ve fonksiyonel olarak birbirine ba\u011fl\u0131 oldu\u011fu, kimyasal d\u00f6n\u00fc\u015ft\u00fcrme proseslerini kullanarak 100 ton\/g\u00fcn\u2019den az kapasiteyle \u00fcretim yapan tesisler.<\/span>\n                  <\/p>\n                  <p style=\"text-align: justify;\">\n                    <span class=\"u-text-body-alt-color\">&nbsp; &nbsp; &nbsp; &nbsp; &nbsp;&nbsp;<\/span>\n                    <span class=\"u-text-custom-color-5\">4.1.1.<\/span>\n                    <span class=\"u-text-body-alt-color\">&nbsp;Temel organik kimyasallar\u0131n \u00fcretimi:&nbsp;<\/span>\n                  <\/p>\n                  <p style=\"text-align: justify;\">\n                    <span class=\"u-text-body-alt-color\">&nbsp; &nbsp; &nbsp; &nbsp; &nbsp;<\/span>\n                    <span class=\"u-text-custom-color-5\">a)<\/span>\n                    <span class=\"u-text-body-alt-color\">&nbsp;Basit hidrokarbonlar (lineer veya d\u00f6ng\u00fcsel, doymu\u015f veya doymam\u0131\u015f, alifatik veya aromatik);&nbsp;<\/span>\n                  <\/p>\n                  <p style=\"text-align: justify;\">\n                    <span class=\"u-text-body-alt-color\">&nbsp; &nbsp; &nbsp; &nbsp;<\/span>\n                    <span class=\"u-text-custom-color-5\">&nbsp;b)<\/span>\n                    <span class=\"u-text-body-alt-color\">&nbsp;Alkoller, aldehitler, ketonler, karboksilik asitler, esterler, asetatlar, peroksitler ve epoksi re\u00e7ineler gibi oksijen i\u00e7eren hidrokarbonlar;&nbsp;<\/span>\n                  <\/p>\n                  <p style=\"text-align: justify;\">\n                    <span class=\"u-text-body-alt-color\">&nbsp; &nbsp; &nbsp; &nbsp;&nbsp;<\/span>\n                    <span class=\"u-text-custom-color-5\">&nbsp;c)<\/span>\n                    <span class=\"u-text-body-alt-color\">&nbsp;K\u00fck\u00fcrtl\u00fc hidrokarbonlar;&nbsp;<\/span>\n                  <\/p>\n                  <p style=\"text-align: justify;\">\n                    <span class=\"u-text-body-alt-color\">&nbsp; &nbsp; &nbsp;<\/span>\n                    <span class=\"u-text-custom-color-5\">\u00e7)<\/span>\n                    <span class=\"u-text-body-alt-color\">&nbsp;Aminler, amidler, azotlu, nitritli ve nitratl\u0131 bile\u015fikler, nitriller, siyanitler ve iso siyanitler gibi azot i\u00e7eren hidrokarbonlar;&nbsp;<\/span>\n                  <\/p>\n                  <p style=\"text-align: justify;\">\n                    <span class=\"u-text-body-alt-color\">&nbsp; &nbsp; &nbsp; &nbsp; &nbsp;<\/span>\n                    <span class=\"u-text-custom-color-5\">d)&nbsp;<\/span>\n                    <span class=\"u-text-body-alt-color\">Fosfor i\u00e7eren hidrokarbonlar;&nbsp;<\/span>\n                  <\/p>\n                  <p style=\"text-align: justify;\">\n                    <span class=\"u-text-body-alt-color\">&nbsp; &nbsp; &nbsp; &nbsp; &nbsp;<\/span>\n                    <span class=\"u-text-custom-color-5\">e)<\/span>\n                    <span class=\"u-text-body-alt-color\">&nbsp;Halojenik hidrokarbonlar;&nbsp;<\/span>\n                  <\/p>\n                  <p style=\"text-align: justify;\">\n                    <span class=\"u-text-body-alt-color\">&nbsp; &nbsp; &nbsp; &nbsp; &nbsp;&nbsp;<\/span>\n                    <span class=\"u-text-custom-color-5\">f)<\/span>\n                    <span class=\"u-text-body-alt-color\">&nbsp;Organometalik bile\u015fikler;<\/span>\n                  <\/p>\n                  <p style=\"text-align: justify;\">\n                    <span class=\"u-text-body-alt-color\">&nbsp; &nbsp; &nbsp; &nbsp;&nbsp;<\/span>\n                    <span class=\"u-text-custom-color-5\">&nbsp;g)<\/span>\n                    <span class=\"u-text-body-alt-color\">&nbsp;Temel plastik maddeler (polimerler, sentetik elyaflar ve seluloz bazl\u0131 elyaflar);&nbsp;<\/span>\n                  <\/p>\n                  <p style=\"text-align: justify;\">\n                    <span class=\"u-text-body-alt-color\">&nbsp; &nbsp; &nbsp; &nbsp; &nbsp;<\/span>\n                    <span class=\"u-text-custom-color-5\">\u011f)<\/span>\n                    <span class=\"u-text-body-alt-color\">&nbsp;Sentetik kau\u00e7uk;&nbsp;<\/span>\n                  <\/p>\n                  <p style=\"text-align: justify;\">\n                    <span class=\"u-text-body-alt-color\">&nbsp; &nbsp; &nbsp; &nbsp;&nbsp;<\/span>\n                    <span class=\"u-text-custom-color-5\">&nbsp;h)<\/span>\n                    <span class=\"u-text-body-alt-color\">&nbsp;Boya ve pigmentler;&nbsp;<\/span>\n                  <\/p>\n                  <p style=\"text-align: justify;\">\n                    <span class=\"u-text-body-alt-color\">&nbsp; &nbsp; &nbsp; &nbsp; &nbsp;<\/span>\n                    <span class=\"u-text-custom-color-5\">I)<\/span>\n                    <span class=\"u-text-body-alt-color\">&nbsp;Y\u00fczey aktif maddeler;<\/span>\n                  <\/p>\n                  <p style=\"text-align: justify;\">\n                    <span class=\"u-text-body-alt-color\">&nbsp; &nbsp; &nbsp;<\/span>\n                    <span class=\"u-text-custom-color-5\">4.1.2.<\/span>\n                    <span class=\"u-text-body-alt-color\">&nbsp;Temel inorganik kimyasallar\u0131n \u00fcretimi:<\/span>\n                  <\/p>\n                  <p style=\"text-align: justify;\">\n                    <span class=\"u-text-body-alt-color\">&nbsp; &nbsp; &nbsp; &nbsp;&nbsp;<\/span>\n                    <span class=\"u-text-custom-color-5\">&nbsp;a)<\/span>\n                    <span class=\"u-text-body-alt-color\">&nbsp;Amonyak, klor ya da hidrojen klor\u00fcr, flor ya da hidrojen flor\u00fcr, karbon oksitler, k\u00fck\u00fcrt bile\u015fikleri, azot oksitler, hidrojen, k\u00fck\u00fcrt di oksit, karbonil klor\u00fcr gibi gazlar;&nbsp;<\/span>\n                  <\/p>\n                  <p style=\"text-align: justify;\">\n                    <span class=\"u-text-body-alt-color\">&nbsp; &nbsp; &nbsp; &nbsp; &nbsp; &nbsp;<\/span>\n                    <span class=\"u-text-custom-color-5\">&nbsp;b)<\/span>\n                    <span class=\"u-text-body-alt-color\">&nbsp;Kromik asit, hidroflorik asit, fosforik asit, nitrik asit, hidroklorik asit, s\u00fclf\u00fcrik asit, oleum ve k\u00fck\u00fcrtl\u00fc asitler gibi asitler;&nbsp;<\/span>\n                  <\/p>\n                  <p style=\"text-align: justify;\">\n                    <span class=\"u-text-body-alt-color\">&nbsp; &nbsp; &nbsp; &nbsp; &nbsp; &nbsp;&nbsp;<\/span>\n                    <span class=\"u-text-custom-color-5\">c)<\/span>\n                    <span class=\"u-text-body-alt-color\">&nbsp;Amonyum hidroksit, potasyum hidroksit, sodyum hidroksit gibi bazlar;&nbsp;<\/span>\n                  <\/p>\n                  <p style=\"text-align: justify;\">\n                    <span class=\"u-text-body-alt-color\">&nbsp; &nbsp; &nbsp; &nbsp; &nbsp;<\/span>\n                    <span class=\"u-text-custom-color-5\">\u00e7)<\/span>\n                    <span class=\"u-text-body-alt-color\">&nbsp;Amonyum klor\u00fcr, sodyum klorit, potasyum klorit, potasyum karbonat, sodyum karbonat, perborat, g\u00fcm\u00fc\u015f nitrat, baryum s\u00fclfat gibi tuzlar;&nbsp;<\/span>\n                  <\/p>\n                  <p style=\"text-align: justify;\">\n                    <span class=\"u-text-body-alt-color\">&nbsp; &nbsp; &nbsp; &nbsp; &nbsp; &nbsp; &nbsp;<\/span>\n                    <span class=\"u-text-custom-color-5\">d)<\/span>\n                    <span class=\"u-text-body-alt-color\">&nbsp;Ametaller, metal oksitler ya da kalsiyum karpit, silisyum, silisyum karpit gibi di\u011fer inorganik maddeler;<\/span>\n                  <\/p>\n                  <p style=\"text-align: justify;\">\n                    <span class=\"u-text-custom-color-5\">4.2.<\/span>\n                    <span class=\"u-text-body-alt-color\">&nbsp;Fosfor, azot ya da potasyum temelli g\u00fcbre \u00fcretimi (basit veya bile\u015fik g\u00fcbreler)<\/span>\n                  <\/p>\n                  <p style=\"text-align: justify;\">\n                    <span class=\"u-text-custom-color-5\">4.3.<\/span>\n                    <span class=\"u-text-body-alt-color\">&nbsp;Temel bitki sa\u011fl\u0131\u011f\u0131 \u00fcr\u00fcnlerinin ve biyositlerin \u00fcretimi<\/span>\n                  <\/p>\n                  <p style=\"text-align: justify;\">\n                    <span class=\"u-text-custom-color-5\">4.4.<\/span>\n                    <span class=\"u-text-body-alt-color\">&nbsp;Kimyasal ya da biyolojik prosesler kullan\u0131larak temel farmas\u00f6tik \u00fcr\u00fcnlerin \u00fcretimi (alkaloid tesisler dahildir),<\/span>\n                  <\/p>\n                  <p style=\"text-align: justify;\">\n                    <span class=\"u-text-custom-color-5\">4.5.<\/span>\n                    <span class=\"u-text-body-alt-color\">&nbsp;Patlay\u0131c\u0131 \u00fcretimi,<\/span>\n                  <\/p>\n                  <p style=\"text-align: justify;\">\n                    <span class=\"u-text-custom-color-5\">5. At\u0131k Y\u00f6netimi :<\/span>\n                  <\/p>\n                  <p style=\"text-align: justify;\">\n                    <span class=\"u-text-body-alt-color\">&nbsp; &nbsp; &nbsp;<\/span>\n                    <span class=\"u-text-custom-color-5\">5.1.<\/span>\n                    <span class=\"u-text-body-alt-color\">&nbsp;Tehlikeli at\u0131klar\u0131n bertaraf edildi\u011fi veya geri kazan\u0131ld\u0131\u011f\u0131,14\/03\/2005 tarihli ve 25755 say\u0131l\u0131 Resmi Gazete\u2019de yay\u0131mlanarak y\u00fcr\u00fcrl\u00fc\u011fe giren Tehlikeli At\u0131klar\u0131n Kontrol\u00fc Y\u00f6netmeli\u011finin EK-2A ve EK-2B de verilen ekleri (R1, R5, R6, R8 ve R9 i\u015flemleri) ile ya\u011flar\u0131n kontrol\u00fc hakk\u0131ndaki 21.01.2004 tarihli ve 25353 Say\u0131l\u0131 Resmi Gazete\u2019de yay\u0131mlanarak y\u00fcr\u00fcrl\u00fc\u011fe giren At\u0131k Ya\u011flar\u0131n Kontrol\u00fc Y\u00f6netmeli\u011finde belirtilen ve g\u00fcnl\u00fck kapasitesi 10 tonun \u00fczerindeki tesisler<\/span>\n                  <\/p>\n                  <p style=\"text-align: justify;\">\n                    <span class=\"u-text-body-alt-color\">&nbsp; &nbsp; &nbsp;&nbsp;<\/span>\n                    <span class=\"u-text-custom-color-5\">5.2.<\/span>\n                    <span class=\"u-text-body-alt-color\">&nbsp;Saatlik kapasitesi 3 tonun \u00fczerindeki evsel ATIK yakma tesisleri<\/span>\n                  <\/p>\n                  <p style=\"text-align: justify;\">\n                    <span class=\"u-text-body-alt-color\">&nbsp; &nbsp; &nbsp;<\/span>\n                    <span class=\"u-text-custom-color-5\">5.3*.<\/span>\n                    <span class=\"u-text-body-alt-color\">&nbsp;14\/3\/2005 tarihli ve 25755 say\u0131l\u0131 Resmi Gazete\u2019de yay\u0131mlanarak y\u00fcr\u00fcrl\u00fc\u011fe giren Tehlikeli At\u0131klar\u0131n Kontrol\u00fc Y\u00f6netmeli\u011finin EK-2A\u2019da, D8 ve D9 ba\u015fl\u0131klar\u0131 alt\u0131nda belirtilen ve g\u00fcnl\u00fck kapasitesi 50 tonun \u00fczerindeki tehlikeli olmayan at\u0131klar i\u00e7in bertaraf tesisleri<\/span>\n                  <\/p>\n                  <p style=\"text-align: justify;\">\n                    <span class=\"u-text-body-alt-color\">&nbsp; &nbsp; &nbsp;<\/span>\n                    <span class=\"u-text-custom-color-5\">5.4. *<\/span>\n                    <span class=\"u-text-body-alt-color\">&nbsp;Organik olmayan at\u0131klar i\u00e7in deponi alanlar\u0131 hari\u00e7, g\u00fcnl\u00fck kapasitesi 10 tondan fazlas\u0131na ula\u015fan veya toplam kapasitesi 25 000 tondan fazla olan deponi (d\u00fczenli depolama) tesisleri<img src=\"https:\/\/www.ikome.com.tr\/wp-content\/uploads\/2022\/10\/Ced9.png\" width=\"370\" align=\"center\" style=\"width: 370px;\" class=\"fr-dii fr-fic fr-fir\">\n                    <\/span>\n                  <\/p>\n                  <p style=\"text-align: justify;\">\n                    <span class=\"u-text-body-alt-color\">6. Ka\u011f\u0131t End\u00fcstrisi :<\/span>\n                  <\/p>\n                  <p style=\"text-align: justify;\">\n                    <span class=\"u-text-body-alt-color\">&nbsp; &nbsp; &nbsp;<\/span>\n                    <span class=\"u-text-custom-color-5\">6.1.&nbsp;<\/span>\n                    <span class=\"u-text-body-alt-color\">Keresteden ya da di\u011fer lifli malzemelerden sel\u00fcloz ve\/veya k\u00e2\u011f\u0131t hamuru \u00fcretim tesisleri&nbsp; &nbsp;&nbsp;<\/span>\n                  <\/p>\n                  <p style=\"text-align: justify;\">\n                    <span class=\"u-text-body-alt-color\">&nbsp; &nbsp; &nbsp;<\/span>\n                    <span class=\"u-text-custom-color-5\">6.2.<\/span>\n                    <span class=\"u-text-body-alt-color\">&nbsp;G\u00fcnde 20 tondan fazla \u00fcretim kapasitesi olan k\u00e2\u011f\u0131t ve karton \u00fcretim tesisleri<\/span>\n                  <\/p>\n                  <p style=\"text-align: justify;\">\n                    <span class=\"u-text-custom-color-5\">7. G\u0131da End\u00fcstrisi:&nbsp;<\/span>\n                  <\/p>\n                  <p style=\"text-align: justify;\">\n                    <span class=\"u-text-body-alt-color\">&nbsp; &nbsp; &nbsp;&nbsp;<\/span>\n                    <span class=\"u-text-custom-color-5\">7.1.<\/span>\n                    <span class=\"u-text-body-alt-color\">&nbsp;G\u00fcnl\u00fck hayvansal karkas kapasitesi 50 tondan fazla olan mezbahaneler;<\/span>\n                  <\/p>\n                  <p style=\"text-align: justify;\">\n                    <span class=\"u-text-body-alt-color\">&nbsp; &nbsp; &nbsp;<\/span>\n                    <span class=\"u-text-custom-color-5\">7.2.&nbsp;<\/span>\n                    <span class=\"u-text-body-alt-color\">A\u015fa\u011f\u0131dakilerden g\u0131da \u00fcretmeye ili\u015fkin her t\u00fcrl\u00fc i\u015flem ve proses:&nbsp;<\/span>\n                  <\/p>\n                  <p style=\"text-align: justify;\">\n                    <span class=\"u-text-body-alt-color\">&nbsp; &nbsp; &nbsp; &nbsp; &nbsp; &nbsp;&nbsp;<\/span>\n                    <span class=\"u-text-custom-color-5\">7.2.1.<\/span>\n                    <span class=\"u-text-body-alt-color\">&nbsp;G\u00fcnl\u00fck nihai \u00fcr\u00fcn \u00fcretim kapasitesi 75 tondan fazla olan hayvansal hammadde (s\u00fct d\u0131\u015f\u0131nda),&nbsp;<\/span>\n                  <\/p>\n                  <p style=\"text-align: justify;\">\n                    <span class=\"u-text-body-alt-color\">&nbsp; &nbsp; &nbsp; &nbsp;<\/span>\n                    <span class=\"u-text-custom-color-5\">7.2.2.&nbsp;<\/span>\n                    <span class=\"u-text-body-alt-color\">G\u00fcnl\u00fck nihai \u00fcr\u00fcn \u00fcretim kapasitesi 300 tondan fazla (3 ayl\u0131k ortalama de\u011fer baz\u0131nda) olan bitkisel hammadde,&nbsp;<\/span>\n                  <\/p>\n                  <p style=\"text-align: justify;\">\n                    <span class=\"u-text-body-alt-color\">&nbsp; &nbsp; &nbsp; &nbsp;&nbsp;<\/span>\n                    <span class=\"u-text-custom-color-5\">7.2.3.<\/span>\n                    <span class=\"u-text-body-alt-color\">&nbsp;Tesise giren g\u00fcnl\u00fck s\u00fct miktar\u0131 200 ton ve daha fazla (y\u0131ll\u0131k ortalama de\u011fer baz\u0131nda) olan s\u00fct ve s\u00fct \u00fcr\u00fcnleri \u00fcretimi,<\/span>\n                  <\/p>\n                  <p style=\"text-align: justify;\">\n                    <span class=\"u-text-body-alt-color\">&nbsp; &nbsp;<\/span>\n                    <span class=\"u-text-custom-color-5\">&nbsp; 7.3.<\/span>\n                    <span class=\"u-text-body-alt-color\">&nbsp;G\u00fcnl\u00fck i\u015flem kapasitesi 10 tondan fazla olan hayvan kesimi yan \u00fcr\u00fcnleri ve art\u0131\u011f\u0131 i\u015fleme vb. tesisler;<\/span>\n                  <\/p>\n                  <p style=\"text-align: justify;\">\n                    <span class=\"u-text-custom-color-5\">8. Tar\u0131m Sekt\u00f6r\u00fc:&nbsp;<\/span>\n                  <\/p>\n                  <p style=\"text-align: justify;\">\n                    <span class=\"u-text-body-alt-color\">&nbsp; &nbsp; &nbsp;<\/span>\n                    <span class=\"u-text-custom-color-5\">8.1.<\/span>\n                    <span class=\"u-text-body-alt-color\">&nbsp;Yer kapasitesi a\u015fa\u011f\u0131daki say\u0131dan fazla olan b\u00fcy\u00fck ve k\u00fc\u00e7\u00fck ba\u015f hayvan yeti\u015ftiricili\u011finin yap\u0131ld\u0131\u011f\u0131 tesisler:&nbsp;<\/span>\n                  <\/p>\n                  <p style=\"text-align: justify;\">\n                    <span class=\"u-text-body-alt-color\">&nbsp; &nbsp; &nbsp; &nbsp; &nbsp;<\/span>\n                    <span class=\"u-text-custom-color-5\">8.1.1.<\/span>\n                    <span class=\"u-text-body-alt-color\">&nbsp;b\u00fcy\u00fck ve k\u00fc\u00e7\u00fck ba\u015f hayvanlar i\u00e7in 750 \u00fczeri yer;&nbsp;<\/span>\n                  <\/p>\n                  <p style=\"text-align: justify;\">\n                    <span class=\"u-text-body-alt-color\">&nbsp; &nbsp; &nbsp; &nbsp; &nbsp;<\/span>\n                    <span class=\"u-text-custom-color-5\">8.1.2.<\/span>\n                    <span class=\"u-text-body-alt-color\">&nbsp;30 kg.\u2019\u0131n \u00fcst\u00fcnde b\u00fcy\u00fck ve k\u00fc\u00e7\u00fck ba\u015f hayvan \u00fcretimi i\u00e7in 2000 \u00fczeri yer;<\/span>\n                  <\/p>\n                  <p style=\"text-align: justify;\">\n                    <span class=\"u-text-body-alt-color\">&nbsp; &nbsp;&nbsp;<\/span>\n                    <span class=\"u-text-custom-color-5\">&nbsp;8.2.<\/span>\n                    <span class=\"u-text-body-alt-color\">&nbsp;En az a\u015fa\u011f\u0131daki kapasitelere e\u015fit kapasitedeki toplu k\u00fcmes hayvanc\u0131l\u0131\u011f\u0131n\u0131n yap\u0131ld\u0131\u011f\u0131 tesisler:&nbsp;<\/span>\n                  <\/p>\n                  <p style=\"text-align: justify;\">\n                    <span class=\"u-text-body-alt-color\">&nbsp; &nbsp; &nbsp; &nbsp;<\/span>\n                    <span class=\"u-text-custom-color-5\">&nbsp;8.2.1.<\/span>\n                    <span class=\"u-text-body-alt-color\">&nbsp;Pili\u00e7ler i\u00e7in 40.000 yer;&nbsp;<\/span>\n                  <\/p>\n                  <p style=\"text-align: justify;\">\n                    <span class=\"u-text-body-alt-color\">&nbsp; &nbsp; &nbsp; &nbsp;&nbsp;<\/span>\n                    <span class=\"u-text-custom-color-5\">8.2.2.<\/span>\n                    <span class=\"u-text-body-alt-color\">&nbsp;Tavuklar i\u00e7in 40.000 yer.<\/span>\n                  <\/p>\n                  <p style=\"text-align: justify;\">\n                    <span class=\"u-text-custom-color-5\">9. Tekstil Sekt\u00f6r\u00fc:<\/span>\n                    <span class=\"u-text-body-alt-color\">\n                      <img src=\"https:\/\/www.ikome.com.tr\/wp-content\/uploads\/2022\/10\/ced10.jpeg\" width=\"370\" align=\"center\" style=\"width: 370px;\" class=\"fr-dii fr-fic fr-fir\">\n                    <\/span>\n                  <\/p>\n                  <p style=\"text-align: justify;\">\n                    <span class=\"u-text-body-alt-color\">&nbsp; &nbsp; &nbsp; &nbsp; &nbsp;<\/span>\n                    <span class=\"u-text-custom-color-5\">9.1.<\/span>\n                    <span class=\"u-text-body-alt-color\">&nbsp;Kapasitesi g\u00fcnde 10 tondan fazla olan elyaf veya tekstil \u00f6n i\u015flem (y\u0131kama, a\u011fartma, terbiye ve merserizasyon gibi i\u015flemler) veya boyama tesisleri<\/span>\n                  <\/p>\n                  <p style=\"text-align: justify;\">\n                    <span class=\"u-text-body-alt-color\">&nbsp; &nbsp; &nbsp; &nbsp; &nbsp;<\/span>\n                    <span class=\"u-text-custom-color-5\">9.2.<\/span>\n                    <span class=\"u-text-body-alt-color\">&nbsp;G\u00fcnl\u00fck nihai \u00fcr\u00fcn kapasitesi 12 tonun \u00fczerinde olan hayvan derisi ve postu tabaklama ve\/veya deri mam\u00fclleri i\u015fleme tesisleri;<\/span>\n                  <\/p>\n                  <p style=\"text-align: justify;\">\n                    <span class=\"u-text-custom-color-5\">10. Di\u011fer Tesisler\/Faaliyetler:<\/span>\n                  <\/p>\n                  <p>\n                    <span class=\"u-text-body-alt-color\">&nbsp; &nbsp; &nbsp; &nbsp;&nbsp;<\/span>\n                    <span class=\"u-text-custom-color-5\">10.1.<\/span>\n                    <span class=\"u-text-body-alt-color\">&nbsp;Solvent t\u00fcketim kapasitesi saatte 450 kg\u2019dan veya y\u0131lda 600 tondan fazla olan, organik solvent kullan\u0131larak malzeme, nesne ve \u00fcr\u00fcnlerin y\u00fczey i\u015flemlerinin yap\u0131ld\u0131\u011f\u0131 tesisler; \u00f6rn. apreleme, bask\u0131, kaplama, ya\u011f giderme, su ge\u00e7irmez hale getirme, boyutland\u0131rma, boyama, temizleme ya da emprenye etme faaliyetleri Solvent t\u00fcketim kapasitesi 150-450 kg\/saat veya 200-600 ton\/y\u0131l aras\u0131nda olan, organik solvent kullan\u0131larak malzeme, nesne ve \u00fcr\u00fcnlerin y\u00fczey i\u015flemlerinin yap\u0131ld\u0131\u011f\u0131 tesisler; \u00f6rn. apreleme, bask\u0131, kaplama, ya\u011f giderme, su ge\u00e7irmez hale getirme, boyutland\u0131rma, boyama, temizleme ya da emprenye etme faaliyetleri<\/span>\n                  <\/p>\n                  <p style=\"text-align: justify;\">\n                    <span class=\"u-text-body-alt-color\">&nbsp; &nbsp; &nbsp; &nbsp;<\/span>\n                    <span class=\"u-text-custom-color-5\">10.2.<\/span>\n                    <span class=\"u-text-body-alt-color\">&nbsp;Yanma ve grafitle\u015ftirme yolu ile karbon ya da elektrografit \u00fcretme tesisleri<\/span>\n                  <\/p>\n                  <p>\n                    <span class=\"u-text-custom-color-5\">EM\u0130SYON \u0130ZN\u0130<\/span>\n                  <\/p>\n                  <p style=\"text-align: justify;\">\n                    <span class=\"u-text-body-alt-color\">&nbsp; &nbsp; &nbsp;2006 Y\u0131l\u0131nda yay\u0131nlanm\u0131\u015f olan:\u201cEnd\u00fcstri Tesislerinden Kaynaklanan Hava Kirlili\u011finin Kontrol\u00fc Y\u00f6netmeli\u011fi\u2019ne\ng\u00f6re t\u00fcm tesisler \u201cEmisyon \u0130zni\u201d almakla y\u00fck\u00fcml\u00fcd\u00fcrler.Emisyon standartlar\u0131 kirletici kaynaklar\u0131n izin verilen kirletici de\u015farjlar\u0131n\u0131 zaman veya \u00fcretim baz\u0131nda belirler ve kaynak yap\u0131s\u0131na ba\u011fl\u0131 olarak tan\u0131mlar. Buna g\u00f6re her tesis kendi \u00fcretim t\u00fcr\u00fc ve b\u00fcy\u00fckl\u00fc\u011f\u00fc ile ili\u015fkili olarak kirletici \u00f6zelliklerini beyan etmek zorundad\u0131r. Tesislerin yayd\u0131\u011f\u0131 emisyon<\/span>\n                  <\/p>\n                  <p style=\"text-align: justify;\">\n                    <span class=\"u-text-body-alt-color\">&nbsp; &nbsp;&nbsp;<\/span>\n                    <span class=\"u-text-custom-color-5\">&nbsp;Miktar\u0131:<\/span>\n                    <span class=\"u-text-body-alt-color\">&nbsp;kullan\u0131lan yak\u0131tlar, yakma teknolojisi ve hava kirlili\u011fi \u00f6nleme cihaz ve teknikleriyle ilgilidir.\u00c7evre ve Orman Bakanl\u0131\u011f\u0131 taraf\u0131ndan yay\u0131nlanan End\u00fcstriyel Tesislerden Kaynaklanan Hava Kirlili\u011finin Kontrol\u00fc Y\u00f6netmeli\u011fi kapsam\u0131nda end\u00fcstriyel tesislere ait \u201cyasal emisyon limitleri\u201d tan\u0131mlanm\u0131\u015f olup, t\u00fcm tesisler bu limitleri g\u00f6z \u00f6n\u00fcnde bulundurarak emisyonlar\u0131n\u0131 kontrol alt\u0131nda tutmak zorundad\u0131r.\nEmisyon \u00f6l\u00e7\u00fcmleri, \u00e7e\u015fitli faaliyetler sonucunda olu\u015fan ve baca vas\u0131tas\u0131yla atmosfere at\u0131lan at\u0131k gazlar\u0131n ve ta\u015f\u0131tlar\u0131n eksozlar\u0131ndan \u00e7\u0131kan yanma \u00fcr\u00fcnlerinin \u00f6l\u00e7\u00fcm\u00fcn\u00fc i\u00e7ermektedir. Havay\u0131 kirletici gaz ve partik\u00fcl maddelerin neler oldu\u011funu, konsantrasyonlar\u0131n\u0131, k\u00fctlesel debilerini ve hangi oranlarda kirletici vas\u0131flara sahip olduklar\u0131n\u0131 ve bu kirletici kaynaklara sahip tesislerin emisyonlar\u0131n\u0131n \u0130lgili y\u00f6netmelik esaslar\u0131na uyup uymad\u0131\u011f\u0131 bu \u00d6l\u00e7\u00fcmler ile belirlenmektedir.End\u00fcstriyel bacalardan \u00e7evreye yay\u0131lan partik\u00fcllerin ve gazlar\u0131n analizleri \u00f6zel numune alma y\u00f6ntemleri ve aparatlar\u0131 ile ger\u00e7ekle\u015ftirilebilmektedir. Emisyon \u00d6l\u00e7\u00fcmleri \u00c7evre ve Orman Bakanl\u0131\u011f\u0131ndan \u00c7evre Analizleri Yeterlilik ve \u00c7evre Analizleri \u00d6n Yeterlilik Belgesi alan \u00f6zel ve kamu kurumlar\u0131 ilgili belgenin ekinde yer alan listedeki kapsama g\u00f6re \u00f6l\u00e7\u00fcm ve analiz yapabilir.EM\u0130SYON \u0130Z\u0130NLER\u0130:Hava Kalitesi Korunmas\u0131 Y\u00f6netmeli\u011finin ilgili maddeleri gere\u011fi G.S.M. \u00c7al\u0131\u015fma Ruhsat\u0131 almak zorunda olan sanayi tesislerinden emisyon gruplar\u0131na giren ( A-B ) tesisler ilgili birimlerden EM\u0130SYON \u0130ZN\u0130 , bu gruplara girmeyen tesisler \u201cEmisyon\u2019a tabi de\u011fildir.\u201d Belgesini \u0130l \u00c7evre ve Orman M\u00fcd\u00fcrl\u00fc\u011f\u00fc\u2019nden almak zorundad\u0131r.Emisyon \u0130zni Belgesi al\u0131nmas\u0131nda istenen Emisyon \u00d6l\u00e7\u00fcm raporlar\u0131 22.07.2006 tarih 26236 say\u0131l\u0131 Resmi Gazetede yay\u0131mlanan \u201d End\u00fcstri Tesislerinden Kaynaklanan Hava Kirlili\u011finin Kontrolu Y\u00f6netmeli\u011fi \u201e de \u00f6ng\u00f6r\u00fclen ko\u015fullara g\u00f6re haz\u0131rlanacakt\u0131r.\nAyn\u0131 Y\u00f6netmeli\u011fin 43. Md. Ge\u00e7ici Madde 1\u2019e g\u00f6re \u201cBu Y\u00f6netmeli\u011fin yay\u0131mlanmas\u0131ndan \u00f6nce kurulmu\u015f ve emisyon izni alm\u0131\u015f olan tesisler,bu y\u00f6netmelikte yer alan esas ve s\u0131n\u0131r de\u011ferlere 2 y\u0131l i\u00e7inde uymak i\u00e7in gerekli tedbirleri alarak Emisyon \u0130zni Belgesini yenilemek amac\u0131yla Valili\u011fe ba\u015fvurur\u201e \u0130baresi bulundu\u011fundan Emisyon \u0130zni Belgelerini 22.07.2008 tarihine kadar YEN\u0130LENMES\u0130 gerekmektedir.\nAyr\u0131ca ayn\u0131 y\u00f6netmeli\u011fin Ge\u00e7ici 2. Md. g\u00f6re \u201cEmisyon \u0130zni dosyas\u0131n\u0131 yetkili merciye teslim edenler 22\/07\/2008 tarihinden itibaren 2 y\u0131l i\u00e7inde Emisyon \u0130zni Belgesini almak zorundad\u0131r.\u201d ibaresi oldu\u011fundan 07\/10\/2008\u2019e kadar i\u015flemleri tamamlamal\u0131 ve y\u00f6netmelik h\u00fck\u00fcmlerine uymak zorundad\u0131r.Ge\u00e7ici 3. Md. g\u00f6re \u201c22.07.2007 tarihine kadar hi\u00e7 m\u00fcracaat etmeyenler 1 y\u0131l i\u00e7inde \u0130\u015f termin planlar\u0131n\u0131 haz\u0131rlayarak yetkili merciye sunmak ve 4 y\u0131l i\u00e7inde i\u015f termin plan\u0131nda yer alan i\u015fleri tamamlayarak emisyon izni dosyas\u0131n\u0131 haz\u0131rlayarak yetkili merciye ba\u015fvurmak zorundad\u0131r.Bu raporun, \u00c7evre ve Orman Bakanl\u0131\u011f\u0131ndan ( MAR\u00c7EV gibi) \u00d6n Yeterlilik\/Yeterlilik Belgesi bulunan Laboratuarlara haz\u0131rlat\u0131lmas\u0131 gerekir.Emisyon \u00d6l\u00e7\u00fcm Raporunun; Her sayfas\u0131 \u00f6l\u00e7\u00fcm\u00fc yapan firma yetkilileri taraf\u0131ndan imzalanm\u0131\u015f ve m\u00fch\u00fcrlenmi\u015f olmas\u0131 gerekir.Emisyon Raporu Neden Gereklidir;\n\u2013 Emisyon \u0130zin Ba\u015fvurusu i\u00e7in\n\u2013 Emisyon izni alan tesislerde, emisyon teyidi i\u00e7in.\nTesis yetkilileri, emisyon izni alan Ek 8, Liste A\u2019da yer alan tesisler i\u00e7in her iki y\u0131lda bir, Ek 8, Liste B\u2019de yer alan tesisler i\u00e7in her \u00fc\u00e7 y\u0131lda bir, izin an\u0131nda \u00f6ng\u00f6r\u00fclen verilerden herhangi bir sapma olup olmad\u0131g\u0131n\u0131 ve tesiste yap\u0131lan iyilestirmeleri rapor etmek zorundad\u0131r.<\/span>\n                    <span class=\"u-text-body-alt-color\">&nbsp;<\/span>\n                  <\/p>\n                <\/div>\n              <\/div>\n            <\/div>\n            <div class=\"u-align-left u-container-style u-custom-color-2 u-tab-pane u-tab-pane-2\" id=\"tab-14b7\" role=\"tabpanel\" aria-labelledby=\"link-tab-14b7\">\n              <div class=\"u-container-layout u-valign-top u-container-layout-2\">\n                <div class=\"fr-view scroll u-align-center u-clearfix u-rich-text u-text u-text-2\">\n                  <h1>\n                    <br>\n                  <\/h1>\n                  <table border=\"0\" cellpadding=\"0\" cellspacing=\"0\" id=\"isPasted\" width=\"586\">\n                    <tbody>\n                      <tr>\n                        <td style=\"width: 146.55pt; border-top: none; border-right: none; border-left: none; border-image: initial; border-bottom: 1pt solid rgb(102, 0, 102); padding: 0cm 5.4pt; height: 15.85pt;\" width=\"195\">\n                          <table border=\"0\" cellpadding=\"0\" cellspacing=\"0\" id=\"isPasted\" style=\"font-family: &quot;Times New Roman&quot;; letter-spacing: normal; orphans: 2; text-transform: none; widows: 2; word-spacing: 0px; -webkit-text-stroke-width: 0px; text-decoration-thickness: initial; text-decoration-style: initial; text-decoration-color: initial; width: 439.45pt; border-collapse: collapse;\" width=\"586\">\n                            <tbody>\n                              <tr>\n                                <td style=\"width: 146.55pt; border-top: none; border-right: none; border-left: none; border-image: initial; border-bottom: 1pt solid rgb(102, 0, 102); padding: 0cm 5.4pt; height: 15.85pt;\" width=\"195\">\n                                  <p>\n                                    <span class=\"u-text-custom-color-3\">25 Kas\u0131m 2014 &nbsp;SALI<\/span>\n                                  <\/p>\n                                <\/td>\n                                <td style=\"width: 146.55pt; border-top: none; border-right: none; border-left: none; border-image: initial; border-bottom: 1pt solid rgb(102, 0, 102); padding: 0cm 5.4pt; height: 15.85pt;\" width=\"195\">\n                                  <p>\n                                    <span class=\"u-text-custom-color-3\">Resm\u00ee Gazete<\/span>\n                                  <\/p>\n                                <\/td>\n                                <td style=\"width: 146.35pt; border-top: none; border-right: none; border-left: none; border-image: initial; border-bottom: 1pt solid rgb(102, 0, 102); padding: 0cm 5.4pt; height: 15.85pt;\" width=\"195\">\n                                  <p>\n                                    <span class=\"u-text-custom-color-3\">Say\u0131 : 29186<\/span>\n                                  <\/p>\n                                <\/td>\n                              <\/tr>\n                            <\/tbody>\n                          <\/table>\n                        <\/td>\n                        <td width=\"195\">\n                          <br>\n                        <\/td>\n                        <td style=\"width: 146.35pt; border-top: none; border-right: none; border-left: none; border-image: initial; border-bottom: 1pt solid rgb(102, 0, 102); padding: 0cm 5.4pt; height: 15.85pt;\" width=\"195\">\n                          <p>\n                            <br>\n                          <\/p>\n                        <\/td>\n                      <\/tr>\n                      <tr style=\"height: 24pt;\">\n                        <td colspan=\"3\" style=\"width: 439.45pt; padding: 0cm 5.4pt; height: 24pt;\" width=\"586\">\n                          <p>\n                            <br>\n                          <\/p>\n                        <\/td>\n                      <\/tr>\n                      <tr style=\"height: 24pt;\">\n                        <td colspan=\"3\" style=\"width: 439.45pt; padding: 0cm 5.4pt; height: 24pt;\" width=\"586\">\n                          <br>\n                          <table border=\"0\" cellpadding=\"0\" cellspacing=\"0\" id=\"isPasted\" style=\"font-family: &quot;Times New Roman&quot;; letter-spacing: normal; orphans: 2; text-transform: none; widows: 2; word-spacing: 0px; -webkit-text-stroke-width: 0px; text-decoration-thickness: initial; text-decoration-style: initial; text-decoration-color: initial; width: 439.45pt; border-collapse: collapse;\" width=\"586\">\n                            <tbody>\n                              <tr style=\"height: 24pt;\">\n                                <td colspan=\"3\" style=\"width: 439.45pt; padding: 0cm 5.4pt; height: 24pt;\" width=\"586\">\n                                  <p>\n                                    <span class=\"u-text-custom-color-5\">Y\u00d6NETMEL\u0130K<\/span>\n                                  <\/p>\n                                <\/td>\n                              <\/tr>\n                              <tr style=\"height: 24pt;\">\n                                <td colspan=\"3\" width=\"586\">\n                                  <p style=\"text-align: center;\">\n                                    <span class=\"u-text-custom-color-5\">\u00c7evre ve \u015eehircilik Bakanl\u0131\u011f\u0131ndan:<\/span>\n                                  <\/p>\n                                  <p style=\"text-align: center;\">\n                                    <span class=\"u-text-custom-color-5\">\u00c7EVRESEL ETK\u0130 DE\u011eERLEND\u0130RMES\u0130 Y\u00d6NETMEL\u0130\u011e\u0130<\/span>\n                                  <\/p>\n                                  <p>\n                                    <span class=\"u-text-custom-color-5\">B\u0130R\u0130NC\u0130 B\u00d6L\u00dcM<\/span>\n                                  <\/p>\n                                  <p>\n                                    <span class=\"u-text-custom-color-5\">Ama\u00e7, Kapsam, Dayanak, Tan\u0131mlar ve K\u0131saltmalar<\/span>\n                                  <\/p>\n                                  <p>\n                                    <span class=\"u-text-custom-color-5\">Ama\u00e7<\/span>\n                                  <\/p>\n                                  <p style=\"text-align: justify;\">\n                                    <span class=\"u-text-custom-color-5\">MADDE 1 \u2013 (1)<\/span>\n                                    <span class=\"u-text-body-alt-color\">&nbsp;Bu Y\u00f6netmeli\u011fin amac\u0131,&nbsp;\u00c7evresel Etki De\u011ferlendirmesi (\u00c7ED) s\u00fcrecinde uyulacak idari ve teknik usul ve esaslar\u0131&nbsp;d\u00fczenlemektir.<\/span>\n                                  <\/p>\n                                  <p style=\"text-align: justify;\">\n                                    <span class=\"u-text-custom-color-5\">Kapsam<\/span>\n                                  <\/p>\n                                  <p style=\"text-align: justify;\">\n                                    <span class=\"u-text-custom-color-5\">MADDE 2 \u2013 (1)<\/span>\n                                    <span class=\"u-text-body-alt-color\">&nbsp;Bu Y\u00f6netmelik;<\/span>\n                                  <\/p>\n                                  <p>\n                                    <span class=\"u-text-custom-color-5\">a)<\/span>\n                                    <span class=\"u-text-body-alt-color\">&nbsp;\u00c7evresel Etki De\u011ferlendirmesi Ba\u015fvuru Dosyas\u0131,&nbsp;\u00c7evresel Etki De\u011ferlendirmesi Raporu ile Proje Tan\u0131t\u0131m Dosyas\u0131n\u0131n hangi t\u00fcr projeler i\u00e7in istenece\u011fi ve i\u00e7erece\u011fi konular\u0131,<\/span>\n                                  <\/p>\n                                  <p style=\"text-align: justify;\">\n                                    <span class=\"u-text-body-alt-color\">b)&nbsp;\u00c7evresel Etki De\u011ferlendirmesi s\u00fcrecinde uyulacak idari ve teknik usul ve esaslar\u0131,<\/span>\n                                  <\/p>\n                                  <p style=\"text-align: justify;\">\n                                    <span class=\"u-text-body-alt-color\">c)&nbsp;\u00c7evresel Etki De\u011ferlendirmesi kapsam\u0131na giren projelerin in\u015faat, i\u015fletme ve i\u015fletme sonras\u0131&nbsp;izlenmesi ve denetlenmesini,<\/span>\n                                  <\/p>\n                                  <p style=\"text-align: justify;\">\n                                    <span class=\"u-text-body-alt-color\">\u00e7)&nbsp;\u00c7evresel Etki De\u011ferlendirmesi sisteminin,&nbsp;\u00e7evre y\u00f6netiminde etkin ve yayg\u0131n bi\u00e7imde uygulanabilmesi ve kurumsal yap\u0131s\u0131n\u0131n g\u00fc\u00e7lendirilmesi i\u00e7in gerekli e\u011fitim&nbsp;\u00e7al\u0131\u015fmalar\u0131n\u0131,<\/span>\n                                  <\/p>\n                                  <p style=\"text-align: justify;\">\n                                    <span class=\"u-text-body-alt-color\">kapsar.<\/span>\n                                  <\/p>\n                                  <p style=\"text-align: justify;\">\n                                    <span class=\"u-text-body-alt-color\">Dayanak<\/span>\n                                  <\/p>\n                                  <p style=\"text-align: justify;\">\n                                    <span class=\"u-text-custom-color-5\">MADDE 3 \u2013 (1)<\/span>\n                                    <span class=\"u-text-body-alt-color\">&nbsp;Bu Y\u00f6netmelik,&nbsp;9\/8\/1983&nbsp;tarihli ve 2872 say\u0131l\u0131&nbsp;\u00c7evre Kanununun 10 uncu maddesine dayan\u0131larak haz\u0131rlanm\u0131\u015ft\u0131r.<\/span>\n                                  <\/p>\n                                  <p style=\"text-align: justify;\">\n                                    <span class=\"u-text-body-alt-color\">Tan\u0131mlar ve k\u0131saltmalar<\/span>\n                                  <\/p>\n                                  <p style=\"text-align: justify;\">\n                                    <span class=\"u-text-custom-color-5\">MADDE 4 \u2013 (1)<\/span>\n                                    <span class=\"u-text-body-alt-color\">&nbsp;Bu Y\u00f6netmelikte ge\u00e7en;<\/span>\n                                  <\/p>\n                                  <p style=\"text-align: justify;\">\n                                    <span class=\"u-text-body-alt-color\">a) Bakanl\u0131k:&nbsp;\u00c7evre ve&nbsp;\u015eehircilik Bakanl\u0131\u011f\u0131n\u0131,<\/span>\n                                  <\/p>\n                                  <p style=\"text-align: justify;\">\n                                    <span class=\"u-text-body-alt-color\">b) Bakanl\u0131k\u00e7a yeterlik verilmi\u015f&nbsp;kurum\/kurulu\u015flar:&nbsp;\u00c7evresel Etki De\u011ferlendirmesi Ba\u015fvuru Dosyas\u0131,&nbsp;\u00c7evresel Etki De\u011ferlendirmesi Raporu, Proje Tan\u0131t\u0131m Dosyas\u0131&nbsp;haz\u0131rlamak ve sunmak,&nbsp;\u201c\u00c7ED Olumlu\u201d&nbsp;karar\u0131&nbsp;alan projelerin in\u015faat d\u00f6nemine ili\u015fkin izleme ve kontrol&nbsp;\u00e7al\u0131\u015fmalar\u0131na yard\u0131mc\u0131&nbsp;olacak raporlamalar\u0131&nbsp;yapmak i\u00e7in gerekli&nbsp;\u015fartlar\u0131&nbsp;ta\u015f\u0131yan kurum\/kurulu\u015flar\u0131,<\/span>\n                                  <\/p>\n                                  <p style=\"text-align: justify;\">\n                                    <span class=\"u-text-body-alt-color\">c) \u00c7evresel etki de\u011ferlendirmesi (\u00c7ED): Ger\u00e7ekle\u015ftirilmesi planlanan projelerin \u00e7evreye olabilecek olumlu ve olumsuz etkilerinin belirlenmesinde, olumsuz y\u00f6ndeki etkilerin \u00f6nlenmesi ya da \u00e7evreye zarar vermeyecek \u00f6l\u00e7\u00fcde en aza indirilmesi i\u00e7in al\u0131nacak \u00f6nlemlerin, se\u00e7ilen yer ile teknoloji alternatiflerinin belirlenerek de\u011ferlendirilmesinde ve projelerin uygulanmas\u0131n\u0131n izlenmesi ve kontrol\u00fcnde s\u00fcrd\u00fcr\u00fclecek \u00e7al\u0131\u015fmalar\u0131,<\/span>\n                                  <\/p>\n                                  <p style=\"text-align: justify;\">\n                                    <span class=\"u-text-body-alt-color\">\u00e7) \u00c7evresel etki de\u011ferlendirmesi ba\u015fvuru dosyas\u0131: Ek-3\u2019te yer alan Genel Format esas al\u0131narak haz\u0131rlanan dosyay\u0131,<\/span>\n                                  <\/p>\n                                  <p style=\"text-align: justify;\">\n                                    <span class=\"u-text-body-alt-color\">d) \u00c7evresel etki de\u011ferlendirmesi genel format\u0131: Ger\u00e7ekle\u015ftirilmesi planlanan, ek-1 listesinde yer alan projelerin \u00f6zelliklerini, yerini, olas\u0131 etkilerini ve \u00f6ng\u00f6r\u00fclen \u00f6nlemleri i\u00e7eren, projeyi genel boyutlar\u0131 ile tan\u0131tan \u00c7ED Ba\u015fvuru Dosyas\u0131 haz\u0131rlanmas\u0131 s\u0131ras\u0131nda esas al\u0131nacak ek-3\u2019teki Genel Format\u0131,<\/span>\n                                  <\/p>\n                                  <p id=\"isPasted\">\n                                    <span class=\"u-text-body-alt-color\">e) \u00c7evresel etki de\u011ferlendirmesi raporu: Ek-1 listesinde yer alan veya Bakanl\u0131k\u00e7a \"\u00c7evresel Etki De\u011ferlendirmesi Gereklidir\" karar\u0131 verilen bir proje i\u00e7in belirlenen \u00d6zel Formata g\u00f6re haz\u0131rlanacak raporu,<\/span>\n                                  <\/p>\n                                  <p style=\"text-align: justify;\">\n                                    <span class=\"u-text-body-alt-color\">f)&nbsp;\u00c7evresel etki de\u011ferlendirmesi raporu&nbsp;\u00f6zel format\u0131:&nbsp;\u00c7evresel Etki De\u011ferlendirmesi Raporunun haz\u0131rlanmas\u0131nda esas al\u0131nmak&nbsp;\u00fczere; Komisyon taraf\u0131ndan projenin&nbsp;\u00f6nemli&nbsp;\u00e7evresel boyutlar\u0131&nbsp;ile Halk\u0131n Kat\u0131l\u0131m\u0131&nbsp;Toplant\u0131s\u0131ndaki g\u00f6r\u00fc\u015f&nbsp;ve&nbsp;\u00f6neriler g\u00f6z&nbsp;\u00f6n\u00fcne al\u0131nmak suretiyle ek-3\u2019teki&nbsp;\u00c7evresel Etki De\u011ferlendirmesi Genel Format\u0131nda belirtilen ana ba\u015fl\u0131klar alt\u0131nda ele al\u0131nmas\u0131&nbsp;gereken konular\u0131&nbsp;tan\u0131mlayan format\u0131,<\/span>\n                                  <\/p>\n                                  <p style=\"text-align: justify;\">\n                                    <span class=\"u-text-body-alt-color\">g)&nbsp;\u00c7evresel etki de\u011ferlendirmesi gerekli de\u011fildir karar\u0131: Se\u00e7me Eleme Kriterlerine Tabi Projeler hakk\u0131nda yap\u0131lan de\u011ferlendirmeler dikkate al\u0131narak, projenin&nbsp;\u00e7evre&nbsp;\u00fczerindeki muhtemel olumsuz etkilerinin, al\u0131nacak&nbsp;\u00f6nlemler sonucu ilgili mevzuat ve bilimsel esaslara g\u00f6re kabul edilebilir d\u00fczeylerde oldu\u011funun belirlenmesi&nbsp;\u00fczerine projenin ger\u00e7ekle\u015fmesinde&nbsp;\u00e7evre a\u00e7\u0131s\u0131ndan sak\u0131nca g\u00f6r\u00fclmedi\u011fini belirten Bakanl\u0131k karar\u0131n\u0131,<\/span>\n                                  <\/p>\n                                  <p style=\"text-align: justify;\">\n                                    <span class=\"u-text-body-alt-color\">\u011f)&nbsp;\u00c7evresel etki de\u011ferlendirmesi gereklidir karar\u0131: Se\u00e7me Eleme Kriterlerine Tabi Projelerin&nbsp;\u00e7evresel etkilerinin incelenerek,&nbsp;\u00e7evresel etkilerinin daha detayl\u0131&nbsp;incelenmesi amac\u0131yla&nbsp;\u00c7evresel Etki De\u011ferlendirmesi Raporu haz\u0131rlanmas\u0131n\u0131n gerekti\u011fini belirten Bakanl\u0131k karar\u0131n\u0131,<\/span>\n                                  <\/p>\n                                  <p style=\"text-align: justify;\">\n                                    <span class=\"u-text-body-alt-color\">h)&nbsp;\u00c7evresel etki de\u011ferlendirmesi olumlu karar\u0131:&nbsp;\u00c7evresel Etki De\u011ferlendirmesi Raporu hakk\u0131nda Komisyon taraf\u0131ndan yap\u0131lan de\u011ferlendirmeler dikkate al\u0131narak, projenin&nbsp;\u00e7evre&nbsp;\u00fczerindeki muhtemel olumsuz etkilerinin, al\u0131nacak&nbsp;\u00f6nlemler sonucu ilgili mevzuat ve bilimsel esaslara g\u00f6re kabul edilebilir d\u00fczeylerde oldu\u011funun belirlenmesi&nbsp;\u00fczerine projenin ger\u00e7ekle\u015fmesinde&nbsp;\u00e7evre a\u00e7\u0131s\u0131ndan sak\u0131nca g\u00f6r\u00fclmedi\u011fini belirten Bakanl\u0131k karar\u0131n\u0131,<\/span>\n                                  <\/p>\n                                  <p style=\"text-align: justify;\">\n                                    <span class=\"u-text-body-alt-color\">\u0131)&nbsp;\u00c7evresel etki de\u011ferlendirmesi olumsuz karar\u0131:&nbsp;\u00c7evresel Etki De\u011ferlendirmesi Raporu hakk\u0131nda Komisyonca yap\u0131lan de\u011ferlendirmeler dikkate al\u0131narak, projenin&nbsp;\u00e7evre&nbsp;\u00fczerindeki muhtemel olumsuz etkileri nedeniyle ger\u00e7ekle\u015ftirilmesinde&nbsp;\u00e7evre a\u00e7\u0131s\u0131ndan sak\u0131nca g\u00f6r\u00fcld\u00fc\u011f\u00fcn\u00fc&nbsp;belirten Bakanl\u0131k karar\u0131n\u0131,<\/span>\n                                  <\/p>\n                                  <p style=\"text-align: justify;\">\n                                    <span class=\"u-text-body-alt-color\">i)&nbsp;\u00c7evresel etki de\u011ferlendirmesi s\u00fcreci: Ger\u00e7ekle\u015ftirilmesi planlanan projenin&nbsp;\u00e7evresel etki de\u011ferlendirmesinin yap\u0131lmas\u0131&nbsp;i\u00e7in ba\u015fvuru ile ba\u015flayan; in\u015faat, i\u015fletme ve i\u015fletme sonras\u0131&nbsp;\u00e7al\u0131\u015fmalar\u0131&nbsp;kapsayan s\u00fcreci,<\/span>\n                                  <\/p>\n                                  <p style=\"text-align: justify;\">\n                                    <span class=\"u-text-body-alt-color\">j)&nbsp;\u00c7evrimi\u00e7i&nbsp;\u00c7ED s\u00fcreci y\u00f6netim sistemi:&nbsp;\u00c7ED s\u00fcrecindeki i\u015f&nbsp;ve i\u015flemlerin elektronik ortamda ger\u00e7ekle\u015ftirilece\u011fi sistemi,<\/span>\n                                  <\/p>\n                                  <p style=\"text-align: justify;\">\n                                    <span class=\"u-text-body-alt-color\">k) Duyarl\u0131&nbsp;y\u00f6reler:&nbsp;\u00c7evresel etkilere kar\u015f\u0131&nbsp;biyolojik, fiziksel, ekonomik, sosyal ve k\u00fclt\u00fcrel nitelikli&nbsp;\u00f6zellikleri ile duyarl\u0131&nbsp;olan veya mevcut kirlilik y\u00fck\u00fc&nbsp;\u00e7evre ve halk sa\u011fl\u0131\u011f\u0131n\u0131&nbsp;bozucu d\u00fczeylere ula\u015ft\u0131\u011f\u0131&nbsp;belirlenen y\u00f6relerle,&nbsp;\u00fclkemiz mevzuat\u0131&nbsp;ve taraf olunan uluslararas\u0131&nbsp;s\u00f6zle\u015fmeler uyar\u0131nca korunmas\u0131&nbsp;gerekli g\u00f6r\u00fclen ve ek-5\u2019te yer alan alanlar\u0131,<\/span>\n                                  <\/p>\n                                  <p style=\"text-align: justify;\">\n                                    <span class=\"u-text-body-alt-color\">l) Etki: Ger\u00e7ekle\u015ftirilmesi planlanan bir projenin haz\u0131rl\u0131k, in\u015faat ve i\u015fletme s\u0131ras\u0131nda ya da i\u015fletme sonras\u0131nda,&nbsp;\u00e7evre unsurlar\u0131nda do\u011frudan ya da dolayl\u0131&nbsp;olarak, k\u0131sa veya uzun d\u00f6nemde, ge\u00e7ici ya da kal\u0131c\u0131, olumlu ya da olumsuz y\u00f6nde ortaya&nbsp;\u00e7\u0131kmas\u0131&nbsp;olas\u0131&nbsp;de\u011fi\u015fiklikleri,<\/span>\n                                  <\/p>\n                                  <p style=\"text-align: justify;\">\n                                    <span class=\"u-text-body-alt-color\">m) Etki alan\u0131: Ger\u00e7ekle\u015ftirilmesi planlanan bir projenin i\u015fletme&nbsp;\u00f6ncesi, i\u015fletilmesi ve i\u015fletme sonras\u0131nda etkiledi\u011fi alan\u0131,<\/span>\n                                  <\/p>\n                                  <p style=\"text-align: justify;\">\n                                    <span class=\"u-text-body-alt-color\">n) Halk: T\u00fcrkiye Cumhuriyeti vatanda\u015flar\u0131, T\u00fcrkiye\u2019de ikamet eden yabanc\u0131lar ile ulusal mevzuat&nbsp;\u00e7er\u00e7evesinde bir veya daha fazla t\u00fczel ki\u015fi veya bu t\u00fczel ki\u015filerin birlik, organizasyon veya gruplar\u0131,<\/span>\n                                  <\/p>\n                                  <p style=\"text-align: justify;\">\n                                    <span class=\"u-text-body-alt-color\">o) Halk\u0131n kat\u0131l\u0131m\u0131&nbsp;toplant\u0131s\u0131: Kapsam ve&nbsp;\u00d6zel Format belirlenmesinden&nbsp;\u00f6nce, halk\u0131&nbsp;proje hakk\u0131nda bilgilendirmek, projeye ili\u015fkin g\u00f6r\u00fc\u015f&nbsp;ve&nbsp;\u00f6nerilerini almak&nbsp;\u00fczere yap\u0131lan toplant\u0131y\u0131,<\/span>\n                                  <\/p>\n                                  <p style=\"text-align: justify;\">\n                                    <span class=\"u-text-body-alt-color\">\u00f6)&nbsp;\u0130lgili halk: Ger\u00e7ekle\u015ftirilmesi planlanan projeden etkilenen veya etkilenmesi muhtemel olan halk\u0131,<\/span>\n                                  <\/p>\n                                  <p style=\"text-align: justify;\">\n                                    <span class=\"u-text-body-alt-color\">p)&nbsp;\u0130zleme ve kontrol: Ger\u00e7ekle\u015ftirilmesi planlanan projeye dair \"\u00c7evresel Etki De\u011ferlendirmesi Gerekli De\u011fildir\" veya \"\u00c7evresel Etki De\u011ferlendirmesi Olumlu\" karar\u0131&nbsp;al\u0131nd\u0131ktan sonra, in\u015faat, i\u015fletme ve i\u015fletme sonras\u0131&nbsp;d\u00f6nemine ili\u015fkin karar\u0131n verilmesine esas te\u015fkil eden&nbsp;\u015fartlar do\u011frultusunda y\u00fcr\u00fct\u00fclmesinin sa\u011flanmas\u0131&nbsp;i\u00e7in yap\u0131lan&nbsp;\u00e7al\u0131\u015fmalar\u0131n b\u00fct\u00fcn\u00fcn\u00fc,<\/span>\n                                  <\/p>\n                                  <p style=\"text-align: justify;\">\n                                    <span class=\"u-text-body-alt-color\">r) Kapsam ve&nbsp;\u00f6zel format belirleme:&nbsp;\u00c7ED s\u00fcrecine tabi projeler i\u00e7in Halk\u0131n Kat\u0131l\u0131m\u0131&nbsp;Toplant\u0131s\u0131ndan sonra format verme a\u015famas\u0131na kadar yap\u0131lacak i\u015f&nbsp;ve i\u015flemleri,<\/span>\n                                  <\/p>\n                                  <p style=\"text-align: justify;\">\n                                    <span class=\"u-text-body-alt-color\">s) Komisyon: Proje i\u00e7in verilecek&nbsp;\u00d6zel Format\u0131n kapsam\u0131n\u0131&nbsp;belirlemek ve haz\u0131rlanan&nbsp;\u00c7ED Raporunu inceleyip de\u011ferlendirmek&nbsp;\u00fczere Bakanl\u0131k taraf\u0131ndan kurulan Komisyonu,<\/span>\n                                  <\/p>\n                                  <p style=\"text-align: justify;\">\n                                    <span class=\"u-text-body-alt-color\">\u015f) Proje: Ger\u00e7ekle\u015ftirilmesi planlanan yat\u0131r\u0131m\u0131,<\/span>\n                                  <\/p>\n                                  <p style=\"text-align: justify;\">\n                                    <span class=\"u-text-body-alt-color\">t) Proje tan\u0131t\u0131m dosyas\u0131: Se\u00e7me Eleme Kriterlerine Tabi Projelere,&nbsp;\u00c7ED uygulanmas\u0131n\u0131n gerekli olup olmad\u0131\u011f\u0131n\u0131n belirlenmesi amac\u0131yla haz\u0131rlanan dosyay\u0131,<\/span>\n                                  <\/p>\n                                  <p style=\"text-align: justify;\">\n                                    <span class=\"u-text-body-alt-color\">u) Proje sahibi: Projeyi ger\u00e7ekle\u015ftirecek ger\u00e7ek veya t\u00fczel ki\u015fiyi,<\/span>\n                                  <\/p>\n                                  <p style=\"text-align: justify;\">\n                                    <span class=\"u-text-body-alt-color\">\u00fc) Se\u00e7me eleme&nbsp;kriterleri: Proje Tan\u0131t\u0131m Dosyas\u0131n\u0131n haz\u0131rlanmas\u0131nda esas al\u0131nacak ek-4\u2019teki format\u0131,<\/span>\n                                  <\/p>\n                                  <p style=\"text-align: justify;\">\n                                    <span class=\"u-text-body-alt-color\">ifade eder.<\/span>\n                                  <\/p>\n                                  <p id=\"isPasted\">\n                                    <span class=\"u-text-custom-color-5\">\u0130K\u0130NC\u0130 B\u00d6L\u00dcM<\/span>\n                                  <\/p>\n                                  <p>\n                                    <span class=\"u-text-custom-color-5\">Genel H\u00fck\u00fcmler<\/span>\n                                  <\/p>\n                                  <p>\n                                    <span class=\"u-text-custom-color-5\">Yetki<\/span>\n                                  <\/p>\n                                  <p style=\"text-align: justify;\">\n                                    <span class=\"u-text-custom-color-5\">MADDE 5 \u2013 (1)<\/span>\n                                    <span class=\"u-text-body-alt-color\">&nbsp;Bu Y\u00f6netmeli\u011fe tabi projeler hakk\u0131nda \"\u00c7ED Olumlu\", \"\u00c7ED Olumsuz\", \"\u00c7ED Gereklidir\" veya \"\u00c7ED Gerekli De\u011fildir\" kararlar\u0131n\u0131&nbsp;verme yetkisi Bakanl\u0131\u011fa aittir. Ancak Bakanl\u0131k gerekli g\u00f6rd\u00fc\u011f\u00fc&nbsp;durumlarda \"\u00c7ED Gereklidir\" veya \"\u00c7ED Gerekli De\u011fildir\" karar\u0131n\u0131n verilmesi konusundaki yetkisini, s\u0131n\u0131rlar\u0131n\u0131&nbsp;belirleyerek yetki geni\u015fli\u011fi esas\u0131na g\u00f6re Valiliklere devredebilir.<\/span>\n                                  <\/p>\n                                  <p style=\"text-align: justify;\">\n                                    <span class=\"u-text-body-alt-color\">\u00c7evresel etki de\u011ferlendirmesi ba\u015fvuru dosyas\u0131,&nbsp;\u00e7evresel etki de\u011ferlendirmesi raporu veya proje tan\u0131t\u0131m dosyas\u0131&nbsp;haz\u0131rlama y\u00fck\u00fcml\u00fcl\u00fc\u011f\u00fc<\/span>\n                                  <\/p>\n                                  <p style=\"text-align: justify;\">\n                                    <span class=\"u-text-custom-color-5\">MADDE 6 \u2013 (1)<\/span>\n                                    <span class=\"u-text-body-alt-color\">&nbsp;Bu Y\u00f6netmelik kapsam\u0131ndaki bir projeyi ger\u00e7ekle\u015ftirmeyi planlayan ger\u00e7ek veya t\u00fczel ki\u015filer;&nbsp;\u00c7evresel Etki De\u011ferlendirmesine tabi projeleri i\u00e7in;&nbsp;\u00c7ED Ba\u015fvuru Dosyas\u0131n\u0131,&nbsp;\u00c7ED Raporunu, Se\u00e7me Eleme Kriterleri uygulanacak projeler i\u00e7in ise Proje Tan\u0131t\u0131m Dosyas\u0131n\u0131, Bakanl\u0131k\u00e7a yeterlik verilmi\u015f&nbsp;kurum\/kurulu\u015flara haz\u0131rlatmak, ilgili makama sunulmas\u0131n\u0131&nbsp;sa\u011flamak ve proje kapsam\u0131nda verdikleri taahh\u00fctlere uymakla y\u00fck\u00fcml\u00fcd\u00fcrler.<\/span>\n                                  <\/p>\n                                  <p style=\"text-align: justify;\">\n                                    <span class=\"u-text-body-alt-color\">(2) Kamu kurum\/kurulu\u015flar\u0131, bu Y\u00f6netmelik h\u00fck\u00fcmlerinin yerine getirilmesi s\u00fcrecinde proje sahiplerinin veya Bakanl\u0131k\u00e7a yeterlik verilmi\u015f&nbsp;kurum\/kurulu\u015flar\u0131n isteyece\u011fi konuya ili\u015fkin her t\u00fcrl\u00fc&nbsp;bilgi, dok\u00fcman ve g\u00f6r\u00fc\u015f\u00fc&nbsp;vermekle y\u00fck\u00fcml\u00fcd\u00fcrler.<\/span>\n                                  <\/p>\n                                  <p style=\"text-align: justify;\">\n                                    <span class=\"u-text-body-alt-color\">(3) Bu Y\u00f6netmeli\u011fe tabi projeler i\u00e7in \"\u00c7evresel Etki De\u011ferlendirmesi Olumlu\" karar\u0131&nbsp;veya \"\u00c7evresel Etki De\u011ferlendirmesi Gerekli De\u011fildir\" karar\u0131&nbsp;al\u0131nmad\u0131k\u00e7a bu projelerle ilgili te\u015fvik, onay, izin, yap\u0131&nbsp;ve kullan\u0131m ruhsat\u0131&nbsp;verilemez, proje i\u00e7in yat\u0131r\u0131ma ba\u015flanamaz ve ihale edilemez.<\/span>\n                                  <\/p>\n                                  <p style=\"text-align: justify;\">\n                                    <span class=\"u-text-body-alt-color\">(4) Bu Y\u00f6netmelik h\u00fck\u00fcmlerine g\u00f6re karar tesis edilmeden&nbsp;\u00f6nce, projenin ger\u00e7ekle\u015ftirilmesinin mevzuat bak\u0131m\u0131ndan uygun olmad\u0131\u011f\u0131n\u0131n tespiti halinde, a\u015famas\u0131na bak\u0131lmaks\u0131z\u0131n s\u00fcre\u00e7&nbsp;sonland\u0131r\u0131l\u0131r.<\/span>\n                                  <\/p>\n                                  <p>\n                                    <span class=\"u-text-custom-color-5\">\u00dc\u00c7\u00dcNC\u00dc B\u00d6L\u00dcM<\/span>\n                                  <\/p>\n                                  <p>\n                                    <span class=\"u-text-custom-color-5\">\u00c7evresel Etki De\u011ferlendirmesi Y\u00f6ntemi<\/span>\n                                  <\/p>\n                                  <p>\n                                    <span class=\"u-text-custom-color-5\">\u00c7evresel etki de\u011ferlendirmesine tabi projeler<\/span>\n                                  <\/p>\n                                  <p style=\"text-align: justify;\">\n                                    <span class=\"u-text-custom-color-5\">MADDE 7 \u2013 (1)&nbsp;<\/span>\n                                    <span class=\"u-text-body-alt-color\">Bu Y\u00f6netmeli\u011fin;<\/span>\n                                  <\/p>\n                                  <p style=\"text-align: justify;\">\n                                    <span class=\"u-text-body-alt-color\">a) Ek-1 listesinde yer alan projelere,<\/span>\n                                  <\/p>\n                                  <p style=\"text-align: justify;\">\n                                    <span class=\"u-text-body-alt-color\">b) \"\u00c7ED Gereklidir\" karar\u0131&nbsp;verilen projelere,<\/span>\n                                  <\/p>\n                                  <p style=\"text-align: justify;\">\n                                    <span class=\"u-text-body-alt-color\">c) Kapsam d\u0131\u015f\u0131&nbsp;de\u011ferlendirilen projelere ili\u015fkin kapasite art\u0131r\u0131m\u0131&nbsp;ve\/veya geni\u015fletilmesinin planlanmas\u0131&nbsp;halinde, mevcut proje kapasitesi ve kapasite art\u0131\u015flar\u0131&nbsp;toplam\u0131&nbsp;ile birlikte projenin yeni kapasitesi ek-1 listesinde belirtilen e\u015fik de\u011fer veya&nbsp;\u00fczerinde olan projelere,<\/span>\n                                  <\/p>\n                                  <p>\n                                    <span class=\"u-text-custom-color-5\">\u00c7ED Raporu haz\u0131rlanmas\u0131 zorunludur.<\/span>\n                                  <\/p>\n                                  <p>\n                                    <span class=\"u-text-custom-color-5\">\u00c7evresel etki de\u011ferlendirmesi s\u00fcrecinin ba\u015flat\u0131lmas\u0131 ve komisyonun kurulu\u015fu<\/span>\n                                  <\/p>\n                                  <p style=\"text-align: justify;\">\n                                    <span class=\"u-text-custom-color-5\">MADDE 8 \u2013 (1)<\/span>\n                                    <span class=\"u-text-body-alt-color\">&nbsp;Bakanl\u0131k\u00e7a yeterlik verilmi\u015f&nbsp;kurum\/kurulu\u015flar ek-3\u2019te yer alan&nbsp;\u00c7ED Genel Format\u0131&nbsp;esas al\u0131narak haz\u0131rlanan&nbsp;\u00c7ED Ba\u015fvuru Dosyas\u0131n\u0131&nbsp;ve proje sahibi taraf\u0131ndan yetkilendirildi\u011fine dair vek\u00e2letname ve imza sirk\u00fclerini Bakanl\u0131\u011fa sunar.<\/span>\n                                  <\/p>\n                                  <p style=\"text-align: justify;\">\n                                    <span class=\"u-text-body-alt-color\">(2) \"\u00c7ED Gereklidir\" karar\u0131&nbsp;verilen projeler i\u00e7in, bu karar,&nbsp;\u00c7ED Ba\u015fvuru Dosyas\u0131&nbsp;ve proje sahibi taraf\u0131ndan yetkilendirildi\u011fine dair vek\u00e2letname ile imza sirk\u00fcleri, Bakanl\u0131k\u00e7a yeterlik verilmi\u015f&nbsp;kurum\/kurulu\u015flar taraf\u0131ndan Bakanl\u0131\u011fa sunulur.<\/span>\n                                  <\/p>\n                                  <p style=\"text-align: justify;\">\n                                    <span class=\"u-text-body-alt-color\">(3) Bakanl\u0131k, ba\u015fvuru dosyas\u0131ndaki bilgi ve belgeleri uygunluk bak\u0131m\u0131ndan inceler. Bu i\u015flemler be\u015f&nbsp;(5) i\u015f&nbsp;g\u00fcn\u00fc&nbsp;i\u00e7inde tamamlan\u0131r. Ek-3\u2019te yer alan&nbsp;\u00c7ED Genel Format\u0131na uygun haz\u0131rlanmad\u0131\u011f\u0131&nbsp;anla\u015f\u0131lan&nbsp;\u00c7ED Ba\u015fvuru Dosyas\u0131&nbsp;tamamlanmak&nbsp;\u00fczere iade edilir. Bakanl\u0131k\u00e7a yeterlik verilmi\u015f&nbsp;kurum\/kurulu\u015flar eksikliklerini tamamlay\u0131p&nbsp;\u00c7ED Ba\u015fvuru Dosyas\u0131n\u0131&nbsp;yeniden Bakanl\u0131\u011fa sunar.<\/span>\n                                  <\/p>\n                                  <p style=\"text-align: justify;\">\n                                    <span class=\"u-text-body-alt-color\">(4)&nbsp;\u0130nceleme sonucunda ba\u015fvuru dosyas\u0131n\u0131n ek-3\u2019te yer alan&nbsp;\u00c7ED Genel Format\u0131na uygun haz\u0131rland\u0131\u011f\u0131na karar verilmesi halinde, Bakanl\u0131k taraf\u0131ndan ba\u015fvuru dosyas\u0131ndaki bilgiler dikkate al\u0131narak, ilgili kamu kurum ve kurulu\u015f&nbsp;temsilcileri, Bakanl\u0131k yetkilileri, proje sahibi ve Bakanl\u0131k\u00e7a yeterlik verilmi\u015f&nbsp;kurum\/kurulu\u015flardan olu\u015fan bir Komisyon kurulur.<\/span>\n                                  <\/p>\n                                  <p style=\"text-align: justify;\">\n                                    <span class=\"u-text-body-alt-color\">(5) Proje ile ilgili olarak ba\u015fvurunun yap\u0131ld\u0131\u011f\u0131n\u0131,&nbsp;\u00c7ED s\u00fcrecinin ba\u015flad\u0131\u011f\u0131n\u0131,&nbsp;\u00c7ED Ba\u015fvuru Dosyas\u0131n\u0131n halk\u0131n g\u00f6r\u00fc\u015f\u00fcne a\u00e7\u0131ld\u0131\u011f\u0131n\u0131&nbsp;ve&nbsp;\u00c7ED s\u00fcreci tamamlanana kadar projeye ili\u015fkin g\u00f6r\u00fc\u015f&nbsp;ve&nbsp;\u00f6nerilerin Valili\u011fe veya Bakanl\u0131\u011fa verilebilece\u011fi Bakanl\u0131k ve Valilik taraf\u0131ndan anons, ask\u0131da ilan, internet vb.&nbsp;\u015fekilde halka duyurulur.<\/span>\n                                  <\/p>\n                                  <p style=\"text-align: justify;\">\n                                    <span class=\"u-text-body-alt-color\">(6) Bakanl\u0131k, Halk\u0131n Kat\u0131l\u0131m\u0131&nbsp;Toplant\u0131s\u0131&nbsp;ve kapsam belirleme i\u00e7in g\u00f6r\u00fc\u015f&nbsp;verme tarihini belirten bir yaz\u0131y\u0131&nbsp;ve ek-3\u2019te yer alan Genel Format do\u011frultusunda haz\u0131rlanm\u0131\u015f&nbsp;\u00c7ED Ba\u015fvuru Dosyas\u0131n\u0131, Komisyon&nbsp;\u00fcyelerine g\u00f6nderir.<\/span>\n                                  <\/p>\n                                  <p style=\"text-align: justify;\">\n                                    <span class=\"u-text-body-alt-color\">(7) Bakanl\u0131k, gerekli g\u00f6rd\u00fc\u011f\u00fc&nbsp;hallerde, projenin konusu, t\u00fcr\u00fc&nbsp;ve proje i\u00e7in belirlenen yerin&nbsp;\u00f6zelliklerini de dikkate alarak,&nbsp;\u00fcniversiteler, enstit\u00fcler, ara\u015ft\u0131rma ve uzman kurulu\u015flar\u0131, meslek odalar\u0131, sendikalar, birlikler, sivil toplum&nbsp;\u00f6rg\u00fctlerinden temsilcileri de Komisyon toplant\u0131lar\u0131na&nbsp;\u00fcye olarak&nbsp;\u00e7a\u011f\u0131rabilir.<\/span>\n                                  <\/p>\n                                  <p style=\"text-align: justify;\">\n                                    <span class=\"u-text-body-alt-color\">(8) Komisyonda kurum ve kurulu\u015f&nbsp;temsilcisi olarak g\u00f6rev yapan&nbsp;\u00fcyelerin, yeterli mesleki bilgi ve deneyime sahip olmalar\u0131&nbsp;ve temsil ettikleri kurum\/kurulu\u015flar\u0131n g\u00f6rev alanlar\u0131yla s\u0131n\u0131rl\u0131&nbsp;olmak&nbsp;\u00fczere g\u00f6r\u00fc\u015f&nbsp;vermeye yetkili k\u0131l\u0131nm\u0131\u015f&nbsp;olmalar\u0131&nbsp;esast\u0131r.<\/span>\n                                  <\/p>\n                                  <p style=\"text-align: justify;\">\n                                    <span class=\"u-text-body-alt-color\">Halk\u0131n kat\u0131l\u0131m\u0131&nbsp;toplant\u0131s\u0131<\/span>\n                                  <\/p>\n                                  <p style=\"text-align: justify;\">\n                                    <span class=\"u-text-body-alt-color\">MADDE 9&nbsp;\u2013&nbsp;(1) Halk\u0131&nbsp;yat\u0131r\u0131m hakk\u0131nda bilgilendirmek, projeye ili\u015fkin g\u00f6r\u00fc\u015f&nbsp;ve&nbsp;\u00f6nerilerini almak&nbsp;\u00fczere; Bakanl\u0131k\u00e7a yeterlik verilmi\u015f&nbsp;kurum\/kurulu\u015flar ve proje sahibinin kat\u0131l\u0131m\u0131&nbsp;ile Bakanl\u0131k\u00e7a belirlenen tarihte, projeden en&nbsp;\u00e7ok etkilenmesi beklenen ilgili halk\u0131n kolayl\u0131kla ula\u015fabilece\u011fi Valilik\u00e7e belirlenen merkezi bir yer ve saatte Halk\u0131n Kat\u0131l\u0131m\u0131&nbsp;Toplant\u0131s\u0131&nbsp;d\u00fczenlenir.<\/span>\n                                  <\/p>\n                                  <p style=\"text-align: justify;\">\n                                    <span class=\"u-text-body-alt-color\">a) Bakanl\u0131k\u00e7a yeterlik verilmi\u015f&nbsp;kurum\/kurulu\u015flar toplant\u0131&nbsp;tarihini, saatini, yerini ve konusunu belirten bir ilan\u0131; projenin ger\u00e7ekle\u015ftirilece\u011fi y\u00f6rede yay\u0131nlanan yerel s\u00fcreli yay\u0131n ile birlikte yayg\u0131n s\u00fcreli yay\u0131n olarak tan\u0131mlanan bir gazetede toplant\u0131&nbsp;tarihinden en az on (10) takvim g\u00fcn\u00fc&nbsp;\u00f6nce yay\u0131nlat\u0131r.<\/span>\n                                  <\/p>\n                                  <p style=\"text-align: justify;\">\n                                    <span class=\"u-text-body-alt-color\">b) Halk\u0131n Kat\u0131l\u0131m\u0131&nbsp;Toplant\u0131s\u0131,&nbsp;\u00c7evre ve&nbsp;\u015eehircilik&nbsp;\u0130l M\u00fcd\u00fcr\u00fcn\u00fcn veya g\u00f6revlendirece\u011fi bir yetkilinin ba\u015fkanl\u0131\u011f\u0131nda yap\u0131l\u0131r. Toplant\u0131da; halk\u0131n, proje hakk\u0131nda bilgilendirilmesi, g\u00f6r\u00fc\u015f, soru ve&nbsp;\u00f6nerilerinin al\u0131nmas\u0131&nbsp;sa\u011flan\u0131r. Ba\u015fkan, kat\u0131l\u0131mc\u0131lardan g\u00f6r\u00fc\u015flerini yaz\u0131l\u0131&nbsp;olarak vermelerini isteyebilir. Toplant\u0131&nbsp;tutana\u011f\u0131, bir sureti Valilikte kalmak&nbsp;\u00fczere Bakanl\u0131\u011fa g\u00f6nderilir.<\/span>\n                                  <\/p>\n                                  <p style=\"text-align: justify;\">\n                                    <span class=\"u-text-body-alt-color\">(2) Valilik, Halk\u0131n Kat\u0131l\u0131m\u0131&nbsp;Toplant\u0131s\u0131&nbsp;ile halk\u0131n g\u00f6r\u00fc\u015f&nbsp;ve&nbsp;\u00f6nerilerini bildirebilece\u011fi s\u00fcre\u00e7&nbsp;ile ilgili zamanlama takvimini ve ileti\u015fim bilgilerini halka duyurur. Halk\u0131n g\u00f6r\u00fc\u015f&nbsp;ve&nbsp;\u00f6nerileri, zamanlama takvimi i\u00e7erisinde Komisyona sunulur.<\/span>\n                                  <\/p>\n                                  <p style=\"text-align: justify;\">\n                                    <span class=\"u-text-body-alt-color\">(3) Komisyon&nbsp;\u00fcyeleri, kapsam belirlemesi&nbsp;\u00f6ncesinde proje uygulama yerini inceleyebilir, kendilerine iletilen tarihe g\u00f6re Halk\u0131n Kat\u0131l\u0131m\u0131&nbsp;Toplant\u0131s\u0131na kat\u0131labilirler.<\/span>\n                                  <\/p>\n                                  <p style=\"text-align: justify;\">\n                                    <span class=\"u-text-body-alt-color\">(4) Bakanl\u0131k\u00e7a yeterlik verilmi\u015f&nbsp;kurum\/kurulu\u015flar taraf\u0131ndan halk\u0131&nbsp;bilgilendirmek amac\u0131yla bro\u015f\u00fcr da\u011f\u0131tmak, anket, seminer gibi&nbsp;\u00e7al\u0131\u015fmalar Halk\u0131n Kat\u0131l\u0131m\u0131&nbsp;Toplant\u0131s\u0131ndan&nbsp;\u00f6nce yap\u0131labilir veya internet sitesinden yay\u0131nlanabilir.<\/span>\n                                  <\/p>\n                                  <p style=\"text-align: justify;\">\n                                    <span class=\"u-text-body-alt-color\">Komisyonun, kapsam ve&nbsp;\u00f6zel format belirlemesi<\/span>\n                                  <\/p>\n                                  <p style=\"text-align: justify;\">\n                                    <span class=\"u-text-body-alt-color\">MADDE 10&nbsp;\u2013&nbsp;(1) Komisyon&nbsp;\u00fcyesi kurum\/kurulu\u015flar\u0131n g\u00f6r\u00fc\u015f&nbsp;ve&nbsp;\u00f6nerileri ile halktan gelen g\u00f6r\u00fc\u015f&nbsp;ve&nbsp;\u00f6neriler do\u011frultusunda Bakanl\u0131k\u00e7a&nbsp;\u00c7ED Raporu&nbsp;\u00d6zel Format\u0131&nbsp;haz\u0131rlan\u0131r.<\/span>\n                                  <\/p>\n                                  <p style=\"text-align: justify;\">\n                                    <span class=\"u-text-body-alt-color\">(2) Komisyon taraf\u0131ndan belirlenen&nbsp;\u00d6zel Format, Bakanl\u0131k taraf\u0131ndan belirlenen&nbsp;\u00d6zel Format Bedelinin bu maddede belirlenen s\u00fcre i\u00e7erisinde&nbsp;\u00f6denmesi mukabilinde verilir. Halk\u0131n Kat\u0131l\u0131m\u0131&nbsp;Toplant\u0131s\u0131\/Toplant\u0131lar\u0131n\u0131n tamamlanmas\u0131ndan itibaren Format Bedeli,&nbsp;\u00fc\u00e7&nbsp;(3) ay i\u00e7erisinde yat\u0131r\u0131lmaz ise&nbsp;\u00c7ED s\u00fcreci sonland\u0131r\u0131l\u0131r.<\/span>\n                                  <\/p>\n                                  <p style=\"text-align: justify;\">\n                                    <span class=\"u-text-body-alt-color\">(3) Format Bedelinin yat\u0131r\u0131lmas\u0131ndan sonra, Bakanl\u0131k\u00e7a yedi (7) i\u015f&nbsp;g\u00fcn\u00fc&nbsp;i\u00e7erisinde&nbsp;\u00d6zel Format verilir.<\/span>\n                                  <\/p>\n                                  <p style=\"text-align: justify;\">\n                                    <span class=\"u-text-body-alt-color\">(4) Bakanl\u0131k\u00e7a yeterlik verilmi\u015f&nbsp;kurum\/kurulu\u015flar&nbsp;\u00d6zel Format\u0131n verili\u015f&nbsp;tarihinden itibaren on sekiz (18) ay i\u00e7inde&nbsp;\u00c7ED Raporunu Bakanl\u0131\u011fa sunmakla y\u00fck\u00fcml\u00fcd\u00fcr. Bu s\u00fcre i\u00e7inde&nbsp;\u00c7ED Raporu sunulmaz ise&nbsp;\u00c7ED s\u00fcreci sonland\u0131r\u0131l\u0131r.<\/span>\n                                  <\/p>\n                                  <p style=\"text-align: justify;\">\n                                    <span class=\"u-text-body-alt-color\">\u00c7evresel etki de\u011ferlendirmesi raporunun bakanl\u0131\u011fa sunulmas\u0131<\/span>\n                                  <\/p>\n                                  <p style=\"text-align: justify;\">\n                                    <span class=\"u-text-body-alt-color\">MADDE 11&nbsp;\u2013&nbsp;(1) Bakanl\u0131k\u00e7a yeterlik verilmi\u015f&nbsp;kurum\/kurulu\u015flar taraf\u0131ndan haz\u0131rlanan&nbsp;\u00c7ED Raporu Bakanl\u0131\u011fa sunulur.&nbsp;\u00c7ED Raporunun&nbsp;\u00d6zel Format\u0131na uygunlu\u011fu ve belirlenen&nbsp;\u00e7al\u0131\u015fma grubunda yer almas\u0131&nbsp;gereken meslek uzmanlar\u0131nca haz\u0131rlan\u0131p haz\u0131rlanmad\u0131\u011f\u0131&nbsp;hakk\u0131ndaki inceleme Bakanl\u0131k taraf\u0131ndan be\u015f&nbsp;(5) i\u015f&nbsp;g\u00fcn\u00fc&nbsp;i\u00e7inde sonu\u00e7land\u0131r\u0131l\u0131r.&nbsp;\u00c7ED Raporunun&nbsp;\u00d6zel Format\u0131na uygun olmad\u0131\u011f\u0131&nbsp;ve\/veya belirlenen&nbsp;\u00e7al\u0131\u015fma grubunca haz\u0131rlanmad\u0131\u011f\u0131n\u0131n anla\u015f\u0131lmas\u0131&nbsp;halinde, bu hususlar\u0131n yerine getirilmesi i\u00e7in&nbsp;\u00c7ED Raporu iade edilir.&nbsp;\u0130ade edilen&nbsp;\u00c7ED raporunun&nbsp;\u00fc\u00e7&nbsp;(3) ay i\u00e7inde Bakanl\u0131\u011fa sunulmamas\u0131&nbsp;veya yap\u0131lan d\u00fczeltmenin yeterli g\u00f6r\u00fclmedi\u011fi durumda&nbsp;\u00c7ED s\u00fcreci sonland\u0131r\u0131l\u0131r.<\/span>\n                                  <\/p>\n                                  <p style=\"text-align: justify;\">\n                                    <span class=\"u-text-body-alt-color\">(2) Bakanl\u0131k\u00e7a&nbsp;\u00c7ED Raporu&nbsp;\u00d6zel Format\u0131na uygun haz\u0131rland\u0131\u011f\u0131&nbsp;tespit edilen&nbsp;\u00c7ED Raporu, inceleme ve de\u011ferlendirme toplant\u0131s\u0131n\u0131n tarihi ve yerini belirten bir yaz\u0131&nbsp;ile Komisyon&nbsp;\u00fcyelerine g\u00f6nderilir.<\/span>\n                                  <\/p>\n                                  <p style=\"text-align: justify;\">\n                                    <span class=\"u-text-body-alt-color\">(3) Proje ile ilgili inceleme de\u011ferlendirme s\u00fcrecinin ba\u015flad\u0131\u011f\u0131&nbsp;ve&nbsp;\u00c7ED Raporunun halk\u0131n g\u00f6r\u00fc\u015f\u00fcne a\u00e7\u0131ld\u0131\u011f\u0131&nbsp;Bakanl\u0131k ve Valilik taraf\u0131ndan anons, ask\u0131da ilan, internet vb.&nbsp;\u015fekilde halka duyurulur.<\/span>\n                                  <\/p>\n                                  <p style=\"text-align: justify;\">\n                                    <span class=\"u-text-body-alt-color\">(4)&nbsp;\u00c7ED Raporunu incelemek isteyenler, duyuru tarihinden itibaren rapor nihai edilene kadar raporu inceleyerek proje hakk\u0131nda Bakanl\u0131\u011fa veya Valili\u011fe g\u00f6r\u00fc\u015f&nbsp;bildirebilirler. Valili\u011fe bildirilen g\u00f6r\u00fc\u015fler Bakanl\u0131\u011fa iletilir. Bu g\u00f6r\u00fc\u015fler Komisyon taraf\u0131ndan dikkate al\u0131n\u0131r ve Bakanl\u0131k\u00e7a yeterlik verilmi\u015f&nbsp;kurum\/kurulu\u015flar taraf\u0131ndan&nbsp;\u00c7ED Raporuna yans\u0131t\u0131l\u0131r.<\/span>\n                                  <\/p>\n                                  <p style=\"text-align: justify;\">\n                                    <span class=\"u-text-body-alt-color\">Komisyonun&nbsp;\u00e7al\u0131\u015fma usul\u00fc&nbsp;ve&nbsp;\u00e7evresel etki de\u011ferlendirmesi raporunun incelenmesi<\/span>\n                                  <\/p>\n                                  <p style=\"text-align: justify;\">\n                                    <span class=\"u-text-body-alt-color\">MADDE 12&nbsp;\u2013&nbsp;(1) Komisyon&nbsp;\u00c7ED Raporunu, ilk inceleme de\u011ferlendirme toplant\u0131s\u0131ndan itibaren on (10) i\u015f&nbsp;g\u00fcn\u00fc&nbsp;i\u00e7inde inceler ve de\u011ferlendirir.<\/span>\n                                  <\/p>\n                                  <p style=\"text-align: justify;\">\n                                    <span class=\"u-text-body-alt-color\">(2) Komisyon, salt&nbsp;\u00e7o\u011funluk ile toplan\u0131r. Komisyon&nbsp;\u00fcyeleri, temsil ettikleri merkezi ve yerel kurum\/kurulu\u015flar\u0131&nbsp;ilgilendiren konulardaki yetki, g\u00f6rev ve sorumluluklar\u0131&nbsp;\u00e7er\u00e7evesinde g\u00f6revlendirilirler; kurum\/kurulu\u015flar\u0131&nbsp;ad\u0131na g\u00f6r\u00fc\u015f&nbsp;bildirirler. Komisyon ba\u015fkan\u0131,&nbsp;\u00fcyelerden g\u00f6r\u00fc\u015flerini yaz\u0131l\u0131&nbsp;olarak vermelerini isteyebilir. Yaz\u0131l\u0131&nbsp;g\u00f6r\u00fc\u015f&nbsp;veren kurum temsilcilerinin sonraki toplant\u0131lara kat\u0131lmamaya ili\u015fkin istemleri Komisyon ba\u015fkan\u0131nca de\u011ferlendirilir.<\/span>\n                                  <\/p>\n                                  <p style=\"text-align: justify;\">\n                                    <span class=\"u-text-body-alt-color\">(3) Komisyon, Bakanl\u0131k\u00e7a yeterlik verilmi\u015f&nbsp;kurum\/kurulu\u015flardan proje ile ilgili geni\u015f&nbsp;kapsaml\u0131&nbsp;bilgi vermesini, ara\u00e7&nbsp;gere\u00e7&nbsp;sa\u011flamas\u0131n\u0131, konusu itibariyle Bakanl\u0131k\u00e7a ya da Bakanl\u0131k\u00e7a yeterlik verilmi\u015f&nbsp;\u00f6zel veya kamuya ait kurum\/kurulu\u015flar\u0131n&nbsp;laboratuvarlar\u0131nca&nbsp;analiz, deney ve&nbsp;\u00f6l\u00e7\u00fcmler yapmas\u0131n\u0131&nbsp;veya yapt\u0131rmas\u0131n\u0131&nbsp;isteyebilir.<\/span>\n                                  <\/p>\n                                  <p style=\"text-align: justify;\">\n                                    <span class=\"u-text-body-alt-color\">(4) Su, toprak ve benzeri analizlerde, tart\u0131\u015fmal\u0131&nbsp;durum olmas\u0131&nbsp;halinde&nbsp;\u015fahit numuneye ba\u015fvurulabilir. Bu i\u015flemlerin sonu\u00e7lar\u0131n\u0131&nbsp;Bakanl\u0131k\u00e7a yeterlik verilmi\u015f&nbsp;kurum\/kurulu\u015flar Bakanl\u0131\u011fa sunmakla y\u00fck\u00fcml\u00fcd\u00fcrler.<\/span>\n                                  <\/p>\n                                  <p style=\"text-align: justify;\">\n                                    <span class=\"u-text-body-alt-color\">(5) Komisyon gerekli g\u00f6r\u00fcrse, g\u00f6revlendirece\u011fi&nbsp;\u00fcyeleri arac\u0131l\u0131\u011f\u0131&nbsp;ile projenin ger\u00e7ekle\u015ftirilmesi planlanan yerde ve benzer tesislerde inceleme yapabilir.<\/span>\n                                  <\/p>\n                                  <p style=\"text-align: justify;\">\n                                    <span class=\"u-text-body-alt-color\">(6)&nbsp;\u00c7ED Raporunda&nbsp;\u00f6nemli eksiklik ve yanl\u0131\u015flar\u0131n g\u00f6r\u00fclmesi durumunda Komisyon, bunlar\u0131n giderilmesini Bakanl\u0131k\u00e7a yeterlik verilmi\u015f&nbsp;kurum\/kurulu\u015flardan veya ilgili kurumlardan ister. Bu durumda, inceleme de\u011ferlendirme s\u00fcreci durdurulur. Eksiklikler tamamlanmadan veya gerekli d\u00fczeltmeler yap\u0131lmadan Komisyon&nbsp;\u00e7al\u0131\u015fmalar\u0131na devam edilmez.<\/span>\n                                  <\/p>\n                                  <p style=\"text-align: justify;\">\n                                    <span class=\"u-text-body-alt-color\">(7) Bakanl\u0131k\u00e7a yeterlik verilmi\u015f&nbsp;kurum\/kurulu\u015flar\u0131n&nbsp;\u00c7ED Raporunda gerekli g\u00f6r\u00fclen d\u00fczeltmeleri yap\u0131p yeniden Bakanl\u0131\u011fa sunmas\u0131ndan sonra; Komisyon, Bakanl\u0131k\u00e7a toplant\u0131ya&nbsp;\u00e7a\u011f\u0131r\u0131l\u0131r. Toplant\u0131n\u0131n yap\u0131lmas\u0131&nbsp;ile birlikte inceleme de\u011ferlendirme s\u00fcreci kald\u0131\u011f\u0131&nbsp;yerden i\u015flemeye ba\u015flar.<\/span>\n                                  <\/p>\n                                  <p style=\"text-align: justify;\">\n                                    <span class=\"u-text-body-alt-color\">(8) Bakanl\u0131k\u00e7a yeterlik verilmi\u015f&nbsp;kurum\/kurulu\u015flardan&nbsp;\u00c7ED Raporunda de\u011fi\u015fiklik yapmas\u0131&nbsp;en&nbsp;\u00e7ok iki (2) kez istenebilir. Yap\u0131lan d\u00fczeltme Komisyonca yeterli g\u00f6r\u00fclmez ise durum bir tutanakla belirlenir ve projenin&nbsp;\u00c7ED s\u00fcreci sonland\u0131r\u0131l\u0131r.<\/span>\n                                  <\/p>\n                                  <p style=\"text-align: justify;\">\n                                    <span class=\"u-text-body-alt-color\">(9) Komisyon taraf\u0131ndan, inceleme de\u011ferlendirme toplant\u0131lar\u0131&nbsp;s\u0131ras\u0131nda;<\/span>\n                                  <\/p>\n                                  <p style=\"text-align: justify;\">\n                                    <span class=\"u-text-body-alt-color\">a)&nbsp;\u00c7ED Raporu ve eklerinin yeterli ve uygun olup olmad\u0131\u011f\u0131,<\/span>\n                                  <\/p>\n                                  <p style=\"text-align: justify;\">\n                                    <span class=\"u-text-body-alt-color\">b) Projenin&nbsp;\u00e7evreye olabilecek etkilerinin kapsaml\u0131&nbsp;bir&nbsp;\u015fekilde incelenip incelenmedi\u011fi,<\/span>\n                                  <\/p>\n                                  <p style=\"text-align: justify;\">\n                                    <span class=\"u-text-body-alt-color\">c)&nbsp;\u00c7evreye olabilecek olumsuz etkilerin giderilmesi i\u00e7in gerekli&nbsp;\u00f6nlemlerin yer al\u0131p almad\u0131\u011f\u0131,<\/span>\n                                  <\/p>\n                                  <p style=\"text-align: justify;\">\n                                    <span class=\"u-text-body-alt-color\">\u00e7) Halk\u0131n Kat\u0131l\u0131m\u0131&nbsp;Toplant\u0131s\u0131&nbsp;ve s\u00fcre\u00e7&nbsp;i\u00e7erisinde gelen g\u00f6r\u00fc\u015f&nbsp;ve&nbsp;\u00f6nerilere&nbsp;\u00e7\u00f6z\u00fcm getirilip getirilmedi\u011fine ili\u015fkin inceleme ve de\u011ferlendirmeler yap\u0131l\u0131r.<\/span>\n                                  <\/p>\n                                  <p style=\"text-align: justify;\">\n                                    <span class=\"u-text-body-alt-color\">(10) Komisyon&nbsp;\u00e7al\u0131\u015fmalar\u0131n\u0131&nbsp;ve de\u011ferlendirmelerini tutanak alt\u0131na al\u0131r ve sonu\u00e7land\u0131r\u0131r.<\/span>\n                                  <\/p>\n                                  <p style=\"text-align: justify;\">\n                                    <span class=\"u-text-body-alt-color\">Komisyon taraf\u0131ndan incelenerek son&nbsp;\u015fekli verilen&nbsp;\u00e7evresel etki de\u011ferlendirmesi raporu ve ilgili dok\u00fcmanlar\u0131n bakanl\u0131\u011fa sunulmas\u0131<\/span>\n                                  <\/p>\n                                  <p style=\"text-align: justify;\">\n                                    <span class=\"u-text-custom-color-5\">MADDE 13 \u2013 (1)<\/span>\n                                    <span class=\"u-text-body-alt-color\">&nbsp;Komisyon taraf\u0131ndan incelenerek son \u015fekli verilen \u00c7ED Raporu, Bakanl\u0131k\u00e7a yeterlik verilmi\u015f kurum\/kurulu\u015flar taraf\u0131ndan inceleme de\u011ferlendirme toplant\u0131lar\u0131n\u0131n sona erdirilmes<\/span>\n                                    <span class=\"u-text-body-alt-color\">inden sonraki on (10) takvim g\u00fcn\u00fc i\u00e7inde Bakanl\u0131\u011fa sunulur.<\/span>\n                                  <\/p>\n                                  <p style=\"text-align: justify;\">\n                                    <span class=\"u-text-body-alt-color\">\u00c7evresel etki de\u011ferlendirmesi olumlu veya&nbsp;\u00e7evresel etki de\u011ferlendirmesi olumsuz karar\u0131<\/span>\n                                  <\/p>\n                                  <p style=\"text-align: justify;\">\n                                    <span class=\"u-text-custom-color-5\">MADDE 14 \u2013 (1)<\/span>\n                                    <span class=\"u-text-body-alt-color\">&nbsp;Komisyon taraf\u0131ndan incelenerek son&nbsp;\u015fekli verilen&nbsp;\u00c7ED Raporu, halk\u0131n g\u00f6r\u00fc\u015f&nbsp;ve&nbsp;\u00f6nerilerini almak&nbsp;\u00fczere, Bakanl\u0131k ve\/veya Valilik taraf\u0131ndan ask\u0131da ilan ve internet arac\u0131l\u0131\u011f\u0131&nbsp;ile on (10) takvim g\u00fcn\u00fc&nbsp;g\u00f6r\u00fc\u015fe a\u00e7\u0131l\u0131r. Bakanl\u0131k\u00e7a proje ile ilgili karar alma s\u00fcrecinde bu g\u00f6r\u00fc\u015fler de de\u011ferlendirilir. Bakanl\u0131k halktan gelen g\u00f6r\u00fc\u015fler do\u011frultusunda, rapor i\u00e7eri\u011finde gerekli eksikliklerin tamamlanmas\u0131n\u0131, ek&nbsp;\u00e7al\u0131\u015fmalar yap\u0131lmas\u0131n\u0131&nbsp;ya da Komisyonun yeniden toplanmas\u0131n\u0131&nbsp;isteyebilir. Nihai&nbsp;\u00c7ED Raporu ve eklerinin proje sahibi taahh\u00fcd\u00fc&nbsp;alt\u0131nda oldu\u011funu belirten taahh\u00fct yaz\u0131s\u0131&nbsp;ve noter onayl\u0131&nbsp;imza sirk\u00fcleri be\u015f&nbsp;(5) i\u015f&nbsp;g\u00fcn\u00fc&nbsp;i\u00e7erisinde Bakanl\u0131\u011fa sunulur. Kamu kurum\/kurulu\u015flar\u0131ndan imza sirk\u00fcleri istenmez.<\/span>\n                                  <\/p>\n                                  <p style=\"text-align: justify;\">\n                                    <span class=\"u-text-body-alt-color\">(2) Birinci f\u0131krada belirtilen belgeler, s\u00fcresi i\u00e7erisinde gerek\u00e7esi belirtilmeden sunulmaz ise, projenin&nbsp;\u00c7ED s\u00fcreci sonland\u0131r\u0131l\u0131r.<\/span>\n                                  <\/p>\n                                  <p style=\"text-align: justify;\">\n                                    <span class=\"u-text-body-alt-color\">(3) Bakanl\u0131k, Komisyon \u00e7al\u0131\u015fmalar\u0131n\u0131 ve halk\u0131n g\u00f6r\u00fc\u015flerini dikkate alarak proje i\u00e7in \"\u00c7ED Olumlu\" ya da \"\u00c7ED Olumsuz\" karar\u0131n\u0131 on (10) i\u015f g\u00fcn\u00fc i\u00e7inde verir ve bu karar\u0131 Komisyon \u00fcyelerine bildirir. Proje i\u00e7in verilen &nbsp;\"\u00c7ED Olumlu\" ya da \"\u00c7ED Olumsuz\" karar\u0131 Bakanl\u0131k ve Valilik taraf\u0131ndan ask\u0131da ilan ve internet arac\u0131l\u0131\u011f\u0131 ile halka&nbsp;<\/span>\n                                    <span class=\"u-text-body-alt-color\">duyurulur.<\/span>\n                                  <\/p>\n                                  <p style=\"text-align: justify;\">\n                                    <span class=\"u-text-body-alt-color\">(4) \"\u00c7ED Olumlu\" karar\u0131&nbsp;verilen proje i\u00e7in yedi (7) y\u0131l i\u00e7inde m\u00fccbir sebep bulunmaks\u0131z\u0131n yat\u0131r\u0131ma ba\u015flanmamas\u0131&nbsp;durumunda \"\u00c7ED Olumlu\" karar\u0131&nbsp;ge\u00e7ersiz say\u0131l\u0131r.<\/span>\n                                  <\/p>\n                                  <p style=\"text-align: justify;\">\n                                    <span class=\"u-text-body-alt-color\">(5) \"\u00c7ED Olumsuz\" karar\u0131&nbsp;verilen projeler i\u00e7in \"\u00c7ED Olumsuz\" karar\u0131&nbsp;verilmesine neden olan&nbsp;\u015fartlarda de\u011fi\u015fiklik olmas\u0131&nbsp;durumunda yeniden ba\u015fvuruda bulunulabilir.<\/span>\n                                  <\/p>\n                                  <p>\n                                    <span class=\"u-text-custom-color-5\">D\u00d6RD\u00dcNC\u00dc B\u00d6L\u00dcM<\/span>\n                                  <\/p>\n                                  <p>\n                                    <span class=\"u-text-custom-color-5\">Se\u00e7me, Eleme Kriterleri Uygulama Y\u00f6ntemi<\/span>\n                                  <\/p>\n                                  <p>\n                                    <span class=\"u-text-custom-color-5\">Se\u00e7me, eleme kriterlerine tabi projeler<\/span>\n                                  <\/p>\n                                  <p style=\"text-align: justify;\">\n                                    <span class=\"u-text-custom-color-5\">MADDE 15 \u2013 (1)<\/span>\n                                    <span class=\"u-text-body-alt-color\">&nbsp;Bu Y\u00f6netmeli\u011fin;<\/span>\n                                  <\/p>\n                                  <p style=\"text-align: justify;\">\n                                    <span class=\"u-text-body-alt-color\">a) Ek-2 listesinde yer alan projeler,<\/span>\n                                  <\/p>\n                                  <p style=\"text-align: justify;\">\n                                    <span class=\"u-text-body-alt-color\">b) Kapsam d\u0131\u015f\u0131 de\u011ferlendirilen projelere ili\u015fkin kapasite art\u0131r\u0131m\u0131 ve\/veya geni\u015fletilmesinin planlanmas\u0131 halinde, mevcut proje kapasitesi ve kapasite art\u0131\u015flar\u0131 toplam\u0131 ile birlikte projenin yeni kapasitesi ek-2 listesinde belirtilen projeler,&nbsp;<\/span>\n                                    <span class=\"u-text-body-alt-color\">se\u00e7me, eleme kriterlerine tabidir.<\/span>\n                                  <\/p>\n                                  <p id=\"isPasted\">\n                                    <span class=\"u-text-custom-color-5\">Ba\u015fvuru ve inceleme<\/span>\n                                  <\/p>\n                                  <p style=\"text-align: justify;\">\n                                    <span class=\"u-text-custom-color-5\">MADDE 16 \u2013 (1)<\/span>\n                                    <span class=\"u-text-body-alt-color\">&nbsp;\u00c7evresel Etki De\u011ferlendirmesinin gerekli olup olmad\u0131\u011f\u0131n\u0131n ara\u015ft\u0131r\u0131lmas\u0131&nbsp;amac\u0131yla Bakanl\u0131k\u00e7a yeterlik verilmi\u015f&nbsp;kurum\/kurulu\u015flar taraf\u0131ndan; ek-4\u2019e g\u00f6re haz\u0131rlanan Proje Tan\u0131t\u0131m Dosyas\u0131, proje sahibince Proje Tan\u0131t\u0131m Dosyas\u0131nda ve eklerinde yer alan bilgi ve belgelerin do\u011fru oldu\u011funu belirtir taahh\u00fct yaz\u0131s\u0131&nbsp;ve imza sirk\u00fcleri ile Bakanl\u0131k taraf\u0131ndan belirlenen ba\u015fvuru bedelinin&nbsp;\u00f6dendi\u011fine dair belge Bakanl\u0131\u011fa sunulur.<\/span>\n                                  <\/p>\n                                  <p style=\"text-align: justify;\">\n                                    <span class=\"u-text-body-alt-color\">(2) Bakanl\u0131k, proje i\u00e7in haz\u0131rlanan Proje Tan\u0131t\u0131m Dosyas\u0131n\u0131&nbsp;ek-4\u2019te yer alan&nbsp;kriterler&nbsp;\u00e7er\u00e7evesinde be\u015f&nbsp;(5) i\u015f&nbsp;g\u00fcn\u00fc&nbsp;i\u00e7inde inceler. Dosya kapsam\u0131ndaki bilgi ve belgelerde eksikliklerin bulunmas\u0131&nbsp;halinde bunlar\u0131n tamamlanmas\u0131&nbsp;Bakanl\u0131k\u00e7a yeterlik verilmi\u015f&nbsp;kurum\/kurulu\u015flardan istenir.<\/span>\n                                  <\/p>\n                                  <p style=\"text-align: justify;\">\n                                    <span class=\"u-text-body-alt-color\">(3) Eksiklikleri alt\u0131&nbsp;(6) ay i\u00e7erisinde tamamlanmayan Proje Tan\u0131t\u0131m Dosyas\u0131na ili\u015fkin&nbsp;\u00c7ED s\u00fcreci sonland\u0131r\u0131l\u0131r.<\/span>\n                                  <\/p>\n                                  <p style=\"text-align: justify;\">\n                                    <span class=\"u-text-body-alt-color\">\u00c7evresel etki de\u011ferlendirmesi gereklidir veya&nbsp;\u00e7evresel etki de\u011ferlendirmesi gerekli de\u011fildir karar\u0131<\/span>\n                                  <\/p>\n                                  <p style=\"text-align: justify;\">\n                                    <span class=\"u-text-custom-color-5\">MADDE 17 \u2013 (1)<\/span>\n                                    <span class=\"u-text-body-alt-color\">&nbsp;Bakanl\u0131k, Proje Tan\u0131t\u0131m Dosyalar\u0131n\u0131&nbsp;ek-4\u2019te yer alan&nbsp;kriterler&nbsp;\u00e7er\u00e7evesinde inceler ve de\u011ferlendirir. Bakanl\u0131k, bu a\u015famada gerekli g\u00f6r\u00fclmesi halinde Bakanl\u0131k\u00e7a yeterlik verilmi\u015f&nbsp;kurum\/kurulu\u015flardan proje ile ilgili geni\u015f&nbsp;kapsaml\u0131&nbsp;bilgi vermesini, ara\u00e7&nbsp;gere\u00e7&nbsp;sa\u011flamas\u0131n\u0131, yeterli\u011fi kabul edilebilir kurulu\u015flarca analiz, deney ve&nbsp;\u00f6l\u00e7\u00fcmler yapmas\u0131n\u0131&nbsp;veya yapt\u0131rmas\u0131n\u0131&nbsp;isteyebilir.<\/span>\n                                  <\/p>\n                                  <p style=\"text-align: justify;\">\n                                    <span class=\"u-text-body-alt-color\">(2) Bakanl\u0131k on be\u015f&nbsp;(15) i\u015f&nbsp;g\u00fcn\u00fc&nbsp;i\u00e7inde inceleme ve de\u011ferlendirmelerini tamamlar. Proje hakk\u0131nda \"\u00c7ED Gereklidir\" veya \"\u00c7ED Gerekli De\u011fildir\" karar\u0131n\u0131&nbsp;be\u015f&nbsp;(5) i\u015f&nbsp;g\u00fcn\u00fc&nbsp;i\u00e7inde verir, karar\u0131&nbsp;Valili\u011fe, proje sahibine ve Bakanl\u0131k\u00e7a yeterlik verilmi\u015f&nbsp;kurum\/kurulu\u015flara bildirir. Valilik, bu karar\u0131&nbsp;ask\u0131da ilan ve internet arac\u0131l\u0131\u011f\u0131yla halka duyurur.<\/span>\n                                  <\/p>\n                                  <p style=\"text-align: justify;\">\n                                    <span class=\"u-text-body-alt-color\">(3)&nbsp;\u201c\u00c7ED Gerekli De\u011fildir\u201d&nbsp;karar\u0131&nbsp;verilen proje i\u00e7in be\u015f&nbsp;(5) y\u0131l i\u00e7inde m\u00fccbir sebep bulunmaks\u0131z\u0131n yat\u0131r\u0131ma ba\u015flanmamas\u0131&nbsp;durumunda&nbsp;\u201c\u00c7ED Gerekli De\u011fildir\u201d&nbsp;karar\u0131&nbsp;ge\u00e7ersiz say\u0131l\u0131r.<\/span>\n                                  <\/p>\n                                  <p style=\"text-align: justify;\">\n                                    <span class=\"u-text-body-alt-color\">(4) \"\u00c7ED Gereklidir\" karar\u0131&nbsp;verilen projeler i\u00e7in bir (1) y\u0131l i\u00e7erisinde Bakanl\u0131\u011fa ba\u015fvuru yap\u0131lmamas\u0131&nbsp;durumunda karar ge\u00e7ersiz say\u0131l\u0131r.<\/span>\n                                  <\/p>\n                                  <p>\n                                    <span class=\"u-text-custom-color-5\">BE\u015e\u0130NC\u0130 B\u00d6L\u00dcM<\/span>\n                                  <\/p>\n                                  <p>\n                                    <span class=\"u-text-custom-color-5\">\u0130zleme ve Kontrol<\/span>\n                                  <\/p>\n                                  <p>\n                                    <span class=\"u-text-custom-color-5\">Yat\u0131r\u0131m\u0131n izlenmesi ve kontrol edilmesi<\/span>\n                                  <\/p>\n                                  <p style=\"text-align: justify;\">\n                                    <span class=\"u-text-custom-color-5\">MADDE 18 \u2013 (1)<\/span>\n                                    <span class=\"u-text-body-alt-color\">&nbsp;Bakanl\u0131k, \"\u00c7ED Olumlu\" karar\u0131&nbsp;veya \"\u00c7ED Gerekli De\u011fildir\" karar\u0131&nbsp;verilen projelerle ilgili olarak, Nihai&nbsp;\u00c7ED Raporu ve\/veya&nbsp;\u201c\u00c7ED Gerekli De\u011fildir\u201d&nbsp;karar\u0131na esas Proje Tan\u0131t\u0131m Dosyas\u0131nda taahh\u00fct edilen hususlar\u0131n yerine getirilip getirilmedi\u011fini izler ve kontrol eder.<\/span>\n                                  <\/p>\n                                  <p style=\"text-align: justify;\">\n                                    <span class=\"u-text-body-alt-color\">(2) Bakanl\u0131k bu g\u00f6revi yerine getirirken gerekli g\u00f6rmesi durumunda ilgili kurum\/kurulu\u015flarla i\u015fbirli\u011fi yapar.<\/span>\n                                  <\/p>\n                                  <p style=\"text-align: justify;\">\n                                    <span class=\"u-text-body-alt-color\">(3) Proje sahibi, \"\u00c7ED Olumlu\" karar\u0131n\u0131&nbsp;ald\u0131ktan sonra yat\u0131r\u0131m\u0131n ba\u015flang\u0131\u00e7, in\u015faat d\u00f6nemine ili\u015fkin izleme raporlar\u0131n\u0131&nbsp;Bakanl\u0131k\u00e7a yeterlik verilmi\u015f&nbsp;kurum\/kurulu\u015flara yapt\u0131rmakla, Bakanl\u0131k\u00e7a yeterlik verilmi\u015f&nbsp;kurum\/kurulu\u015flar da bu raporlar\u0131&nbsp;Komisyonca belirlenen&nbsp;periyotlarda, Bakanl\u0131\u011fa sunmakla y\u00fck\u00fcml\u00fcd\u00fcr.<\/span>\n                                  <\/p>\n                                  <p style=\"text-align: justify;\">\n                                    <span class=\"u-text-body-alt-color\">(4) Proje sahibi \"\u00c7ED Olumlu\" veya \"\u00c7ED Gerekli De\u011fildir\" karar\u0131n\u0131&nbsp;ald\u0131ktan sonra projede yap\u0131lacak bu Y\u00f6netmeli\u011fe tabi de\u011fi\u015fiklikleri Bakanl\u0131\u011fa veya Valili\u011fe bildirmekle y\u00fck\u00fcml\u00fcd\u00fcr.<\/span>\n                                  <\/p>\n                                  <p>\n                                    <span class=\"u-text-custom-color-5\">Y\u00f6netmeli\u011fe ayk\u0131r\u0131 uygulamalar\u0131n durdurulmas\u0131<\/span>\n                                  <\/p>\n                                  <p style=\"text-align: justify;\">\n                                    <span class=\"u-text-custom-color-5\">MADDE 19 \u2013 (1)<\/span>\n                                    <span class=\"u-text-body-alt-color\">&nbsp;Bu Y\u00f6netmelik kapsam\u0131ndaki projelerde;<\/span>\n                                  <\/p>\n                                  <p style=\"text-align: justify;\">\n                                    <span class=\"u-text-body-alt-color\">a)&nbsp;\u201c\u00c7ED Olumlu\u201d&nbsp;karar\u0131&nbsp;al\u0131nmaks\u0131z\u0131n ba\u015flanan faaliyetler Bakanl\u0131k\u00e7a,&nbsp;\u201c\u00c7ED Gerekli De\u011fildir\u201d&nbsp;karar\u0131&nbsp;al\u0131nmaks\u0131z\u0131n ba\u015flanan faaliyetler ise mahallin en b\u00fcy\u00fck m\u00fclki amiri taraf\u0131ndan s\u00fcre verilmeksizin durdurulur. \"\u00c7ED Olumlu\" ya da \"\u00c7ED Gerekli De\u011fildir\" karar\u0131&nbsp;al\u0131nmad\u0131k\u00e7a yat\u0131r\u0131ma ili\u015fkin durdurma karar\u0131&nbsp;kald\u0131r\u0131lmaz.&nbsp;\u201c\u00c7ED Olumlu\" ya da \"\u00c7ED Gerekli De\u011fildir\" karar\u0131&nbsp;al\u0131nmaz ise, yat\u0131r\u0131mc\u0131&nbsp;faaliyet alan\u0131n\u0131&nbsp;eski haline getirmekle y\u00fck\u00fcml\u00fcd\u00fcr. 2872 say\u0131l\u0131&nbsp;\u00c7evre Kanununun ilgili h\u00fck\u00fcmlerine g\u00f6re i\u015flem tesis edilir.<\/span>\n                                  <\/p>\n                                  <p style=\"text-align: justify;\">\n                                    <span class=\"u-text-body-alt-color\">b) \"\u00c7ED Olumlu\" karar\u0131&nbsp;ya da \"\u00c7ED Gerekli De\u011fildir\" karar\u0131&nbsp;verildikten sonra, proje sahibi taraf\u0131ndan nihai&nbsp;\u00c7ED Raporu veya Proje Tan\u0131t\u0131m Dosyas\u0131nda taahh\u00fct edilen hususlara uyulmad\u0131\u011f\u0131n\u0131n tespit edilmesi durumunda s\u00f6z konusu taahh\u00fctlere uyulmas\u0131&nbsp;i\u00e7in projeyle ilgili Bakanl\u0131k\u00e7a\/Valilik\u00e7e bir defaya mahsus olmak&nbsp;\u00fczere s\u00fcre verilebilir. Bu s\u00fcre sonunda taahh\u00fct edilen hususlara uyulmaz ise yat\u0131r\u0131m durdurulur. Y\u00fck\u00fcml\u00fcl\u00fckler yerine getirilmedik\u00e7e durdurma karar\u0131&nbsp;kald\u0131r\u0131lmaz. 2872 say\u0131l\u0131&nbsp;\u00c7evre Kanununun ilgili h\u00fck\u00fcmlerine g\u00f6re i\u015flem tesis edilir.<\/span>\n                                  <\/p>\n                                  <p>\n                                    <span class=\"u-text-custom-color-5\">ALTINCI B\u00d6L\u00dcM<\/span>\n                                  <\/p>\n                                  <p>\n                                    <span class=\"u-text-custom-color-5\">\u00c7e\u015fitli ve Son H\u00fck\u00fcmler<\/span>\n                                  <\/p>\n                                  <p>\n                                    <span class=\"u-text-custom-color-5\">S\u00fcrelerin uzat\u0131lmas\u0131 ve durdurulmas\u0131<\/span>\n                                  <\/p>\n                                  <p style=\"text-align: justify;\">\n                                    <span class=\"u-text-custom-color-5\">MADDE 20 \u2013 (1)<\/span>\n                                    <span class=\"u-text-body-alt-color\">&nbsp;Bu Y\u00f6netmelikte belirtilen s\u00fcreler, proje sahibi, Bakanl\u0131k\u00e7a yeterlik verilmi\u015f&nbsp;kurum\/kurulu\u015flar\u0131n talebi ve Bakanl\u0131k\u00e7a da uygun g\u00f6r\u00fclmesi halinde ya da Bakanl\u0131\u011f\u0131n do\u011frudan gerekli g\u00f6rd\u00fc\u011f\u00fc&nbsp;hallerde, gerek\u00e7esi belirtilerek Bakanl\u0131k taraf\u0131ndan uzat\u0131labilir veya durdurulabilir. Bakanl\u0131k\u00e7a yeterlik verilmi\u015f&nbsp;kurum\/kurulu\u015flara raporlarla ilgili eksiklikleri gidermesi ve ilave i\u015flemler yapmas\u0131&nbsp;i\u00e7in verilen s\u00fcreler&nbsp;\u00c7ED s\u00fcrecine&nbsp;dahil&nbsp;de\u011fildir.<\/span>\n                                  <\/p>\n                                  <p>\n                                    <span class=\"u-text-custom-color-5\">Proje sahibinin de\u011fi\u015fmesi<\/span>\n                                  <\/p>\n                                  <p style=\"text-align: justify;\">\n                                    <span class=\"u-text-custom-color-5\">MADDE 21 \u2013 (1)<\/span>\n                                    <span class=\"u-text-body-alt-color\">&nbsp;Proje sahibinin herhangi bir nedenle de\u011fi\u015fmesi durumunda; projenin yeni sahibi, devirle ilgili bilgi ve belgelerin tasdikli suretini, taahh\u00fctnamesini ve imza sirk\u00fclerini Valili\u011fe sunmakla y\u00fck\u00fcml\u00fc&nbsp;olup, projenin&nbsp;\u00f6nceki sahibinin taahh\u00fct ve y\u00fck\u00fcml\u00fcl\u00fcklerini, devir tarihinden itibaren, ba\u015fka bir i\u015fleme gerek kalmaks\u0131z\u0131n&nbsp;\u00fcstlenmi\u015f&nbsp;say\u0131l\u0131r.<\/span>\n                                  <\/p>\n                                  <p>\n                                    <span class=\"u-text-custom-color-5\">\u00c7evresel etki de\u011ferlendirmesi uygulamalar\u0131n\u0131n g\u00fc\u00e7lendirilmesi<\/span>\n                                  <\/p>\n                                  <p style=\"text-align: justify;\">\n                                    <span class=\"u-text-custom-color-5\">MADDE 22 \u2013 (1)&nbsp;<\/span>\n                                    <span class=\"u-text-body-alt-color\">Bakanl\u0131k,&nbsp;\u00c7ED uygulamalar\u0131na ili\u015fkin olarak, gerekti\u011finde yerli ve yabanc\u0131&nbsp;kurum\/kurulu\u015flar ile i\u015fbirli\u011fi halinde her t\u00fcrl\u00fc&nbsp;e\u011fitim, plan, program ve proje&nbsp;\u00e7al\u0131\u015fmalar\u0131&nbsp;yapabilir; kitap, kitap\u00e7\u0131k, rehber ve her&nbsp;\u00e7e\u015fit dok\u00fcman haz\u0131rlayabilir, seminer ve toplant\u0131lar d\u00fczenleyebilir.<\/span>\n                                  <\/p>\n                                  <p>\n                                    <span class=\"u-text-custom-color-5\">Askeri projeler<\/span>\n                                  <\/p>\n                                  <p style=\"text-align: justify;\">\n                                    <span class=\"u-text-custom-color-5\">MADDE 23 \u2013 (1)<\/span>\n                                    <span class=\"u-text-body-alt-color\">&nbsp;Askeri projelerle ilgili&nbsp;\u00c7ED uygulamalar\u0131, Milli Savunma Bakanl\u0131\u011f\u0131n\u0131n g\u00f6r\u00fc\u015f\u00fc&nbsp;al\u0131narak Bakanl\u0131k taraf\u0131ndan belirlenir.<\/span>\n                                  <\/p>\n                                  <p>\n                                    <span class=\"u-text-custom-color-5\">Ola\u011fan\u00fcst\u00fc durumlar ve \u00f6zel h\u00fck\u00fcmler<\/span>\n                                  <\/p>\n                                  <p style=\"text-align: justify;\">\n                                    <span class=\"u-text-custom-color-5\">MADDE 24 \u2013 (1)<\/span>\n                                    <span class=\"u-text-body-alt-color\">&nbsp;A\u015fa\u011f\u0131daki projeler i\u00e7in uygulanacak&nbsp;\u00c7ED s\u00fcrecine ili\u015fkin y\u00f6ntem Bakanl\u0131k\u00e7a belirlenir:<\/span>\n                                  <\/p>\n                                  <p style=\"text-align: justify;\">\n                                    <span class=\"u-text-body-alt-color\">a) Afet riski alt\u0131ndaki alanlar\u0131n d\u00f6n\u00fc\u015ft\u00fcr\u00fclmesi i\u015flemleri, do\u011fal afetler sonucu y\u0131k\u0131lan, bozulan, tahrip olan veya hasar g\u00f6ren herhangi bir yat\u0131r\u0131m\u0131n bulundu\u011fu yerde k\u0131smen veya t\u00fcm\u00fc&nbsp;ile yeniden ger\u00e7ekle\u015ftirilmesi planlanan projeler,<\/span>\n                                  <\/p>\n                                  <p style=\"text-align: justify;\">\n                                    <span class=\"u-text-body-alt-color\">b)&nbsp;\u00c7ED Y\u00f6netmeli\u011fine tabi olmayan veya Se\u00e7me Eleme Kriterlerine tabi oldu\u011fu halde proje sahibinin&nbsp;\u00c7ED Raporu haz\u0131rlanmas\u0131&nbsp;talebi&nbsp;\u00fczerine Bakanl\u0131k\u00e7a uygun g\u00f6r\u00fclen projeler,<\/span>\n                                  <\/p>\n                                  <p style=\"text-align: justify;\">\n                                    <span class=\"u-text-body-alt-color\">c) Organize Sanayi B\u00f6lgeleri,&nbsp;\u0130htisas Organize Sanayi B\u00f6lgeleri, End\u00fcstri B\u00f6lgeleri, Serbest B\u00f6lgeler ile Teknoloji Geli\u015ftirme B\u00f6lgelerinde kurulmas\u0131&nbsp;planlanan projeler,<\/span>\n                                  <\/p>\n                                  <p style=\"text-align: justify;\">\n                                    <span class=\"u-text-body-alt-color\">\u00e7) Stratejik&nbsp;\u00c7evresel De\u011ferlendirme yap\u0131lan alanlarda kurulmas\u0131&nbsp;planlanan projeler,<\/span>\n                                  <\/p>\n                                  <p style=\"text-align: justify;\">\n                                    <span class=\"u-text-body-alt-color\">d) Teknoloji de\u011fi\u015fikli\u011fi uygulamak suretiyle, verim art\u0131r\u0131m\u0131na, do\u011fal kaynak kullan\u0131m\u0131n\u0131&nbsp;azaltmaya ve\/veya&nbsp;\u00e7evre kirlili\u011fini azaltmaya y\u00f6nelik yap\u0131lmak istenilen de\u011fi\u015fiklikler veya&nbsp;prototip&nbsp;\u00fcretim yapan projeler,<\/span>\n                                  <\/p>\n                                  <p style=\"text-align: justify;\">\n                                    <span class=\"u-text-body-alt-color\">e) Ek-1 listesi veya ek-2 listesinde olup, e\u015fik de\u011feri olmayan projelerde yap\u0131lacak her t\u00fcrl\u00fc&nbsp;de\u011fi\u015fikli\u011fi i\u00e7eren projeler,<\/span>\n                                  <\/p>\n                                  <p style=\"text-align: justify;\">\n                                    <span class=\"u-text-body-alt-color\">f)&nbsp;\u201c\u00c7ED Olumlu\u201d&nbsp;veya&nbsp;\u201c\u00c7ED Gerekli De\u011fildir\u201d&nbsp;karar\u0131&nbsp;bulunan projelerde yap\u0131lacak kapasite art\u0131\u015f\u0131&nbsp;ve\/veya geni\u015fletilmesi planlanan projeler.<\/span>\n                                  <\/p>\n                                  <p>\n                                    <span class=\"u-text-custom-color-5\">Entegre projeler<\/span>\n                                  <\/p>\n                                  <p style=\"text-align: justify;\">\n                                    <span class=\"u-text-custom-color-5\">MADDE 25 \u2013 (1)<\/span>\n                                    <span class=\"u-text-body-alt-color\">&nbsp;Bu Y\u00f6netmeli\u011fe tabi birden fazla projeyi kapsayan&nbsp;entegre&nbsp;bir projenin planlanmas\u0131&nbsp;halinde, Bakanl\u0131k\u00e7a entegre proje i\u00e7in tek bir&nbsp;\u00c7ED Ba\u015fvuru Dosyas\u0131\/Proje Tan\u0131t\u0131m Dosyas\u0131&nbsp;haz\u0131rlanmas\u0131&nbsp;istenebilir.<\/span>\n                                  <\/p>\n                                  <p>\n                                    <span class=\"u-text-custom-color-5\">Yeterlik belgesi<\/span>\n                                  <\/p>\n                                  <p style=\"text-align: justify;\">\n                                    <span class=\"u-text-custom-color-5\">MADDE 26 \u2013 (1)<\/span>\n                                    <span class=\"u-text-body-alt-color\">&nbsp;\u00c7ED Ba\u015fvuru Dosyas\u0131,&nbsp;\u00c7ED Raporu veya Proje Tan\u0131t\u0131m Dosyas\u0131&nbsp;haz\u0131rlayacak kurum\/kurulu\u015flar Bakanl\u0131ktan Yeterlik Belgesi almakla y\u00fck\u00fcml\u00fcd\u00fcrler. Yeterlik Belgesinin verilmesi, Yeterlik Belgesi verilen kurum\/kurulu\u015flar\u0131n denetimi ve belgenin iptal edilmesi ile ilgili usul ve esaslar Bakanl\u0131k\u00e7a yay\u0131mlanacak bir tebli\u011f&nbsp;ile d\u00fczenlenir.<\/span>\n                                  <\/p>\n                                  <p>\n                                    <span class=\"u-text-custom-color-5\">\u00c7evrimi\u00e7i \u00c7ED s\u00fcreci y\u00f6netim sistemi<\/span>\n                                  <\/p>\n                                  <p style=\"text-align: justify;\">\n                                    <span class=\"u-text-custom-color-5\">MADDE 27 \u2013 (1)<\/span>\n                                    <span class=\"u-text-body-alt-color\">&nbsp;\u00c7evrimi\u00e7i&nbsp;\u00c7ED S\u00fcreci Y\u00f6netim Sisteminin y\u00fcr\u00fct\u00fclmesine ili\u015fkin i\u015f&nbsp;ve i\u015flemler Bakanl\u0131k taraf\u0131ndan belirlenir ve Bakanl\u0131\u011f\u0131n internet sayfas\u0131nda ilan edilir.<\/span>\n                                  <\/p>\n                                  <p style=\"text-align: center;\">\n                                    <span class=\"u-text-custom-color-5\">Tebli\u011fler<\/span>\n                                  <\/p>\n                                  <p style=\"text-align: justify;\">\n                                    <span class=\"u-text-custom-color-5\">MADDE 28 \u2013 (1)<\/span>\n                                    <span class=\"u-text-body-alt-color\">&nbsp;Bakanl\u0131k, gerekli g\u00f6rd\u00fc\u011f\u00fc&nbsp;hallerde bu Y\u00f6netmeli\u011fin uygulanmas\u0131na ili\u015fkin olarak tebli\u011fler&nbsp;\u00e7\u0131karabilir.<\/span>\n                                  <\/p>\n                                  <p style=\"text-align: center;\">\n                                    <span class=\"u-text-custom-color-5\">Y\u00fcr\u00fcrl\u00fckten kald\u0131r\u0131lan y\u00f6netmelik<\/span>\n                                  <\/p>\n                                  <p style=\"text-align: justify;\">\n                                    <span class=\"u-text-custom-color-5\">MADDE 29 \u2013 (1)<\/span>\n                                    <span class=\"u-text-body-alt-color\">&nbsp;3\/10\/2013&nbsp;tarihli ve 28784 say\u0131l\u0131&nbsp;Resm\u00ee&nbsp;Gazete\u2019de yay\u0131mlanan&nbsp;\u00c7evresel Etki De\u011ferlendirmesi Y\u00f6netmeli\u011fi y\u00fcr\u00fcrl\u00fckten kald\u0131r\u0131lm\u0131\u015ft\u0131r.<\/span>\n                                  <\/p>\n                                  <p>\n                                    <span class=\"u-text-custom-color-5\">Ge\u00e7i\u015f s\u00fcreci<\/span>\n                                  <\/p>\n                                  <p style=\"text-align: justify;\">\n                                    <span class=\"u-text-custom-color-5\">GE\u00c7\u0130C\u0130 MADDE 1 \u2013 (1)<\/span>\n                                    <span class=\"u-text-body-alt-color\">&nbsp;Bu Y\u00f6netmeli\u011fin y\u00fcr\u00fcrl\u00fck tarihinden&nbsp;\u00f6nce,&nbsp;\u00c7ED Ba\u015fvuru Dosyas\u0131\/Proje Tan\u0131t\u0131m Dosyas\u0131&nbsp;Valili\u011fe ya da Bakanl\u0131\u011fa sunulmu\u015f&nbsp;projelere bu Y\u00f6netmeli\u011fin lehte olan h\u00fck\u00fcmleri ve\/veya ba\u015fvuru tarihinde y\u00fcr\u00fcrl\u00fckte olan Y\u00f6netmelik h\u00fck\u00fcmleri uygulan\u0131r.<\/span>\n                                  <\/p>\n                                  <p>\n                                    <span class=\"u-text-custom-color-5\">Kapsam d\u0131\u015f\u0131 projeler<\/span>\n                                  <\/p>\n                                  <p style=\"text-align: justify;\">\n                                    <span class=\"u-text-custom-color-5\">GE\u00c7\u0130C\u0130 MADDE 2 \u2013 (1)<\/span>\n                                    <span class=\"u-text-body-alt-color\">&nbsp;\u00c7evresel Etki De\u011ferlendirmesi Y\u00f6netmeli\u011finin ilk yay\u0131m tarihi olan&nbsp;7\/2\/1993&nbsp;tarihinden&nbsp;\u00f6nce&nbsp;\u00fcretime ve\/veya i\u015fletmeye ba\u015flad\u0131\u011f\u0131&nbsp;belgelenen projeler&nbsp;\u00c7evresel Etki De\u011ferlendirmesi kapsam\u0131&nbsp;d\u0131\u015f\u0131ndad\u0131r.<\/span>\n                                  <\/p>\n                                  <p>\n                                    <span class=\"u-text-custom-color-5\">Kanuni kapsam d\u0131\u015f\u0131 projeler<\/span>\n                                  <\/p>\n                                  <p style=\"text-align: justify;\">\n                                    <span class=\"u-text-custom-color-5\">GE\u00c7\u0130C\u0130 MADDE 3 \u2013 (1)<\/span>\n                                    <span class=\"u-text-body-alt-color\">&nbsp;23\/6\/1997&nbsp;tarihinden&nbsp;\u00f6nce kamu yat\u0131r\u0131m program\u0131na al\u0131nm\u0131\u015f&nbsp;olup, 29\/5\/2013 tarihi itibariyle&nbsp;\u00fcretim veya i\u015fletmeye ba\u015flam\u0131\u015f&nbsp;olan projeler ile bunlar\u0131n ger\u00e7ekle\u015ftirilmesi i\u00e7in zorunlu olan yap\u0131&nbsp;ve tesisler&nbsp;\u00c7evresel Etki De\u011ferlendirmesi kapsam\u0131&nbsp;d\u0131\u015f\u0131ndad\u0131r.<\/span>\n                                  <\/p>\n                                  <p>\n                                    <span class=\"u-text-custom-color-5\">Y\u00fcr\u00fcrl\u00fck<\/span>\n                                  <\/p>\n                                  <p style=\"text-align: justify;\">\n                                    <span class=\"u-text-custom-color-5\">MADDE 30 \u2013 (1)<\/span>\n                                    <span class=\"u-text-body-alt-color\">&nbsp;Bu Y\u00f6netmelik yay\u0131m\u0131&nbsp;tarihinde y\u00fcr\u00fcrl\u00fc\u011fe girer.<\/span>\n                                  <\/p>\n                                  <p>\n                                    <span class=\"u-text-custom-color-5\">Y\u00fcr\u00fctme<\/span>\n                                  <\/p>\n                                  <p style=\"text-align: justify;\">\n                                    <span class=\"u-text-custom-color-5\">MADDE 31 \u2013 (1)<\/span>\n                                    <span class=\"u-text-body-alt-color\">&nbsp;Bu Y\u00f6netmelik h\u00fck\u00fcmlerini \u00c7evre ve \u015eehircilik Bakan\u0131 y\u00fcr\u00fct\u00fcr.<\/span>\n                                  <\/p>\n                                  <p id=\"isPasted\" style=\"text-align: right;\">\n                                    <span class=\"u-text-custom-color-5\">EK\u2013 1 L\u0130STES\u0130<\/span>\n                                  <\/p>\n                                  <p style=\"text-align: justify;\">\n                                    <span class=\"u-text-body-alt-color\">&nbsp;<\/span>\n                                  <\/p>\n                                  <p>\n                                    <span class=\"u-text-custom-color-5\">\u00c7EVRESEL ETK\u0130 DE\u011eERLEND\u0130RMES\u0130 UYGULANACAK PROJELER L\u0130STES\u0130<\/span>\n                                  <\/p>\n                                  <p style=\"text-align: justify;\">\n                                    <span class=\"u-text-body-alt-color\">&nbsp;<\/span>\n                                  <\/p>\n                                  <p style=\"text-align: justify;\">\n                                    <span class=\"u-text-body-alt-color\">1- Rafineriler:<\/span>\n                                  <\/p>\n                                  <p style=\"text-align: justify;\">\n                                    <span class=\"u-text-body-alt-color\">a) Ham petrol rafinerileri,<\/span>\n                                  <\/p>\n                                  <p style=\"text-align: justify;\">\n                                    <span class=\"u-text-body-alt-color\">b) 500 ton\/g\u00fcn \u00fczeri ta\u015fk\u00f6m\u00fcr\u00fc ve bit\u00fcml\u00fc maddelerin gazla\u015ft\u0131r\u0131lmas\u0131 ve s\u0131v\u0131la\u015ft\u0131r\u0131lmas\u0131 projeleri,<\/span>\n                                  <\/p>\n                                  <p style=\"text-align: justify;\">\n                                    <span class=\"u-text-body-alt-color\">c) Do\u011falgaz s\u0131v\u0131la\u015ft\u0131rma ve gazla\u015ft\u0131rma tesisleri,<\/span>\n                                  <\/p>\n                                  <p style=\"text-align: justify;\">\n                                    <span class=\"u-text-body-alt-color\">2- Termik g\u00fc\u00e7 santralleri:<\/span>\n                                  <\/p>\n                                  <p style=\"text-align: justify;\">\n                                    <span class=\"u-text-body-alt-color\">a) Toplam \u0131s\u0131l g\u00fcc\u00fc 300&nbsp;MWt&nbsp;ve daha fazla olan termik g\u00fc\u00e7 santralleri ile di\u011fer yakma sistemleri,<\/span>\n                                  <\/p>\n                                  <p style=\"text-align: justify;\">\n                                    <span class=\"u-text-body-alt-color\">b) N\u00fckleer g\u00fc\u00e7 santralleri veya di\u011fer n\u00fckleer reakt\u00f6rlerin kurulmas\u0131 veya s\u00f6k\u00fcm\u00fc, (maksimum g\u00fcc\u00fc s\u00fcrekli termik y\u00fck bak\u0131m\u0131ndan 1 kilovat\u0131 a\u015fmayan, atom \u00e7ekirde\u011fi par\u00e7alanabilen ve \u00e7o\u011falan maddelerin d\u00f6n\u00fc\u015f\u00fcm\u00fc, \u00fcretimi ama\u00e7l\u0131 ara\u015ft\u0131rma projeleri hari\u00e7)<\/span>\n                                  <\/p>\n                                  <p style=\"text-align: justify;\">\n                                    <span class=\"u-text-body-alt-color\">3- N\u00fckleer yak\u0131t tesisleri:<\/span>\n                                  <\/p>\n                                  <p style=\"text-align: justify;\">\n                                    <span class=\"u-text-body-alt-color\">a) N\u00fckleer yak\u0131tlar\u0131n yeniden i\u015flenmesi,<\/span>\n                                  <\/p>\n                                  <p style=\"text-align: justify;\">\n                                    <span class=\"u-text-body-alt-color\">b) N\u00fckleer yak\u0131tlar\u0131n \u00fcretimi veya zenginle\u015ftirilmesi,<\/span>\n                                  <\/p>\n                                  <p style=\"text-align: justify;\">\n                                    <span class=\"u-text-body-alt-color\">c) Radyasyondan ar\u0131nm\u0131\u015f n\u00fckleer yak\u0131tlar\u0131n veya s\u0131n\u0131r de\u011ferin \u00fczerinde radyasyon i\u00e7eren at\u0131klar\u0131n i\u015flenmesi,<\/span>\n                                  <\/p>\n                                  <p style=\"text-align: justify;\">\n                                    <span class=\"u-text-body-alt-color\">\u00e7) Radyasyonlu n\u00fckleer yak\u0131tlar\u0131n nihai&nbsp;bertaraf\u0131&nbsp;i\u015flemi,<\/span>\n                                  <\/p>\n                                  <p style=\"text-align: justify;\">\n                                    <span class=\"u-text-body-alt-color\">d) Sadece radyoaktif at\u0131klar\u0131n nihai&nbsp;bertaraf\u0131&nbsp;i\u015flemi,<\/span>\n                                  <\/p>\n                                  <p style=\"text-align: justify;\">\n                                    <span class=\"u-text-body-alt-color\">e) Sadece radyasyonlu n\u00fckleer yak\u0131tlar\u0131n (10 y\u0131ldan uzun s\u00fcre i\u00e7in planlanm\u0131\u015f) veya radyoaktif at\u0131klar\u0131n \u00fcretim alan\u0131ndan farkl\u0131 bir alanda depolanmas\u0131,<\/span>\n                                  <\/p>\n                                  <p style=\"text-align: justify;\">\n                                    <span class=\"u-text-body-alt-color\">f) Radyasyondan ar\u0131nm\u0131\u015f n\u00fckleer yak\u0131tlar\u0131n nihai&nbsp;bertaraf\u0131,<\/span>\n                                  <\/p>\n                                  <p style=\"text-align: justify;\">\n                                    <span class=\"u-text-body-alt-color\">4- Metal end\u00fcstri tesisleri:<\/span>\n                                  <\/p>\n                                  <p style=\"text-align: justify;\">\n                                    <span class=\"u-text-body-alt-color\">a) Cevherden demir ve\/veya \u00e7elik \u00fcreten tesisler, (250.000 ton\/y\u0131l ve \u00fczeri)<\/span>\n                                  <\/p>\n                                  <p style=\"text-align: justify;\">\n                                    <span class=\"u-text-body-alt-color\">b) Demir ve\/veya \u00e7elikten \u00e7elik \u00fcreten tesisler, (Hurda&nbsp;dahil) (250.000 ton\/y\u0131l ve \u00fczeri)<\/span>\n                                  <\/p>\n                                  <p style=\"text-align: justify;\">\n                                    <span class=\"u-text-body-alt-color\">c) Demir ve\/veya \u00e7eli\u011fin ergitildi\u011fi ve d\u00f6k\u00fcm\u00fcn\u00fcn yap\u0131ld\u0131\u011f\u0131 tesisler, (Hurda&nbsp;dahil) (250.000 ton\/y\u0131l ve \u00fczeri)<\/span>\n                                  <\/p>\n                                  <p style=\"text-align: justify;\">\n                                    <span class=\"u-text-body-alt-color\">\u00e7) Demir d\u0131\u015f\u0131 metallerin ergitildi\u011fi ve d\u00f6k\u00fcm\u00fcn\u00fcn yap\u0131ld\u0131\u011f\u0131 tesisler, (250.000 ton\/y\u0131l ve \u00fczeri)<\/span>\n                                  <\/p>\n                                  <p style=\"text-align: justify;\">\n                                    <span class=\"u-text-body-alt-color\">d) S\u0131cak haddeleme tesisleri,<\/span>\n                                  <\/p>\n                                  <p style=\"text-align: justify;\">\n                                    <span class=\"u-text-body-alt-color\">1) Demir veya \u00e7eli\u011fin haddelendi\u011fi tesisler, (250.000 ton\/y\u0131l ve \u00fczeri)<\/span>\n                                  <\/p>\n                                  <p style=\"text-align: justify;\">\n                                    <span class=\"u-text-body-alt-color\">2) Demir d\u0131\u015f\u0131 metallerin haddelendi\u011fi tesisler, (250.000 ton\/y\u0131l ve \u00fczeri)<\/span>\n                                  <\/p>\n                                  <p style=\"text-align: justify;\">\n                                    <span class=\"u-text-body-alt-color\">5- Asbest \u00e7\u0131kart\u0131lmas\u0131 ve asbest i\u00e7eren \u00fcr\u00fcnleri i\u015fleme veya d\u00f6n\u00fc\u015ft\u00fcrme tesisleri:<\/span>\n                                  <\/p>\n                                  <p style=\"text-align: justify;\">\n                                    <span class=\"u-text-body-alt-color\">a) Asbest madeni i\u015fletmeleri ve zenginle\u015ftirme tesisleri,<\/span>\n                                  <\/p>\n                                  <p style=\"text-align: justify;\">\n                                    <span class=\"u-text-body-alt-color\">b) Son \u00fcr\u00fcn olarak friksiyon (S\u00fcrt\u00fcnme) maddesi \u00fcreten 50 ton\/y\u0131l ve \u00fczeri kapasiteli tesisler,<\/span>\n                                  <\/p>\n                                  <p style=\"text-align: justify;\">\n                                    <span class=\"u-text-body-alt-color\">c) 200 ton\/y\u0131l ve \u00fczeri asbest kullanan di\u011fer tesisler,<\/span>\n                                  <\/p>\n                                  <p style=\"text-align: justify;\">\n                                    <span class=\"u-text-body-alt-color\">\u00e7) 10.000 ton\/y\u0131l ve \u00fczeri kapasiteli, son \u00fcr\u00fcn\u00fc asbestli beton olan tesisler,<\/span>\n                                  <\/p>\n                                  <p style=\"text-align: justify;\">\n                                    <span class=\"u-text-body-alt-color\">6- Fonksiyonel olarak birbirine ba\u011fl\u0131 \u00e7e\u015fitli birimleri kullanarak end\u00fcstriyel \u00f6l\u00e7ekte \u00fcretim yapan kimya tesisleri:<\/span>\n                                  <\/p>\n                                  <p style=\"text-align: justify;\">\n                                    <span class=\"u-text-body-alt-color\">a) Organik kimyasallar\u0131n \u00fcretimi,<\/span>\n                                  <\/p>\n                                  <p style=\"text-align: justify;\">\n                                    <span class=\"u-text-body-alt-color\">b) \u0130norganik kimyasallar\u0131n \u00fcretimi,<\/span>\n                                  <\/p>\n                                  <p style=\"text-align: justify;\">\n                                    <span class=\"u-text-body-alt-color\">c) Y\u0131ll\u0131k 20.000 ton ve \u00fczeri fosfor, azot ve potasyum&nbsp;bazl\u0131&nbsp;basit veya bile\u015fik g\u00fcbrelerin \u00fcretimi.<\/span>\n                                  <\/p>\n                                  <p style=\"text-align: justify;\">\n                                    <span class=\"u-text-body-alt-color\">7- Patlay\u0131c\u0131 ve\/veya parlay\u0131c\u0131 maddelerin \u00fcretildi\u011fi tesisler,<\/span>\n                                  <\/p>\n                                  <p style=\"text-align: justify;\">\n                                    <span class=\"u-text-body-alt-color\">8-&nbsp;Yollar ve havaalanlar\u0131:<\/span>\n                                  <\/p>\n                                  <p style=\"text-align: justify;\">\n                                    <span class=\"u-text-body-alt-color\">a)&nbsp;100 km ve \u00fczeri demiryolu hatlar\u0131,<\/span>\n                                  <\/p>\n                                  <p style=\"text-align: justify;\">\n                                    <span class=\"u-text-body-alt-color\">b) Pist uzunlu\u011fu 2.100 m ve \u00fczeri olan havaalanlar\u0131,<\/span>\n                                  <\/p>\n                                  <p style=\"text-align: justify;\">\n                                    <span class=\"u-text-body-alt-color\">c) Otoyollar ve devlet karayollar\u0131,<\/span>\n                                  <\/p>\n                                  <p style=\"text-align: justify;\">\n                                    <span class=\"u-text-body-alt-color\">\u00e7) \u015eehirleraras\u0131 d\u00f6rt ve \u00fczeri \u015feritli karayollar\u0131n\u0131n yap\u0131m\u0131,<\/span>\n                                  <\/p>\n                                  <p style=\"text-align: justify;\">\n                                    <span class=\"u-text-body-alt-color\">d) \u0130ki ya da daha az trafik \u015feridi bulunan mevcut \u015fehirleraras\u0131 karayollar\u0131n\u0131n d\u00f6rt ya da daha fazla trafik \u015feritli olacak \u015fekilde yenilenmesi ya da geni\u015fletilmesi, yeniden yap\u0131lan ya da geni\u015fletilen b\u00f6l\u00fcm\u00fcn s\u00fcrekli uzunlu\u011funun 10 km ya da daha uzun olacak \u015fekilde uzat\u0131lmas\u0131,<\/span>\n                                  <\/p>\n                                  <p style=\"text-align: justify;\">\n                                    <span class=\"u-text-body-alt-color\">9-&nbsp;Su yollar\u0131, limanlar ve tersaneler:<\/span>\n                                  <\/p>\n                                  <p style=\"text-align: justify;\">\n                                    <span class=\"u-text-body-alt-color\">a) 1.350 DWT ve \u00fczeri a\u011f\u0131rl\u0131ktaki deniz ara\u00e7lar\u0131n\u0131n ge\u00e7i\u015fine izin veren k\u0131ta i\u00e7i suyollar\u0131n\u0131n yap\u0131m\u0131 ve k\u0131ta i\u00e7i su trafi\u011fi i\u00e7in yap\u0131lacak olan limanlar,<\/span>\n                                  <\/p>\n                                  <p style=\"text-align: justify;\">\n                                    <span class=\"u-text-body-alt-color\">b) 1.350 DWT ve \u00fczeri a\u011f\u0131rl\u0131ktaki deniz ara\u00e7lar\u0131n\u0131n yana\u015fabilece\u011fi ticari ama\u00e7l\u0131 liman, iskele, r\u0131ht\u0131m ve&nbsp;dolfenler,<\/span>\n                                  <\/p>\n                                  <p style=\"text-align: justify;\">\n                                    <span class=\"u-text-body-alt-color\">c) Tersaneler,<\/span>\n                                  <\/p>\n                                  <p style=\"text-align: justify;\">\n                                    <span class=\"u-text-body-alt-color\">\u00e7) 24 m ve \u00fczerinde yat veya teknelerin imalat, bak\u0131m ve onar\u0131m hizmetlerinden birini yapan tesisler,<\/span>\n                                  <\/p>\n                                  <p style=\"text-align: justify;\">\n                                    <span class=\"u-text-body-alt-color\">d) Gemi s\u00f6k\u00fcm yerleri,<\/span>\n                                  <\/p>\n                                  <p style=\"text-align: justify;\">\n                                    <span class=\"u-text-body-alt-color\">e) Yat limanlar\u0131,<\/span>\n                                  <\/p>\n                                  <p style=\"text-align: justify;\">\n                                    <span class=\"u-text-body-alt-color\">10- Tehlikeli ve\/veya \u00f6zel i\u015fleme tabi at\u0131klar:<\/span>\n                                  <\/p>\n                                  <p style=\"text-align: justify;\">\n                                    <span class=\"u-text-body-alt-color\">a) Tehlikeli ve\/veya \u00f6zel i\u015fleme tabi at\u0131klar\u0131n geri kazan\u0131ld\u0131\u011f\u0131, yak\u0131ld\u0131\u011f\u0131 (Oksitlenme yoluyla yakma,&nbsp;piroliz, gazla\u015ft\u0131rma, plazma vb. termal i\u015flemler) d\u00fczenli depoland\u0131\u011f\u0131 ve\/veya nihai&nbsp;bertaraf\u0131n\u0131n&nbsp;yap\u0131ld\u0131\u011f\u0131 tesisler,<\/span>\n                                  <\/p>\n                                  <p style=\"text-align: justify;\">\n                                    <span class=\"u-text-body-alt-color\">b) Kapasitesi 1 ton\/g\u00fcn ve \u00fczerinde olan t\u0131bbi at\u0131klar i\u00e7in projelendirilen yakma tesisleri,<\/span>\n                                  <\/p>\n                                  <p style=\"text-align: justify;\">\n                                    <span class=\"u-text-body-alt-color\">c) Y\u0131ll\u0131k i\u015fleme kapasitesi 2.000 ton ve \u00fczeri olan at\u0131k ya\u011f geri kazan\u0131m\u0131 i\u00e7in projelendirilen tesisler,<\/span>\n                                  <\/p>\n                                  <p style=\"text-align: justify;\">\n                                    <span class=\"u-text-body-alt-color\">11- \u0130n\u015faat y\u0131k\u0131nt\u0131 ve hafriyat at\u0131klar\u0131 hari\u00e7 olmak \u00fczere alan\u0131 10 hektardan b\u00fcy\u00fck ve\/veya hedef y\u0131l\u0131 da&nbsp;dahil&nbsp;g\u00fcnl\u00fck 100 ton ve \u00fczeri olan at\u0131klar\u0131n geri kazan\u0131ld\u0131\u011f\u0131, yak\u0131ld\u0131\u011f\u0131 (oksitlenme yoluyla yakma,&nbsp;piroliz, gazla\u015ft\u0131rma, plazma vb. termal i\u015flemler) d\u00fczenli depoland\u0131\u011f\u0131 ve\/veya nihai&nbsp;bertaraf\u0131n\u0131n&nbsp;yap\u0131ld\u0131\u011f\u0131 tesisler,<\/span>\n                                  <\/p>\n                                  <p style=\"text-align: justify;\">\n                                    <span class=\"u-text-body-alt-color\">12-&nbsp;10 milyon m3\/y\u0131l ve \u00fczeri yeralt\u0131 suyu \u00e7\u0131karma veya suyu yeralt\u0131nda depolama projeleri,<\/span>\n                                  <\/p>\n                                  <p style=\"text-align: justify;\">\n                                    <span class=\"u-text-body-alt-color\">13- Boru ile i\u00e7me suyu ta\u015f\u0131malar\u0131 d\u0131\u015f\u0131nda kalan ve akarsu havzalar\u0131 aras\u0131nda, 100 milyon m3\/y\u0131l ve \u00fczeri su aktarma projeleri,<\/span>\n                                  <\/p>\n                                  <p style=\"text-align: justify;\">\n                                    <span class=\"u-text-body-alt-color\">14- G\u00f6l hacmi 10 milyon m3&nbsp;ve \u00fczeri olan baraj veya g\u00f6letler,<\/span>\n                                  <\/p>\n                                  <p style=\"text-align: justify;\">\n                                    <span class=\"u-text-body-alt-color\">15- Kurulu g\u00fcc\u00fc 10&nbsp;MWm&nbsp;ve \u00fczeri olan hidroelektrik santralleri,<\/span>\n                                  <\/p>\n                                  <p style=\"text-align: justify;\">\n                                    <span class=\"u-text-body-alt-color\">16- Kapasitesi 150.000 e\u015fde\u011fer ki\u015fi ve\/veya 30.000 m3\/g\u00fcn \u00fczeri olan at\u0131k su ar\u0131tma tesisleri,<\/span>\n                                  <\/p>\n                                  <p style=\"text-align: justify;\">\n                                    <span class=\"u-text-body-alt-color\">17- G\u00fcnl\u00fck kapasitesi 100 ton ve \u00fczeri hayvan yeti\u015ftiricili\u011finden kaynakl\u0131 d\u0131\u015fk\u0131lar\u0131n yak\u0131ld\u0131\u011f\u0131, geri kazan\u0131ld\u0131\u011f\u0131 ve\/veya bertaraf edildi\u011fi tesisler,<\/span>\n                                  <\/p>\n                                  <p style=\"text-align: justify;\">\n                                    <span class=\"u-text-body-alt-color\">18- Hayvan kesim tesisleri:<\/span>\n                                  <\/p>\n                                  <p style=\"text-align: justify;\">\n                                    <span class=\"u-text-body-alt-color\">a) B\u00fcy\u00fckba\u015f ve\/veya k\u00fc\u00e7\u00fckba\u015f hayvan kesiminin yap\u0131ld\u0131\u011f\u0131 tesisler, [(100 kesim \u00fcnitesi\/g\u00fcn ve \u00fczeri), (Her bir kesim \u00fcnitesi e\u015fde\u011ferleri: 1 ba\u015f s\u0131\u011f\u0131r, 2 ba\u015f deve ku\u015fu, 4 ba\u015f domuz, 8 ba\u015f koyun, 10 ba\u015f ke\u00e7i, 130 ba\u015f tav\u015fan)]<\/span>\n                                  <\/p>\n                                  <p style=\"text-align: justify;\">\n                                    <span class=\"u-text-body-alt-color\">b) Kanatl\u0131 hayvanlar\u0131n kesiminin yap\u0131ld\u0131\u011f\u0131 tesisler, [(60.000 adet\/g\u00fcn ve \u00fczeri tavuk ve e\u015fde\u011feri di\u011fer kanatl\u0131lar) (1 adet hindi = 7 adet tavuk esas al\u0131nmal\u0131d\u0131r)]<\/span>\n                                  <\/p>\n                                  <p style=\"text-align: justify;\">\n                                    <span class=\"u-text-body-alt-color\">19- Hayvan yeti\u015ftirme tesisleri:<\/span>\n                                  <\/p>\n                                  <p style=\"text-align: justify;\">\n                                    <span class=\"u-text-body-alt-color\">a) 5.000 ba\u015f ve \u00fczeri b\u00fcy\u00fckba\u015f yeti\u015ftirme tesisleri,<\/span>\n                                  <\/p>\n                                  <p style=\"text-align: justify;\">\n                                    <span class=\"u-text-body-alt-color\">b) 25.000 ba\u015f ve \u00fczeri k\u00fc\u00e7\u00fckba\u015f yeti\u015ftirme tesisleri,<\/span>\n                                  <\/p>\n                                  <p style=\"text-align: justify;\">\n                                    <span class=\"u-text-body-alt-color\">c) B\u00fcy\u00fckba\u015f ve k\u00fc\u00e7\u00fckba\u015f hayvanlar\u0131n birlikte yeti\u015ftirilmesi, [(5.000 b\u00fcy\u00fckba\u015f ve \u00fczeri,1 b\u00fcy\u00fckba\u015f=5 k\u00fc\u00e7\u00fckba\u015f e\u015fde\u011feri esas al\u0131nmal\u0131d\u0131r)]<\/span>\n                                  <\/p>\n                                  <p style=\"text-align: justify;\">\n                                    <span class=\"u-text-body-alt-color\">\u00e7) 900 ba\u015f ve \u00fczeri domuz besi tesisleri,<\/span>\n                                  <\/p>\n                                  <p style=\"text-align: justify;\">\n                                    <span class=\"u-text-body-alt-color\">d) Kanatl\u0131 yeti\u015ftirme tesisleri, [(Bir \u00fcretim periyodunda 60.000 adet ve \u00fczeri tavuk (civciv, dam\u0131zl\u0131k, pili\u00e7, vb.) veya e\u015fde\u011fer di\u011fer kanatl\u0131lar) (1 adet hindi = 7 adet tavuk esas al\u0131nmal\u0131d\u0131r)]<\/span>\n                                  <\/p>\n                                  <p style=\"text-align: justify;\">\n                                    <span class=\"u-text-body-alt-color\">20- K\u00fclt\u00fcr bal\u0131k\u00e7\u0131l\u0131\u011f\u0131 projeleri, (1.000 ton\/y\u0131l ve \u00fczeri \u00fcretim)<\/span>\n                                  <\/p>\n                                  <p style=\"text-align: justify;\">\n                                    <span class=\"u-text-body-alt-color\">21- Bitkisel \u00fcr\u00fcnlerden ham ya\u011f \u00fcretimi veya&nbsp;rafinasyon&nbsp;i\u015fleminin yap\u0131ld\u0131\u011f\u0131 tesisler, [200 ton\/g\u00fcn ya\u011f ve \u00fczeri.(kekik, papatya ve benzeri&nbsp;esansiyel&nbsp;ya\u011flar hari\u00e7)]<\/span>\n                                  <\/p>\n                                  <p style=\"text-align: justify;\">\n                                    <span class=\"u-text-body-alt-color\">22- S\u00fct i\u015fleme tesisleri, (\u00c7i\u011f s\u00fct i\u015fleme kapasitesi 100.000 litre \/g\u00fcn ve \u00fczeri)<\/span>\n                                  <\/p>\n                                  <p style=\"text-align: justify;\">\n                                    <span class=\"u-text-body-alt-color\">23- Maya fabrikalar\u0131, (25.000 ton\/y\u0131l ve \u00fczeri)<\/span>\n                                  <\/p>\n                                  <p style=\"text-align: justify;\">\n                                    <span class=\"u-text-body-alt-color\">24- \u015eeker fabrikalar\u0131,<\/span>\n                                  <\/p>\n                                  <p style=\"text-align: justify;\">\n                                    <span class=\"u-text-body-alt-color\">25- Orman \u00fcr\u00fcnleri ve sel\u00fcloz tesisleri:<\/span>\n                                  <\/p>\n                                  <p style=\"text-align: justify;\">\n                                    <span class=\"u-text-body-alt-color\">a) Sel\u00fcloz \u00fcretim tesisleri,<\/span>\n                                  <\/p>\n                                  <p style=\"text-align: justify;\">\n                                    <span class=\"u-text-body-alt-color\">b) Kereste veya benzeri lifli maddelerden k\u00e2\u011f\u0131t hamuru \u00fcretim tesisleri,<\/span>\n                                  <\/p>\n                                  <p style=\"text-align: justify;\">\n                                    <span class=\"u-text-body-alt-color\">c) Her \u00e7e\u015fit k\u00e2\u011f\u0131t \u00fcretim tesisleri, (60.000 ton\/y\u0131l ve \u00fczeri kapasiteli)<\/span>\n                                  <\/p>\n                                  <p style=\"text-align: justify;\">\n                                    <span class=\"u-text-body-alt-color\">26- Y\u0131ll\u0131k kapasitesi 3.000 ton ve \u00fczeri olan kasar (Ha\u015f\u0131l s\u00f6kme, a\u011fartma,&nbsp;merserizasyon,&nbsp;kostikleme&nbsp;ve benzeri.) veya y\u0131ll\u0131k kapasitesi 3.000 ton ve \u00fczeri olan boyama birimlerini i\u00e7eren iplik, kuma\u015f veya hal\u0131 fabrikalar\u0131,<\/span>\n                                  <\/p>\n                                  <p style=\"text-align: justify;\">\n                                    <span class=\"u-text-body-alt-color\">27-&nbsp;Madencilik projeleri:<\/span>\n                                  <\/p>\n                                  <p style=\"text-align: justify;\">\n                                    <span class=\"u-text-body-alt-color\">a) 25 hektar ve \u00fczeri \u00e7al\u0131\u015fma alan\u0131nda (Kaz\u0131 ve d\u00f6k\u00fcm alan\u0131 toplam\u0131 olarak) a\u00e7\u0131k i\u015fletmeler,<\/span>\n                                  <\/p>\n                                  <p style=\"text-align: justify;\">\n                                    <span class=\"u-text-body-alt-color\">b) 150 hektar\u0131 a\u015fan (Kaz\u0131 ve d\u00f6k\u00fcm alan\u0131 toplam\u0131 olarak) \u00e7al\u0131\u015fma alan\u0131nda a\u00e7\u0131k i\u015fletme y\u00f6ntemi ile k\u00f6m\u00fcr \u00e7\u0131karma,<\/span>\n                                  <\/p>\n                                  <p style=\"text-align: justify;\">\n                                    <span class=\"u-text-body-alt-color\">c) Biyolojik, kimyasal, elektrolitik ya da \u0131s\u0131l i\u015flem y\u00f6ntemleri uygulanan cevher zenginle\u015ftirme tesisleri ve\/veya bu zenginle\u015ftirme tesislerine ili\u015fkin at\u0131k tesisleri,<\/span>\n                                  <\/p>\n                                  <p style=\"text-align: justify;\">\n                                    <span class=\"u-text-body-alt-color\">\u00e7) 400.000 ton\/y\u0131l ve \u00fczeri k\u0131rma, eleme, y\u0131kama ve cevher haz\u0131rlama i\u015flemlerinden en az birini yapan tesisler.<\/span>\n                                  <\/p>\n                                  <p style=\"text-align: justify;\">\n                                    <span class=\"u-text-body-alt-color\">28- 500 ton\/g\u00fcn ham petrol, 500.000 m3\/g\u00fcn do\u011fal gaz veya kaya gaz\u0131n\u0131n \u00e7\u0131kar\u0131lmas\u0131,<\/span>\n                                  <\/p>\n                                  <p style=\"text-align: justify;\">\n                                    <span class=\"u-text-body-alt-color\">29- Petrol, do\u011falgaz ve kimyasallar\u0131n 40&nbsp;km\u2019den&nbsp;uzun 600 mm ve \u00fczeri \u00e7apl\u0131 borularla ta\u015f\u0131nmas\u0131,<\/span>\n                                  <\/p>\n                                  <p style=\"text-align: justify;\">\n                                    <span class=\"u-text-body-alt-color\">30- \u00c7imento fabrikalar\u0131,<\/span>\n                                  <\/p>\n                                  <p style=\"text-align: justify;\">\n                                    <span class=\"u-text-body-alt-color\">31- Kapasitesi 50.000 m3&nbsp;ve \u00fczeri olan petrol, do\u011falgaz, petrokimya ve kimyasal maddelerin depoland\u0131\u011f\u0131 tesisler,<\/span>\n                                  <\/p>\n                                  <p style=\"text-align: justify;\">\n                                    <span class=\"u-text-body-alt-color\">32-&nbsp;Ham deri i\u015fleme tesisleri, (Konfeksiyon \u00fcr\u00fcnleri hari\u00e7) (2.000 ton\/y\u0131l ve \u00fczeri)<\/span>\n                                  <\/p>\n                                  <p style=\"text-align: justify;\">\n                                    <span class=\"u-text-body-alt-color\">33- \u0130htisas Organize Sanayi B\u00f6lgeleri, (Ek-1 listesi ve ek-2 listesinde yer alan projeler)<\/span>\n                                  <\/p>\n                                  <p style=\"text-align: justify;\">\n                                    <span class=\"u-text-body-alt-color\">34- Pil ve\/veya ak\u00fc \u00fcretim tesisleri, (Montaj yap\u0131lan tesisler hari\u00e7)<\/span>\n                                  <\/p>\n                                  <p style=\"text-align: justify;\">\n                                    <span class=\"u-text-body-alt-color\">35- Tar\u0131m ila\u00e7lar\u0131n\u0131n ve\/veya&nbsp;farmas\u00f6tik&nbsp;\u00fcr\u00fcnlerin etken maddelerinin \u00fcretildi\u011fi tesisler,<\/span>\n                                  <\/p>\n                                  <p style=\"text-align: justify;\">\n                                    <span class=\"u-text-body-alt-color\">36- Motorlu ta\u015f\u0131tlar\u0131n \u00fcretimi, [Kara ta\u015f\u0131tlar\u0131 (otomobil, otob\u00fcs ve benzeri); tar\u0131m&nbsp;makinalar\u0131&nbsp;(trakt\u00f6r, bi\u00e7erd\u00f6ver ve benzeri); i\u015f&nbsp;makinalar\u0131&nbsp;(dozer, ekskavat\u00f6r ve benzeri); savunma sanayi ta\u015f\u0131tlar\u0131 (tank, z\u0131rhl\u0131 ara\u00e7 ve benzeri)] (montaj yap\u0131lan tesisler hari\u00e7) (10.000 adet\/y\u0131l ve \u00fczeri)<\/span>\n                                  <\/p>\n                                  <p style=\"text-align: justify;\">\n                                    <span class=\"u-text-body-alt-color\">37- Demiryolu ta\u015f\u0131tlar\u0131n\u0131n \u00fcretiminin yap\u0131ld\u0131\u011f\u0131 tesisler, (Montaj yap\u0131lan tesisler hari\u00e7) (1.000 adet\/y\u0131l ve \u00fczeri)<\/span>\n                                  <\/p>\n                                  <p style=\"text-align: justify;\">\n                                    <span class=\"u-text-body-alt-color\">38- Motorlu hava ta\u015f\u0131tlar\u0131n\u0131n \u00fcretimi,<\/span>\n                                  <\/p>\n                                  <p style=\"text-align: justify;\">\n                                    <span class=\"u-text-body-alt-color\">39- Cam, cam elyaf\u0131, ta\u015f y\u00fcn\u00fc ve benzeri \u00fcretim tesisleri, (100.000 ton\/y\u0131l ve \u00fczeri)<\/span>\n                                  <\/p>\n                                  <p style=\"text-align: justify;\">\n                                    <span class=\"u-text-body-alt-color\">40- Lastik \u00fcretim tesisleri, (\u0130\u00e7 ve d\u0131\u015f motorlu ta\u015f\u0131t ve u\u00e7ak lastikleri, kolon, s\u0131rt kau\u00e7u\u011fu,&nbsp;kord&nbsp;bezi ve benzeri)<\/span>\n                                  <\/p>\n                                  <p style=\"text-align: justify;\">\n                                    <span class=\"u-text-body-alt-color\">41- Seramik veya porselen \u00fcretimi yapan tesisler, [Hammadde kapasitesi (\u00e7amur haz\u0131rlama, astarlama, s\u0131rlama vb. i\u015flemlerde kullan\u0131lan malzemeler)] (300.000 ton\/y\u0131l ve \u00fczeri)<\/span>\n                                  <\/p>\n                                  <p style=\"text-align: justify;\">\n                                    <span class=\"u-text-body-alt-color\">42- Turizm konaklama tesisleri: Oteller, tatil k\u00f6yleri ve\/veya turizm&nbsp;kompleksleri&nbsp;ve benzeri, (500 oda ve \u00fczeri)<\/span>\n                                  <\/p>\n                                  <p style=\"text-align: justify;\">\n                                    <span class=\"u-text-body-alt-color\">43- Kurulu g\u00fcc\u00fc 50&nbsp;MWm&nbsp;ve \u00fczeri&nbsp;r\u00fczgar&nbsp;enerji santralleri,<\/span>\n                                  <\/p>\n                                  <p style=\"text-align: justify;\">\n                                    <span class=\"u-text-body-alt-color\">44- Jeotermal kayna\u011f\u0131n \u00e7\u0131kart\u0131lmas\u0131 ve kullan\u0131lmas\u0131, (Is\u0131l kapasitesi 20&nbsp;MWe&nbsp;ve \u00fczeri)<\/span>\n                                  <\/p>\n                                  <p style=\"text-align: justify;\">\n                                    <span class=\"u-text-body-alt-color\">45- Kurulu g\u00fcc\u00fc 10&nbsp;MWe&nbsp;ve \u00fczeri g\u00fcne\u015f enerjisi santralleri,<\/span>\n                                  <\/p>\n                                  <p style=\"text-align: justify;\">\n                                    <span class=\"u-text-body-alt-color\">46- 154 kV (Kilovolt) ve \u00fczeri gerilimde 15 km ve \u00fczeri uzunluktaki elektrik enerjisi iletim hatlar\u0131.<\/span>\n                                    <span class=\"u-text-body-alt-color\">&nbsp; &nbsp; &nbsp; &nbsp; &nbsp; &nbsp; &nbsp; &nbsp; &nbsp; &nbsp; &nbsp; &nbsp; &nbsp; &nbsp; &nbsp; &nbsp; &nbsp;<\/span>\n                                  <\/p>\n                                  <p style=\"text-align: right;\">\n                                    <span class=\"u-text-custom-color-5\">EK-2 L\u0130STES\u0130<\/span>\n                                  <\/p>\n                                  <p style=\"text-align: justify;\">\n                                    <span class=\"u-text-body-alt-color\">&nbsp;<\/span>\n                                  <\/p>\n                                  <p>\n                                    <span class=\"u-text-custom-color-5\">SE\u00c7ME-ELEME KR\u0130TERLER\u0130 UYGULANACAK PROJELER L\u0130STES\u0130<\/span>\n                                  <\/p>\n                                  <p style=\"text-align: justify;\">\n                                    <span class=\"u-text-body-alt-color\">(Ek-1 Listesinde Yer Alan Alt S\u0131n\u0131rlar Bu Listede \u00dcst S\u0131n\u0131r Olarak Al\u0131n\u0131r)<\/span>\n                                  <\/p>\n                                  <p style=\"text-align: justify;\">\n                                    <span class=\"u-text-body-alt-color\">&nbsp;<\/span>\n                                  <\/p>\n                                  <p style=\"text-align: justify;\">\n                                    <span class=\"u-text-body-alt-color\">1- 50-500 ton\/g\u00fcn ta\u015f k\u00f6m\u00fcr\u00fc ve bit\u00fcml\u00fc maddelerin gazla\u015ft\u0131r\u0131lmas\u0131 ve s\u0131v\u0131la\u015ft\u0131r\u0131lmas\u0131 projeleri,<\/span>\n                                  <\/p>\n                                  <p style=\"text-align: justify;\">\n                                    <span class=\"u-text-body-alt-color\">2- a) Kimyasallar\u0131n \u00fcretimi,&nbsp;petrolden ya\u011flama maddesi \u00fcretimi veya ara \u00fcr\u00fcnlerin i\u015flenmesi i\u00e7in projelendirilen tesisler, (Proses kaynakl\u0131 at\u0131\u011f\u0131 ve yan \u00fcr\u00fcn\u00fc olmayan sadece kar\u0131\u015f\u0131m yapan tesisler bu kapsam\u0131n d\u0131\u015f\u0131ndad\u0131r)<\/span>\n                                  <\/p>\n                                  <p style=\"text-align: justify;\">\n                                    <span class=\"u-text-body-alt-color\">b) Y\u0131ll\u0131k i\u015fleme kapasitesi 2.000 ton\u2019dan az olan at\u0131k ya\u011f geri kazan\u0131m tesisleri,<\/span>\n                                  <\/p>\n                                  <p style=\"text-align: justify;\">\n                                    <span class=\"u-text-body-alt-color\">c) Kapasitesi 200-1.000 kg\/g\u00fcn aras\u0131nda olan t\u0131bbi at\u0131k yakma tesisleri ve\/veya t\u0131bbi at\u0131klar\u0131n fiziksel ve kimyasal olarak i\u015fleme tabi tutuldu\u011fu tesisler,<\/span>\n                                  <\/p>\n                                  <p style=\"text-align: justify;\">\n                                    <span class=\"u-text-body-alt-color\">\u00e7) Tehlikeli ve\/veya \u00f6zel i\u015fleme tabi at\u0131klar\u0131n fiziksel y\u00f6ntemlerle geri kazan\u0131ld\u0131\u011f\u0131 tesisler, (\u00d6mr\u00fcn\u00fc tamamlam\u0131\u015f lastiklerin, kablolar\u0131n k\u0131rma ve par\u00e7alama i\u015flemleri hari\u00e7)<\/span>\n                                  <\/p>\n                                  <p style=\"text-align: justify;\">\n                                    <span class=\"u-text-body-alt-color\">3- Depolama kapasitesi 500-50.000 m3&nbsp;aras\u0131 olan do\u011falgaz, petrokimya, petrol ve kimyasal maddelerin depoland\u0131\u011f\u0131 tesisler, (Perakende sat\u0131\u015f istasyonlar\u0131 bu kapsam\u0131n d\u0131\u015f\u0131ndad\u0131r)<\/span>\n                                  <\/p>\n                                  <p style=\"text-align: justify;\">\n                                    <span class=\"u-text-body-alt-color\">4- Tar\u0131m ila\u00e7lar\u0131 ve&nbsp;farmasotik&nbsp;\u00fcr\u00fcnlerin (A\u015f\u0131 ve serum \u00fcretimi hari\u00e7), boya ve cilalar\u0131n (Re\u00e7ine \u00fcnitesini ihtiva eden), peroksitlerin ve bitki geli\u015fim d\u00fczenleyicilerin \u00fcretildi\u011fi,&nbsp;elastomer&nbsp;esasl\u0131 \u00fcr\u00fcnlerin (Vulkanizasyon&nbsp;i\u015flemini i\u00e7eren) i\u015fleme tabi tutuldu\u011fu tesisler,<\/span>\n                                  <\/p>\n                                  <p style=\"text-align: justify;\">\n                                    <span class=\"u-text-body-alt-color\">5- \u0130n\u015faat y\u0131k\u0131nt\u0131 ve hafriyat at\u0131klar\u0131 hari\u00e7 olmak \u00fczere g\u00fcnl\u00fck kapasitesi 100 ton\u2019un alt\u0131nda olan at\u0131klar\u0131n&nbsp;kompostla\u015ft\u0131r\u0131ld\u0131\u011f\u0131&nbsp;ve\/veya di\u011fer tekniklerle geri kazan\u0131ld\u0131\u011f\u0131, yak\u0131ld\u0131\u011f\u0131 (Oksitlenme yoluyla yakma,&nbsp;piroliz, gazla\u015ft\u0131rma, plazma vb. termal i\u015flemler), d\u00fczenli depoland\u0131\u011f\u0131 ve\/veya nihai&nbsp;bertaraf\u0131n\u0131n&nbsp;yap\u0131ld\u0131\u011f\u0131 tesisler,<\/span>\n                                  <\/p>\n                                  <p style=\"text-align: justify;\">\n                                    <span class=\"u-text-body-alt-color\">6- Hammadde \u00fcretim \u00fcnitesini i\u00e7eren sabun ve\/veya deterjan \u00fcretimi yapan tesisler,<\/span>\n                                  <\/p>\n                                  <p style=\"text-align: justify;\">\n                                    <span class=\"u-text-body-alt-color\">7- Kapasitesi 500 ton ve \u00fczeri olan patlay\u0131c\u0131 ve\/veya parlay\u0131c\u0131 madde depolama tesisleri,<\/span>\n                                  <\/p>\n                                  <p style=\"text-align: justify;\">\n                                    <span class=\"u-text-body-alt-color\">8- Metal end\u00fcstrisi: (1.000 ton\/y\u0131l ve \u00fczeri)<\/span>\n                                  <\/p>\n                                  <p style=\"text-align: justify;\">\n                                    <span class=\"u-text-body-alt-color\">a) Cevherden demir ve\/veya \u00e7elik \u00fcreten tesisler,<\/span>\n                                  <\/p>\n                                  <p style=\"text-align: justify;\">\n                                    <span class=\"u-text-body-alt-color\">b) Hurda demir ve\/veya \u00e7elikten \u00e7elik \u00fcreten tesisler,<\/span>\n                                  <\/p>\n                                  <p style=\"text-align: justify;\">\n                                    <span class=\"u-text-body-alt-color\">c) Demir ve\/veya \u00e7eli\u011fin ergitildi\u011fi ve d\u00f6k\u00fcm\u00fcn\u00fcn yap\u0131ld\u0131\u011f\u0131 tesisler, (Hurda&nbsp;dahil)<\/span>\n                                  <\/p>\n                                  <p style=\"text-align: justify;\">\n                                    <span class=\"u-text-body-alt-color\">\u00e7) Demir d\u0131\u015f\u0131 metallerin ergitildi\u011fi ve d\u00f6k\u00fcm\u00fcn\u00fcn yap\u0131ld\u0131\u011f\u0131 tesisler,<\/span>\n                                  <\/p>\n                                  <p style=\"text-align: justify;\">\n                                    <span class=\"u-text-body-alt-color\">d) S\u0131cak haddeleme tesisleri,<\/span>\n                                  <\/p>\n                                  <p style=\"text-align: justify;\">\n                                    <span class=\"u-text-body-alt-color\">1) Demir veya \u00e7eli\u011fin haddelendi\u011fi tesisler,<\/span>\n                                  <\/p>\n                                  <p style=\"text-align: justify;\">\n                                    <span class=\"u-text-body-alt-color\">2) Demir d\u0131\u015f\u0131 metallerin haddelendi\u011fi tesisler,<\/span>\n                                  <\/p>\n                                  <p style=\"text-align: justify;\">\n                                    <span class=\"u-text-body-alt-color\">e) So\u011fuk haddeleme tesisleri, (Tel \u00e7ekme tesisleri hari\u00e7)<\/span>\n                                  <\/p>\n                                  <p style=\"text-align: justify;\">\n                                    <span class=\"u-text-body-alt-color\">1) Demir veya \u00e7eli\u011fin haddelendi\u011fi tesisler,<\/span>\n                                  <\/p>\n                                  <p style=\"text-align: justify;\">\n                                    <span class=\"u-text-body-alt-color\">2) Demir d\u0131\u015f\u0131 metallerin haddelendi\u011fi tesisler,<\/span>\n                                  <\/p>\n                                  <p style=\"text-align: justify;\">\n                                    <span class=\"u-text-body-alt-color\">9- Tank\/havuz hacminin 10 m\u00b3 ve \u00fczeri oldu\u011fu, elektrolitik veya kimyasal bir&nbsp;proses&nbsp;kullan\u0131larak metal veya plastik maddelerin y\u00fczeylerinin metalle kapland\u0131\u011f\u0131 tesisler ve\/veya y\u00fczey temizleme i\u015fleminin yap\u0131ld\u0131\u011f\u0131 tesisler,<\/span>\n                                  <\/p>\n                                  <p style=\"text-align: justify;\">\n                                    <span class=\"u-text-body-alt-color\">10- Tekstil tesisleri:<\/span>\n                                  <\/p>\n                                  <p style=\"text-align: justify;\">\n                                    <span class=\"u-text-body-alt-color\">a) Boyama (Kimyasal veya k\u00f6k boya kullan\u0131larak) veya kasar i\u015flemi yapan iplik, kuma\u015f veya hal\u0131 fabrikalar\u0131,<\/span>\n                                  <\/p>\n                                  <p style=\"text-align: justify;\">\n                                    <span class=\"u-text-body-alt-color\">b) Y\u00fcn veya tifti\u011fin ovalanmas\u0131, ya\u011f\u0131n\u0131n al\u0131nmas\u0131 veya a\u011fartmas\u0131n\u0131n yap\u0131ld\u0131\u011f\u0131 end\u00fcstriyel tip tesisler,<\/span>\n                                  <\/p>\n                                  <p style=\"text-align: justify;\">\n                                    <span class=\"u-text-body-alt-color\">c) Denim (Kot) veya&nbsp;konfeksiyon&nbsp;\u00fcr\u00fcnleri y\u0131kama tesisleri, (Yumu\u015fakl\u0131k ve \u00e7ekmezlik \u00f6zelli\u011fi kazand\u0131rmak i\u00e7in sadece yumu\u015fat\u0131c\u0131larla yap\u0131lan normal y\u0131kama hari\u00e7)<\/span>\n                                  <\/p>\n                                  <p style=\"text-align: justify;\">\n                                    <span class=\"u-text-body-alt-color\">\u00e7) Bask\u0131 i\u015flemi yapan tesisler, (Bask\u0131 sonras\u0131 kuma\u015f\u0131n y\u0131kama i\u015flemine tabi tutuldu\u011fu tesisler)<\/span>\n                                  <\/p>\n                                  <p style=\"text-align: justify;\">\n                                    <span class=\"u-text-body-alt-color\">11- Cam, cam elyaf\u0131, ta\u015f y\u00fcn\u00fc ve benzeri \u00fcretim tesisleri,<\/span>\n                                  <\/p>\n                                  <p style=\"text-align: justify;\">\n                                    <span class=\"u-text-body-alt-color\">12- Her \u00e7e\u015fit k\u00e2\u011f\u0131t \u00fcretim tesisleri,<\/span>\n                                  <\/p>\n                                  <p style=\"text-align: justify;\">\n                                    <span class=\"u-text-body-alt-color\">13- Lastik kaplama tesisleri, (So\u011fuk lastik kaplama hari\u00e7)<\/span>\n                                  <\/p>\n                                  <p style=\"text-align: justify;\">\n                                    <span class=\"u-text-body-alt-color\">14- Ham deri i\u015fleme tesisleri, (Konfeksiyon \u00fcr\u00fcnleri hari\u00e7)<\/span>\n                                  <\/p>\n                                  <p style=\"text-align: justify;\">\n                                    <span class=\"u-text-body-alt-color\">15- Motorlu ta\u015f\u0131tlar\u0131n \u00fcretimi, [Kara ta\u015f\u0131tlar\u0131 (otomobil, otob\u00fcs ve benzeri); tar\u0131m&nbsp;makinalar\u0131&nbsp;(trakt\u00f6r, bi\u00e7erd\u00f6ver ve benzeri); i\u015f&nbsp;makinalar\u0131&nbsp;(dozer, ekskavat\u00f6r ve benzeri); savunma sanayi ta\u015f\u0131tlar\u0131 (tank, z\u0131rhl\u0131 ara\u00e7 ve benzeri)] (Montaj yap\u0131lan tesisler hari\u00e7)<\/span>\n                                  <\/p>\n                                  <p style=\"text-align: justify;\">\n                                    <span class=\"u-text-body-alt-color\">16- \u0130\u00e7ten yanmal\u0131 motor \u00fcretimi,<\/span>\n                                  <\/p>\n                                  <p style=\"text-align: justify;\">\n                                    <span class=\"u-text-body-alt-color\">17- Demiryolu ta\u015f\u0131tlar\u0131n\u0131n \u00fcretiminin yap\u0131ld\u0131\u011f\u0131 tesisler, (Montaj yap\u0131lan tesisler hari\u00e7)<\/span>\n                                  <\/p>\n                                  <p style=\"text-align: justify;\">\n                                    <span class=\"u-text-body-alt-color\">18- Haz\u0131r beton tesisleri, \u00e7imento veya di\u011fer ba\u011flay\u0131c\u0131 maddeler kullan\u0131larak \u015fekillendirilmi\u015f malzeme \u00fcreten tesisler, \u00f6n gerilimli beton eleman\u0131, gaz beton,&nbsp;betopan&nbsp;ve benzeri \u00fcretim yapan tesisler, (\u00dcretim kapasitesi 100 m3\/saat ve \u00fczeri)<\/span>\n                                  <\/p>\n                                  <p style=\"text-align: justify;\">\n                                    <span class=\"u-text-body-alt-color\">19-&nbsp;Tu\u011fla veya kiremit \u00fcretimi yapan tesisler, [Hammadde kapasitesi (\u00e7amur haz\u0131rlamaya esas malzemeler)] (1.000 ton\/y\u0131l ve \u00fczeri)<\/span>\n                                  <\/p>\n                                  <p style=\"text-align: justify;\">\n                                    <span class=\"u-text-body-alt-color\">20-&nbsp;Seramik veya porselen \u00fcretimi yapan tesisler, [Hammadde kapasitesi (\u00e7amur haz\u0131rlama, astarlama, s\u0131rlama vb. i\u015flemlerde kullan\u0131lan malzemeler)] (1.000 ton\/y\u0131l ve \u00fczeri)<\/span>\n                                  <\/p>\n                                  <p style=\"text-align: justify;\">\n                                    <span class=\"u-text-body-alt-color\">21-&nbsp;Klinker \u00f6\u011f\u00fctme tesisleri,<\/span>\n                                  <\/p>\n                                  <p style=\"text-align: justify;\">\n                                    <span class=\"u-text-body-alt-color\">22- Asfalt&nbsp;plent&nbsp;tesisleri,<\/span>\n                                  <\/p>\n                                  <p style=\"text-align: justify;\">\n                                    <span class=\"u-text-body-alt-color\">23-&nbsp;Tehlikeli ve\/veya \u00f6zel i\u015fleme tabi at\u0131klar\u0131n ara depolanmas\u0131,<\/span>\n                                  <\/p>\n                                  <p style=\"text-align: justify;\">\n                                    <span class=\"u-text-body-alt-color\">24-&nbsp;Anfo&nbsp;\u00fcretimi,<\/span>\n                                  <\/p>\n                                  <p style=\"text-align: justify;\">\n                                    <span class=\"u-text-body-alt-color\">25-&nbsp;Tuzun \u00e7\u0131kar\u0131ld\u0131\u011f\u0131 ve\/veya i\u015flendi\u011fi tesisler, (Eleme, paketleme hari\u00e7)<\/span>\n                                  <\/p>\n                                  <p style=\"text-align: justify;\">\n                                    <span class=\"u-text-body-alt-color\">26-&nbsp;Y\u0131ll\u0131k 1.000 ton ve \u00fczeri fosfor, azot ve potasyum&nbsp;bazl\u0131&nbsp;basit veya bile\u015fik g\u00fcbrelerin her t\u00fcrl\u00fc \u00fcretimi,<\/span>\n                                  <\/p>\n                                  <p style=\"text-align: justify;\">\n                                    <span class=\"u-text-body-alt-color\">27- Bitkisel \u00fcr\u00fcnlerin \u00fcretimi:<\/span>\n                                  <\/p>\n                                  <p style=\"text-align: justify;\">\n                                    <span class=\"u-text-body-alt-color\">a) Bitkisel ham ya\u011f veya rafine ya\u011f \u00fcreten tesisler, (Kekik, papatya ve benzeri&nbsp;esansiyel&nbsp;ya\u011flar\u0131n \u00fcretimi hari\u00e7)<\/span>\n                                  <\/p>\n                                  <p style=\"text-align: justify;\">\n                                    <span class=\"u-text-body-alt-color\">b) Ni\u015fasta \u00fcretimi veya ni\u015fasta t\u00fcrevlerinin \u00fcretildi\u011fi tesisler,<\/span>\n                                  <\/p>\n                                  <p style=\"text-align: justify;\">\n                                    <span class=\"u-text-body-alt-color\">c) Fermantasyon ile \u015falgam veya sirke \u00fcretim tesisleri, (1.000.000 litre\/y\u0131l ve \u00fczeri)<\/span>\n                                  <\/p>\n                                  <p style=\"text-align: justify;\">\n                                    <span class=\"u-text-body-alt-color\">\u00e7) Suma \u00fcretim tesisi, (5.000 litre\/y\u0131l ve \u00fczeri)<\/span>\n                                  <\/p>\n                                  <p style=\"text-align: justify;\">\n                                    <span class=\"u-text-body-alt-color\">d) Malt \u00fcretim tesisi, (5.000 ton\/y\u0131l ve \u00fczeri)<\/span>\n                                  <\/p>\n                                  <p style=\"text-align: justify;\">\n                                    <span class=\"u-text-body-alt-color\">e) Zeytin i\u015fleme tesisi, (1.500 ton\/y\u0131l ve \u00fczeri)<\/span>\n                                  <\/p>\n                                  <p style=\"text-align: justify;\">\n                                    <span class=\"u-text-body-alt-color\">f) Sigara fabrikalar\u0131 veya Sarmal\u0131k k\u0131y\u0131lm\u0131\u015f t\u00fct\u00fcn mamulleri \u00fcretimi yapan tesisler, (1000 ton\/y\u0131l ve \u00fczeri )<\/span>\n                                  <\/p>\n                                  <p style=\"text-align: justify;\">\n                                    <span class=\"u-text-body-alt-color\">g) Maya fabrikalar\u0131,<\/span>\n                                  <\/p>\n                                  <p style=\"text-align: justify;\">\n                                    <span class=\"u-text-body-alt-color\">\u011f) Alkoll\u00fc i\u00e7ecek \u00fcretimi, (5.000 litre\/y\u0131l ve \u00fczeri)<\/span>\n                                  <\/p>\n                                  <p style=\"text-align: justify;\">\n                                    <span class=\"u-text-body-alt-color\">h) Meyve p\u00fcresi, meyve&nbsp;konsantresi&nbsp;veya meyve t\u00fcrevli i\u00e7ecek \u00fcretilen tesisler, (1.000.000 litre\/y\u0131l ve \u00fczeri)<\/span>\n                                  <\/p>\n                                  <p style=\"text-align: justify;\">\n                                    <span class=\"u-text-body-alt-color\">\u0131) Alkols\u00fcz gazl\u0131 i\u00e7ecek \u00fcretilen tesisler, (Soda, meyveli soda \u00fcreten tesisler hari\u00e7) (1.000.000 litre\/y\u0131l ve \u00fczeri)<\/span>\n                                  <\/p>\n                                  <p style=\"text-align: justify;\">\n                                    <span class=\"u-text-body-alt-color\">i) Meyan k\u00f6k\u00fc,&nbsp;demirhindi, \u015ferbet\u00e7i otu gibi bitkilerin i\u015flendi\u011fi tesisler, (1.000.000 litre\/y\u0131l ve \u00fczeri)<\/span>\n                                  <\/p>\n                                  <p style=\"text-align: justify;\">\n                                    <span class=\"u-text-body-alt-color\">j) Sal\u00e7a \u00fcretilen tesisler, (1.000 ton\/y\u0131l ve \u00fczeri )<\/span>\n                                  <\/p>\n                                  <p style=\"text-align: justify;\">\n                                    <span class=\"u-text-body-alt-color\">28-&nbsp;Hayvansal \u00fcr\u00fcnlerin \u00fcretimi:<\/span>\n                                  <\/p>\n                                  <p style=\"text-align: justify;\">\n                                    <span class=\"u-text-body-alt-color\">a) Hayvansal ya\u011flar\u0131n eritildi\u011fi tesisler,<\/span>\n                                  <\/p>\n                                  <p style=\"text-align: justify;\">\n                                    <span class=\"u-text-body-alt-color\">b) Su \u00fcr\u00fcnleri i\u015fleme tesisleri,<\/span>\n                                  <\/p>\n                                  <p style=\"text-align: justify;\">\n                                    <span class=\"u-text-body-alt-color\">c) S\u00fct i\u015fleme tesisleri, (\u00c7i\u011f s\u00fct i\u015fleme kapasitesi 10.000 litre \/g\u00fcn ve \u00fczeri)<\/span>\n                                  <\/p>\n                                  <p style=\"text-align: justify;\">\n                                    <span class=\"u-text-body-alt-color\">\u00e7) K\u00fclt\u00fcr bal\u0131k\u00e7\u0131l\u0131\u011f\u0131 projeleri, (30 ton\/y\u0131l ve \u00fczeri \u00fcretim),<\/span>\n                                  <\/p>\n                                  <p style=\"text-align: justify;\">\n                                    <span class=\"u-text-body-alt-color\">d) Bal\u0131k kulu\u00e7kahaneleri, (40 milyon adet\/y\u0131l ve \u00fczeri yavru \u00fcretimi)<\/span>\n                                  <\/p>\n                                  <p style=\"text-align: justify;\">\n                                    <span class=\"u-text-body-alt-color\">e) B\u00fcy\u00fckba\u015f ve\/veya k\u00fc\u00e7\u00fckba\u015f hayvan kesiminin yap\u0131ld\u0131\u011f\u0131 tesisler [(20 kesim \u00fcnitesi\/g\u00fcn ve \u00fczeri), (Her bir kesim \u00fcnitesi e\u015fde\u011ferleri: 1 ba\u015f s\u0131\u011f\u0131r, 2 ba\u015f deve ku\u015fu, 4 ba\u015f domuz, 8 ba\u015f koyun, 10 ba\u015f ke\u00e7i, 130 ba\u015f tav\u015fan)],<\/span>\n                                  <\/p>\n                                  <p style=\"text-align: justify;\">\n                                    <span class=\"u-text-body-alt-color\">f) Kanatl\u0131 hayvanlar\u0131n kesiminin yap\u0131ld\u0131\u011f\u0131 tesisler [ (1.000 adet\/g\u00fcn ve \u00fczeri tavuk ve e\u015fde\u011feri di\u011fer kanatl\u0131lar) (1 adet hindi = 7 adet tavuk esas al\u0131nmal\u0131d\u0131r)],<\/span>\n                                  <\/p>\n                                  <p style=\"text-align: justify;\">\n                                    <span class=\"u-text-body-alt-color\">g) Likit yumurta \u00fcretim tesisi, (10 ton\/g\u00fcn ve \u00fczeri )<\/span>\n                                  <\/p>\n                                  <p style=\"text-align: justify;\">\n                                    <span class=\"u-text-body-alt-color\">\u011f)&nbsp;Rendering&nbsp;tesisleri,<\/span>\n                                  <\/p>\n                                  <p style=\"text-align: justify;\">\n                                    <span class=\"u-text-body-alt-color\">h) Peynir alt\u0131 suyu i\u015fleme tesisleri, (\u0130\u015fleme kapasitesi 10.000 litre \/g\u00fcn ve \u00fczeri)<\/span>\n                                  <\/p>\n                                  <p style=\"text-align: justify;\">\n                                    <span class=\"u-text-body-alt-color\">29- Kapasitesi 1-100 ton\/g\u00fcn aras\u0131nda olan, hayvan yeti\u015ftiricili\u011finden kaynakl\u0131 d\u0131\u015fk\u0131lar\u0131n yak\u0131ld\u0131\u011f\u0131, geri kazan\u0131ld\u0131\u011f\u0131 ve\/veya bertaraf edildi\u011fi tesisler,<\/span>\n                                  <\/p>\n                                  <p style=\"text-align: justify;\">\n                                    <span class=\"u-text-body-alt-color\">30- Hayvan yeti\u015ftirme tesisleri:<\/span>\n                                  <\/p>\n                                  <p style=\"text-align: justify;\">\n                                    <span class=\"u-text-body-alt-color\">a) 500 ba\u015f ve \u00fczeri b\u00fcy\u00fckba\u015f yeti\u015ftirme tesisleri,<\/span>\n                                  <\/p>\n                                  <p style=\"text-align: justify;\">\n                                    <span class=\"u-text-body-alt-color\">b) 2.500 ba\u015f ve \u00fczeri k\u00fc\u00e7\u00fckba\u015f yeti\u015ftirme tesisleri,<\/span>\n                                  <\/p>\n                                  <p style=\"text-align: justify;\">\n                                    <span class=\"u-text-body-alt-color\">c) B\u00fcy\u00fckba\u015f ve k\u00fc\u00e7\u00fckba\u015f hayvanlar\u0131n birlikte yeti\u015ftirilmesi, (500 b\u00fcy\u00fckba\u015f ve \u00fczeri, 1 b\u00fcy\u00fckba\u015f=5 k\u00fc\u00e7\u00fckba\u015f e\u015fde\u011feri esas al\u0131nmal\u0131d\u0131r)<\/span>\n                                  <\/p>\n                                  <p style=\"text-align: justify;\">\n                                    <span class=\"u-text-body-alt-color\">\u00e7) Kanatl\u0131 yeti\u015ftirme tesisleri [(Bir \u00fcretim periyodunda 20.000 adet ve \u00fczeri tavuk (civciv,&nbsp;pili\u00e7,&nbsp;ve benzeri) veya e\u015fde\u011fer di\u011fer kanatl\u0131lar) (1 adet hindi = 7 adet tavuk)],<\/span>\n                                  <\/p>\n                                  <p style=\"text-align: justify;\">\n                                    <span class=\"u-text-body-alt-color\">d) K\u00fcrk hayvan\u0131 yeti\u015ftiricili\u011fi yapan tesisler, (5.000 adet ve \u00fczeri)<\/span>\n                                  <\/p>\n                                  <p style=\"text-align: justify;\">\n                                    <span class=\"u-text-body-alt-color\">e) 300 ba\u015f ve \u00fczeri domuz besi tesisleri,<\/span>\n                                  <\/p>\n                                  <p style=\"text-align: justify;\">\n                                    <span class=\"u-text-body-alt-color\">31- Altyap\u0131 tesisleri:<\/span>\n                                  <\/p>\n                                  <p style=\"text-align: justify;\">\n                                    <span class=\"u-text-body-alt-color\">a) K\u0131ta i\u00e7i&nbsp;su yollar\u0131n\u0131n&nbsp;yap\u0131m\u0131, (Ek-1 listesinde yer almayanlar)<\/span>\n                                  <\/p>\n                                  <p style=\"text-align: justify;\">\n                                    <span class=\"u-text-body-alt-color\">b) Ek-1 listesinde yer almayan, ticari ama\u00e7l\u0131 liman, iskele, r\u0131ht\u0131m ve&nbsp;dolfenler, (g\u00fcne\u015flenme, sportif ama\u00e7l\u0131 iskeleler ve \u015famand\u0131ralar hari\u00e7)<\/span>\n                                  <\/p>\n                                  <p style=\"text-align: justify;\">\n                                    <span class=\"u-text-body-alt-color\">c) Bal\u0131k\u00e7\u0131 bar\u0131naklar\u0131, r\u00f6mork\u00f6r bar\u0131naklar\u0131,<\/span>\n                                  <\/p>\n                                  <p style=\"text-align: justify;\">\n                                    <span class=\"u-text-body-alt-color\">\u00e7) Denizden 10.000 m2&nbsp;ve \u00fczerinde alan kazan\u0131lmas\u0131 projeleri,<\/span>\n                                  <\/p>\n                                  <p style=\"text-align: justify;\">\n                                    <span class=\"u-text-body-alt-color\">d) Erozyonla m\u00fccadele etmek i\u00e7in k\u0131y\u0131larda yap\u0131lan \u00e7al\u0131\u015fmalar ve k\u0131y\u0131n\u0131n de\u011fi\u015fimine neden olabilecek deniz kenar\u0131nda yap\u0131lan \u00e7al\u0131\u015fmalar; dalgak\u0131ran, mahmuz, mendirek, set ve benzeri, (Bunlar\u0131n bak\u0131m\u0131 onar\u0131m\u0131 hari\u00e7)<\/span>\n                                  <\/p>\n                                  <p style=\"text-align: justify;\">\n                                    <span class=\"u-text-body-alt-color\">e) Ek-1 listesinde yer almayan demiryolu hatlar\u0131, (Ba\u011flant\u0131\/\u0130ltisak hatlar\u0131 hari\u00e7)<\/span>\n                                  <\/p>\n                                  <p style=\"text-align: justify;\">\n                                    <span class=\"u-text-body-alt-color\">f) Demiryolu&nbsp;g\u00fczergah&nbsp;de\u011fi\u015fikli\u011fi, g\u00fczergahtan ayr\u0131lan k\u0131s\u0131mlar\u0131n s\u00fcrekli uzunlu\u011fu 30 km. ve \u00fczerinde olmas\u0131,<\/span>\n                                  <\/p>\n                                  <p style=\"text-align: justify;\">\n                                    <span class=\"u-text-body-alt-color\">g) Mevcut demiryolu&nbsp;g\u00fczergah\u0131&nbsp;korunarak hat say\u0131s\u0131n\u0131n \u00e7o\u011falt\u0131lmas\u0131,<\/span>\n                                  <\/p>\n                                  <p style=\"text-align: justify;\">\n                                    <span class=\"u-text-body-alt-color\">\u011f) Lojistik merkez,<\/span>\n                                  <\/p>\n                                  <p style=\"text-align: justify;\">\n                                    <span class=\"u-text-body-alt-color\">h)&nbsp;\u015eehiri\u00e7i&nbsp;yolcu ta\u015f\u0131maya y\u00f6nelik tramvay,&nbsp;metro, hafif rayl\u0131 ta\u015f\u0131ma sistemleri ve benzeri),<\/span>\n                                  <\/p>\n                                  <p style=\"text-align: justify;\">\n                                    <span class=\"u-text-body-alt-color\">\u0131) Havaalanlar\u0131, (Ek-1 listesinde yer almayanlar)<\/span>\n                                  <\/p>\n                                  <p style=\"text-align: justify;\">\n                                    <span class=\"u-text-body-alt-color\">i) 20 km ve \u00fczeri \u00e7evre yollar\u0131,<\/span>\n                                  <\/p>\n                                  <p style=\"text-align: justify;\">\n                                    <span class=\"u-text-body-alt-color\">j) \u0130l yollar\u0131, (Mahalle ve K\u00f6y yollar\u0131 hari\u00e7)<\/span>\n                                  <\/p>\n                                  <p style=\"text-align: justify;\">\n                                    <span class=\"u-text-body-alt-color\">k) Ek-1 listesi ve ek-2 listesinde yer alan karayolu projelerinin, 20 km ve \u00fczerinde s\u00fcrekli uzunlukta&nbsp;g\u00fczergah\u0131n\u0131n&nbsp;de\u011fi\u015ftirilmesi,<\/span>\n                                  <\/p>\n                                  <p style=\"text-align: justify;\">\n                                    <span class=\"u-text-body-alt-color\">l) \u0130ki veya daha az trafik \u015feridi bulunan mevcut il yollar\u0131n\u0131n d\u00f6rt veya daha fazla \u015feritli olacak \u015fekilde en az 20 km s\u00fcrekli uzunlukta geni\u015fletilmesi,<\/span>\n                                  <\/p>\n                                  <p style=\"text-align: justify;\">\n                                    <span class=\"u-text-body-alt-color\">m) 50.000 m3&nbsp;ve \u00fczeri malzeme \u00e7\u0131kar\u0131lmas\u0131 planlanan dip taramas\u0131 projeleri,<\/span>\n                                  <\/p>\n                                  <p style=\"text-align: justify;\">\n                                    <span class=\"u-text-body-alt-color\">n) \u00c7ekek yerleri,<\/span>\n                                  <\/p>\n                                  <p style=\"text-align: justify;\">\n                                    <span class=\"u-text-body-alt-color\">o) 10-24 m aras\u0131nda yat veya teknelerin imalat, bak\u0131m ve onar\u0131m hizmetlerinden birini yapan tesisler,<\/span>\n                                  <\/p>\n                                  <p style=\"text-align: justify;\">\n                                    <span class=\"u-text-body-alt-color\">\u00f6) Derin deniz de\u015farj\u0131 projeleri,<\/span>\n                                  <\/p>\n                                  <p style=\"text-align: justify;\">\n                                    <span class=\"u-text-body-alt-color\">32-Turizm konaklama tesisleri: Oteller, tatil k\u00f6yleri, turizm&nbsp;kompleksleri&nbsp;vb. (100 oda ve \u00fczeri)<\/span>\n                                  <\/p>\n                                  <p style=\"text-align: justify;\">\n                                    <span class=\"u-text-body-alt-color\">33- Toplu konut projeleri, (500 konut ve \u00fczeri)<\/span>\n                                  <\/p>\n                                  <p style=\"text-align: justify;\">\n                                    <span class=\"u-text-body-alt-color\">34- Kaplad\u0131\u011f\u0131 alan 50.000 m2&nbsp;ve \u00fczeri olan daimi kamp ve karavan alanlar\u0131,<\/span>\n                                  <\/p>\n                                  <p style=\"text-align: justify;\">\n                                    <span class=\"u-text-body-alt-color\">35-&nbsp;Temal\u0131 parklar, (50.000 m2&nbsp;ve \u00fczeri alanda kurulmu\u015f, bilim, k\u00fclt\u00fcr, do\u011fa veya spor gibi herhangi bir temay\u0131 esas alarak m\u00fc\u015fterilere izleme, e\u011flenme ve bilgilenme hizmetleri sunan tesisler)<\/span>\n                                  <\/p>\n                                  <p style=\"text-align: justify;\">\n                                    <span class=\"u-text-body-alt-color\">36-&nbsp;Kayak merkezleri, (1.000 m ve \u00fczeri mekanik tesisleri olan)<\/span>\n                                  <\/p>\n                                  <p style=\"text-align: justify;\">\n                                    <span class=\"u-text-body-alt-color\">37- Arabalar ve motosikletler i\u00e7in kal\u0131c\u0131 yar\u0131\u015f ve test parkurlar\u0131,<\/span>\n                                  <\/p>\n                                  <p style=\"text-align: justify;\">\n                                    <span class=\"u-text-body-alt-color\">38- Golf tesisleri,<\/span>\n                                  <\/p>\n                                  <p style=\"text-align: justify;\">\n                                    <span class=\"u-text-body-alt-color\">39-&nbsp;Al\u0131\u015fveri\u015f merkezleri, (Kapal\u0131 otoparklar d\u00e2hil 50.000 m2&nbsp;ve \u00fczeri projeler)<\/span>\n                                  <\/p>\n                                  <p style=\"text-align: justify;\">\n                                    <span class=\"u-text-body-alt-color\">40-&nbsp;154&nbsp;kV&nbsp;ve \u00fczeri gerilimde 5-15 km uzunlukta olan elektrik enerjisi iletim hatlar\u0131.<\/span>\n                                  <\/p>\n                                  <p style=\"text-align: justify;\">\n                                    <span class=\"u-text-body-alt-color\">41-&nbsp;Kurulu g\u00fcc\u00fc 1-10&nbsp;MWm&nbsp;olan hidroelektrik enerji santralleri,<\/span>\n                                  <\/p>\n                                  <p style=\"text-align: justify;\">\n                                    <span class=\"u-text-body-alt-color\">42- Kurulu g\u00fcc\u00fc 10-50&nbsp;MWm&nbsp;olan r\u00fczg\u00e2r enerji santralleri,<\/span>\n                                  <\/p>\n                                  <p style=\"text-align: justify;\">\n                                    <span class=\"u-text-body-alt-color\">43-&nbsp;Jeotermal kayna\u011f\u0131n \u00e7\u0131kart\u0131lmas\u0131 ve kullan\u0131lmas\u0131, (Is\u0131l g\u00fcc\u00fc 5&nbsp;MWe&nbsp;ve \u00fczeri)<\/span>\n                                  <\/p>\n                                  <p style=\"text-align: justify;\">\n                                    <span class=\"u-text-body-alt-color\">44-&nbsp;Elektrik, gaz, buhar ve s\u0131cak su elde edilmesi i\u00e7in kurulan end\u00fcstriyel tesisler, (Toplam \u0131s\u0131l g\u00fcc\u00fc 20&nbsp;MWt-&nbsp;300&nbsp;MWt&nbsp;aras\u0131 olanlar)<\/span>\n                                  <\/p>\n                                  <p style=\"text-align: justify;\">\n                                    <span class=\"u-text-body-alt-color\">45-Kurulu g\u00fcc\u00fc 1-10&nbsp;MWe&nbsp;olan g\u00fcne\u015f enerjisi santralleri,(\u00e7at\u0131 ve cephe sistemleri hari\u00e7)<\/span>\n                                  <\/p>\n                                  <p style=\"text-align: justify;\">\n                                    <span class=\"u-text-body-alt-color\">46-&nbsp;G\u00f6l hacmi 5 milyon m3&nbsp;ve \u00fczeri olan baraj ve g\u00f6letler,<\/span>\n                                  <\/p>\n                                  <p style=\"text-align: justify;\">\n                                    <span class=\"u-text-body-alt-color\">47- 1.000.000 m3\/y\u0131l ve \u00fczeri yeralt\u0131 suyu \u00e7\u0131karma veya yeralt\u0131nda depolama projeleri,<\/span>\n                                  <\/p>\n                                  <p style=\"text-align: justify;\">\n                                    <span class=\"u-text-body-alt-color\">48-&nbsp;Akarsu yataklar\u0131 ile ilgili projeler:<\/span>\n                                  <\/p>\n                                  <p style=\"text-align: justify;\">\n                                    <span class=\"u-text-body-alt-color\">a) Akarsu havzalar\u0131 aras\u0131nda su aktarma projeleri, (Ek-1 listesinde yer almayanlar)<\/span>\n                                  <\/p>\n                                  <p style=\"text-align: justify;\">\n                                    <span class=\"u-text-body-alt-color\">b) S\u00fcrekli ak\u0131\u015f g\u00f6steren akarsular\u0131n yataklar\u0131nda 5 km ve \u00fczerinde d\u00fczenleme yap\u0131lan projeler,<\/span>\n                                  <\/p>\n                                  <p style=\"text-align: justify;\">\n                                    <span class=\"u-text-body-alt-color\">49-&nbsp;Madencilik projeleri:<\/span>\n                                  <\/p>\n                                  <p style=\"text-align: justify;\">\n                                    <span class=\"u-text-body-alt-color\">a) Madenlerin \u00e7\u0131kar\u0131lmas\u0131, (Ek-1 listesinde yer almayanlar)<\/span>\n                                  <\/p>\n                                  <p style=\"text-align: justify;\">\n                                    <span class=\"u-text-body-alt-color\">b) Y\u0131ll\u0131k 5.000 m3&nbsp;ve\/veya 250.000 m2&nbsp;ve \u00fczeri kapasiteli mermer ve dekoratif ta\u015flar\u0131n kesme, i\u015fleme ve&nbsp;sayalama&nbsp;tesisleri,<\/span>\n                                  <\/p>\n                                  <p style=\"text-align: justify;\">\n                                    <span class=\"u-text-body-alt-color\">c) 1.000.000 m3\/y\u0131l ve \u00fczerinde metan gaz\u0131n\u0131n \u00e7\u0131kart\u0131lmas\u0131 ve depolanmas\u0131,<\/span>\n                                  <\/p>\n                                  <p style=\"text-align: justify;\">\n                                    <span class=\"u-text-body-alt-color\">\u00e7) Karbondioksit, kaya gaz\u0131 ve di\u011fer gazlar\u0131n \u00e7\u0131kart\u0131ld\u0131\u011f\u0131, depoland\u0131\u011f\u0131 veya i\u015flendi\u011fi tesisler, (At\u00f6lye tipi dolum tesisleri hari\u00e7)<\/span>\n                                  <\/p>\n                                  <p style=\"text-align: justify;\">\n                                    <span class=\"u-text-body-alt-color\">d) K\u0131rma, eleme, y\u0131kama ve cevher haz\u0131rlama i\u015flemlerinden en az birini yapan tesisler, (Ek-1 listesinde yer almayanlar)<\/span>\n                                  <\/p>\n                                  <p style=\"text-align: justify;\">\n                                    <span class=\"u-text-body-alt-color\">e) Cevher zenginle\u015ftirme tesisleri ve\/veya bu zenginle\u015ftirme tesislerine ili\u015fkin at\u0131k tesisleri, (Ek-1 listesinde yer almayanlar)<\/span>\n                                  <\/p>\n                                  <p style=\"text-align: justify;\">\n                                    <span class=\"u-text-body-alt-color\">50- K\u00f6m\u00fcr i\u015fleme tesisleri:<\/span>\n                                  <\/p>\n                                  <p style=\"text-align: justify;\">\n                                    <span class=\"u-text-body-alt-color\">a) Havagaz\u0131 ve kok fabrikalar\u0131,<\/span>\n                                  <\/p>\n                                  <p style=\"text-align: justify;\">\n                                    <span class=\"u-text-body-alt-color\">b) K\u00f6m\u00fcr briketleme tesisleri,<\/span>\n                                  <\/p>\n                                  <p style=\"text-align: justify;\">\n                                    <span class=\"u-text-body-alt-color\">c)&nbsp;Lavvar&nbsp;tesisleri,<\/span>\n                                  <\/p>\n                                  <p style=\"text-align: justify;\">\n                                    <span class=\"u-text-body-alt-color\">51-&nbsp;Petrokok, k\u00f6m\u00fcr ve di\u011fer kat\u0131 yak\u0131tlar\u0131n depolama, s\u0131n\u0131flama ve ambalajlama tesisleri, (Perakende sat\u0131\u015f birimleri hari\u00e7)<\/span>\n                                  <\/p>\n                                  <p style=\"text-align: justify;\">\n                                    <span class=\"u-text-body-alt-color\">52- Kire\u00e7 fabrikalar\u0131 ve\/veya al\u00e7\u0131 fabrikalar\u0131,<\/span>\n                                  <\/p>\n                                  <p style=\"text-align: justify;\">\n                                    <span class=\"u-text-body-alt-color\">53- Manyezit i\u015fleme tesisleri,<\/span>\n                                  <\/p>\n                                  <p style=\"text-align: justify;\">\n                                    <span class=\"u-text-body-alt-color\">54- Perlit ve benzeri maden genle\u015ftirme tesisleri,<\/span>\n                                  <\/p>\n                                  <p style=\"text-align: justify;\">\n                                    <span class=\"u-text-body-alt-color\">55- Maden, petrol ve jeotermal kaynak arama projeleri, (Sismik, elektrik, manyetik, elektromanyetik, jeofizik vb. y\u00f6ntemle yap\u0131lan aramalar hari\u00e7)<\/span>\n                                  <\/p>\n                                  <p style=\"text-align: justify;\">\n                                    <span class=\"u-text-body-alt-color\">56- Kapasitesi 50.000-150.000 e\u015fde\u011fer ki\u015fi ve\/veya 10.000-30.000 m3\/g\u00fcn olan at\u0131k su ar\u0131tma tesisleri.<\/span>\n                                  <\/p>\n                                  <p style=\"text-align: right;\">\n                                    <span class=\"u-text-custom-color-5\">EK- 3<\/span>\n                                  <\/p>\n                                  <p style=\"text-align: justify;\">\n                                    <span class=\"u-text-body-alt-color\">&nbsp;<\/span>\n                                  <\/p>\n                                  <p>\n                                    <span class=\"u-text-custom-color-5\">\u00c7EVRESEL ETK\u0130 DE\u011eERLEND\u0130RMES\u0130 GENEL FORMATI<\/span>\n                                  <\/p>\n                                  <p style=\"text-align: justify;\">\n                                    <span class=\"u-text-body-alt-color\">&nbsp;<\/span>\n                                  <\/p>\n                                  <p style=\"text-align: justify;\">\n                                    <span class=\"u-text-body-alt-color\">Ba\u015fl\u0131k Sayfas\u0131:<\/span>\n                                  <\/p>\n                                  <p style=\"text-align: justify;\">\n                                    <span class=\"u-text-body-alt-color\">Proje Sahibinin Ad\u0131:<\/span>\n                                  <\/p>\n                                  <p style=\"text-align: justify;\">\n                                    <span class=\"u-text-body-alt-color\">Adresi<\/span>\n                                  <\/p>\n                                  <p style=\"text-align: justify;\">\n                                    <span class=\"u-text-body-alt-color\">Telefon, GSM ve Faks Numaras\u0131:<\/span>\n                                  <\/p>\n                                  <p style=\"text-align: justify;\">\n                                    <span class=\"u-text-body-alt-color\">e-posta:<\/span>\n                                  <\/p>\n                                  <p style=\"text-align: justify;\">\n                                    <span class=\"u-text-body-alt-color\">Projenin Ad\u0131:<\/span>\n                                  <\/p>\n                                  <p style=\"text-align: justify;\">\n                                    <span class=\"u-text-body-alt-color\">Proje Bedeli:<\/span>\n                                  <\/p>\n                                  <p style=\"text-align: justify;\">\n                                    <span class=\"u-text-body-alt-color\">Proje \u0130\u00e7in Se\u00e7ilen Yerin A\u00e7\u0131k Adresi (\u0130li, \u0130l\u00e7esi, Mevkii):<\/span>\n                                  <\/p>\n                                  <p style=\"text-align: justify;\">\n                                    <span class=\"u-text-body-alt-color\">Projenin \u00c7ED Y\u00f6netmeli\u011fi Kapsam\u0131ndaki Yeri (Sekt\u00f6r, Alt Sekt\u00f6r):<\/span>\n                                  <\/p>\n                                  <p style=\"text-align: justify;\">\n                                    <span class=\"u-text-body-alt-color\">Projenin NACE Kodu:<\/span>\n                                  <\/p>\n                                  <p style=\"text-align: justify;\">\n                                    <span class=\"u-text-body-alt-color\">Raporu Haz\u0131rlayan \u00c7al\u0131\u015fma Grubunun \/ Kurulu\u015fun Ad\u0131:<\/span>\n                                  <\/p>\n                                  <p style=\"text-align: justify;\">\n                                    <span class=\"u-text-body-alt-color\">Adresi:<\/span>\n                                  <\/p>\n                                  <p style=\"text-align: justify;\">\n                                    <span class=\"u-text-body-alt-color\">Telefon ve Faks Numaralar\u0131:<\/span>\n                                  <\/p>\n                                  <p style=\"text-align: justify;\">\n                                    <span class=\"u-text-body-alt-color\">Ba\u015fvuru Dosyas\u0131n\u0131n Sunum Tarihi:<\/span>\n                                  <\/p>\n                                  <p style=\"text-align: justify;\">\n                                    <span class=\"u-text-body-alt-color\">\u0130\u00e7indekiler Listesi:<\/span>\n                                  <\/p>\n                                  <p style=\"text-align: justify;\">\n                                    <span class=\"u-text-body-alt-color\">Projenin Teknik Olmayan \u00d6zeti:<\/span>\n                                  <\/p>\n                                  <p style=\"text-align: justify;\">\n                                    <span class=\"u-text-body-alt-color\">B\u00f6l\u00fcm I: Projenin Tan\u0131m\u0131 ve \u00d6zelikleri<\/span>\n                                  <\/p>\n                                  <p style=\"text-align: justify;\">\n                                    <span class=\"u-text-body-alt-color\">a) Proje konusu yat\u0131r\u0131m\u0131n tan\u0131m\u0131, \u00f6zellikleri, \u00f6mr\u00fc, hizmet maksatlar\u0131, \u00f6nem ve gereklili\u011fi<\/span>\n                                  <\/p>\n                                  <p style=\"text-align: justify;\">\n                                    <span class=\"u-text-body-alt-color\">b) Projenin yer ve teknoloji alternatifleri, proje i\u00e7in se\u00e7ilen yerin koordinatlar\u0131<\/span>\n                                  <\/p>\n                                  <p style=\"text-align: justify;\">\n                                    <span class=\"u-text-body-alt-color\">B\u00f6l\u00fcm II: Proje Yeri ve Etki Alan\u0131n\u0131n Mevcut \u00c7evresel \u00d6zellikleri<\/span>\n                                  <\/p>\n                                  <p style=\"text-align: justify;\">\n                                    <span class=\"u-text-body-alt-color\">Proje alan\u0131n\u0131n ve \u00f6nerilen proje nedeniyle etkilenmesi muhtemel olan \u00e7evrenin; n\u00fcfus,&nbsp;fauna, flora, jeolojik ve hidrojeolojik \u00f6zellikler, do\u011fal afet durumu, toprak, su, hava, atmosferik ko\u015fullar, iklimsel fakt\u00f6rler, m\u00fclkiyet durumu, k\u00fclt\u00fcr varl\u0131\u011f\u0131 ve sit \u00f6zellikleri, peyzaj \u00f6zellikleri, arazi kullan\u0131m durumu, hassasiyet derecesi (Ek-5\u2019deki Duyarl\u0131 Y\u00f6reler Listesi de dikkate al\u0131narak) benzeri \u00f6zellikleri<\/span>\n                                  <\/p>\n                                  <p style=\"text-align: justify;\">\n                                    <span class=\"u-text-body-alt-color\">B\u00f6l\u00fcm III: Projenin \u0130n\u015faat ve \u0130\u015fletme A\u015famas\u0131nda \u00c7evresel Etkileri ve Al\u0131nacak \u00d6nlemler<\/span>\n                                  <\/p>\n                                  <p style=\"text-align: justify;\">\n                                    <span class=\"u-text-body-alt-color\">Projenin;<\/span>\n                                  <\/p>\n                                  <p style=\"text-align: justify;\">\n                                    <span class=\"u-text-body-alt-color\">a) \u00c7evreyi etkileyebilecek olas\u0131 sorunlar\u0131n belirlenmesi, kirleticilerin miktar\u0131, al\u0131c\u0131 ortamla etkile\u015fimi,&nbsp;k\u00fcm\u00fclatif&nbsp;etkilerin belirlenmesi<\/span>\n                                  <\/p>\n                                  <p style=\"text-align: justify;\">\n                                    <span class=\"u-text-body-alt-color\">b) Sera gaz\u0131&nbsp;emisyon&nbsp;miktar\u0131n\u0131n belirlenmesi ve emisyonlar\u0131n azalt\u0131lmas\u0131 i\u00e7in al\u0131nacak \u00f6nlemler,<\/span>\n                                  <\/p>\n                                  <p style=\"text-align: justify;\">\n                                    <span class=\"u-text-body-alt-color\">c) Projenin \u00e7evreye olabilecek olumsuz etkilerinin azalt\u0131lmas\u0131 i\u00e7in al\u0131nacak \u00f6nlemler<\/span>\n                                  <\/p>\n                                  <p style=\"text-align: justify;\">\n                                    <span class=\"u-text-body-alt-color\">\u00e7) \u0130zleme Plan\u0131 (in\u015faat d\u00f6nemi)<\/span>\n                                  <\/p>\n                                  <p style=\"text-align: justify;\">\n                                    <span class=\"u-text-body-alt-color\">B\u00f6l\u00fcm IV: Halk\u0131n Kat\u0131l\u0131m\u0131<\/span>\n                                  <\/p>\n                                  <p style=\"text-align: justify;\">\n                                    <span class=\"u-text-body-alt-color\">a) Projeden etkilenmesi muhtemel ilgili halk\u0131n belirlenmesi ve halk\u0131n g\u00f6r\u00fc\u015flerinin \u00e7evresel etki de\u011ferlendirmesi \u00e7al\u0131\u015fmas\u0131na yans\u0131t\u0131lmas\u0131 i\u00e7in \u00f6nerilen y\u00f6ntemler<\/span>\n                                  <\/p>\n                                  <p style=\"text-align: justify;\">\n                                    <span class=\"u-text-body-alt-color\">b) G\u00f6r\u00fc\u015flerine ba\u015fvurulmas\u0131 \u00f6ng\u00f6r\u00fclen di\u011fer taraflar<\/span>\n                                  <\/p>\n                                  <p style=\"text-align: justify;\">\n                                    <span class=\"u-text-body-alt-color\">Notlar ve Kaynaklar<\/span>\n                                  <\/p>\n                                  <p style=\"text-align: justify;\">\n                                    <span class=\"u-text-body-alt-color\">Ekler:&nbsp;\u00c7evresel Etki De\u011ferlendirmesi Ba\u015fvuru Dosyas\u0131 haz\u0131rlanmas\u0131nda kullan\u0131lan bilgi ve belgeler ile raporda kullan\u0131lan tekniklerden rapor metninde sunulamayan belgeler.<\/span>\n                                  <\/p>\n                                  <p style=\"text-align: justify;\">\n                                    <span class=\"u-text-body-alt-color\">Proje i\u00e7in se\u00e7ilen yerin koordinatlar\u0131<\/span>\n                                  <\/p>\n                                  <p style=\"text-align: justify;\">\n                                    <span class=\"u-text-body-alt-color\">Proje i\u00e7in belirlenen yer ve alternatiflerinin varsa; \u00e7evre d\u00fczeni, naz\u0131m, uygulama imar plan\u0131, vaziyet plan\u0131 veya plan de\u011fi\u015fikli\u011fi teklifleri<\/span>\n                                  <\/p>\n                                  <p style=\"text-align: justify;\">\n                                    <span class=\"u-text-body-alt-color\">Proje ile ilgili olarak daha \u00f6nceden ilgili kurumlardan al\u0131nm\u0131\u015f belgeler<\/span>\n                                    <span class=\"u-text-body-alt-color\">&nbsp; &nbsp; &nbsp; &nbsp;&nbsp;<\/span>\n                                  <\/p>\n                                  <p style=\"text-align: right;\">\n                                    <span class=\"u-text-body-alt-color\">&nbsp;<\/span>\n                                    <span class=\"u-text-custom-color-5\">EK- 4<\/span>\n                                  <\/p>\n                                  <p style=\"text-align: center;\">\n                                    <span class=\"u-text-body-alt-color\">&nbsp;<\/span>\n                                    <span class=\"u-text-custom-color-5\">PROJE TANITIM DOSYASININ HAZIRLANMASINDA ESAS ALINACAK\nSE\u00c7ME ELEME KR\u0130TERLER\u0130<\/span>\n                                  <\/p>\n                                  <p style=\"text-align: justify;\">\n                                    <span class=\"u-text-body-alt-color\">&nbsp;<\/span>\n                                    <span class=\"u-text-body-alt-color\">Ba\u015fl\u0131k Sayfas\u0131:<\/span>\n                                  <\/p>\n                                  <p style=\"text-align: justify;\">\n                                    <span class=\"u-text-body-alt-color\">Proje Sahibinin Ad\u0131:<\/span>\n                                  <\/p>\n                                  <p style=\"text-align: justify;\">\n                                    <span class=\"u-text-body-alt-color\">Adresi:<\/span>\n                                  <\/p>\n                                  <p style=\"text-align: justify;\">\n                                    <span class=\"u-text-body-alt-color\">Telefon, GSM ve Faks Numaras\u0131:<\/span>\n                                  <\/p>\n                                  <p style=\"text-align: justify;\">\n                                    <span class=\"u-text-body-alt-color\">e-posta:<\/span>\n                                  <\/p>\n                                  <p style=\"text-align: justify;\">\n                                    <span class=\"u-text-body-alt-color\">Projenin Ad\u0131:<\/span>\n                                  <\/p>\n                                  <p style=\"text-align: justify;\">\n                                    <span class=\"u-text-body-alt-color\">Proje Bedeli:<\/span>\n                                  <\/p>\n                                  <p style=\"text-align: justify;\">\n                                    <span class=\"u-text-body-alt-color\">Proje \u0130\u00e7in Se\u00e7ilen Yerin A\u00e7\u0131k Adresi (\u0130li, \u0130l\u00e7esi, Mevkii):<\/span>\n                                  <\/p>\n                                  <p style=\"text-align: justify;\">\n                                    <span class=\"u-text-body-alt-color\">Projenin \u00c7ED Y\u00f6netmeli\u011fi Kapsam\u0131ndaki Yeri (Sekt\u00f6r, Alt Sekt\u00f6r):<\/span>\n                                  <\/p>\n                                  <p style=\"text-align: justify;\">\n                                    <span class=\"u-text-body-alt-color\">Projenin NACE Kodu:<\/span>\n                                  <\/p>\n                                  <p style=\"text-align: justify;\">\n                                    <span class=\"u-text-body-alt-color\">Raporu Haz\u0131rlayan \u00c7al\u0131\u015fma Grubunun \/Kurulu\u015fun Ad\u0131:<\/span>\n                                  <\/p>\n                                  <p style=\"text-align: justify;\">\n                                    <span class=\"u-text-body-alt-color\">Adresi:<\/span>\n                                  <\/p>\n                                  <p style=\"text-align: justify;\">\n                                    <span class=\"u-text-body-alt-color\">Telefon ve Faks Numaralar\u0131:<\/span>\n                                  <\/p>\n                                  <p style=\"text-align: justify;\">\n                                    <span class=\"u-text-body-alt-color\">Proje Tan\u0131t\u0131m Dosyas\u0131n\u0131n Sunum Tarihi:<\/span>\n                                  <\/p>\n                                  <p style=\"text-align: justify;\">\n                                    <span class=\"u-text-body-alt-color\">\u0130\u00e7indekiler listesi:<\/span>\n                                  <\/p>\n                                  <p style=\"text-align: justify;\">\n                                    <span class=\"u-text-body-alt-color\">Projenin Teknik Olmayan \u00d6zeti:<\/span>\n                                  <\/p>\n                                  <p style=\"text-align: justify;\">\n                                    <span class=\"u-text-body-alt-color\">1.Projenin \u00d6zellikleri:<\/span>\n                                  <\/p>\n                                  <p style=\"text-align: justify;\">\n                                    <span class=\"u-text-body-alt-color\">a) Projenin ve yerin alternatifleri (proje teknolojisinin ve proje alan\u0131n\u0131n se\u00e7ilme nedenleri),<\/span>\n                                  <\/p>\n                                  <p style=\"text-align: justify;\">\n                                    <span class=\"u-text-body-alt-color\">b) Projenin i\u015f ak\u0131m \u015femas\u0131, kapasitesi, kaplad\u0131\u011f\u0131 alan, teknolojisi, \u00e7al\u0131\u015facak personel say\u0131s\u0131,<\/span>\n                                  <\/p>\n                                  <p style=\"text-align: justify;\">\n                                    <span class=\"u-text-body-alt-color\">c) Do\u011fal kaynaklar\u0131n kullan\u0131m\u0131 (arazi kullan\u0131m\u0131, su kullan\u0131m\u0131, kullan\u0131lan enerji t\u00fcr\u00fc vb.),<\/span>\n                                  <\/p>\n                                  <p style=\"text-align: justify;\">\n                                    <span class=\"u-text-body-alt-color\">\u00e7) At\u0131k miktar\u0131(kat\u0131, s\u0131v\u0131, gaz ve benzeri) ve at\u0131klar\u0131n kimyasal, fiziksel ve biyolojik \u00f6zellikleri,<\/span>\n                                  <\/p>\n                                  <p style=\"text-align: justify;\">\n                                    <span class=\"u-text-body-alt-color\">d) Kullan\u0131lan teknoloji ve malzemelerden kaynaklanabilecek kaza riski.<\/span>\n                                  <\/p>\n                                  <p style=\"text-align: justify;\">\n                                    <span class=\"u-text-body-alt-color\">2.Proje Yeri ve Etki Alan\u0131n\u0131n Mevcut \u00c7evresel \u00d6zellikleri:<\/span>\n                                  <\/p>\n                                  <p style=\"text-align: justify;\">\n                                    <span class=\"u-text-body-alt-color\">a) Mevcut arazi kullan\u0131m\u0131 ve kalitesi (tar\u0131m alan\u0131, orman alan\u0131, planl\u0131 alan, su y\u00fczeyi ve benzeri),<\/span>\n                                  <\/p>\n                                  <p style=\"text-align: justify;\">\n                                    <span class=\"u-text-body-alt-color\">b) Ek-5\u2019deki Duyarl\u0131 Y\u00f6reler Listesi dikkate al\u0131narak korunmas\u0131 gereken alanlar.<\/span>\n                                  <\/p>\n                                  <p style=\"text-align: justify;\">\n                                    <span class=\"u-text-body-alt-color\">3. Projenin \u0130n\u015faat ve \u0130\u015fletme A\u015famas\u0131nda \u00c7evresel Etkileri ve Al\u0131nacak \u00d6nlemler<\/span>\n                                  <\/p>\n                                  <p style=\"text-align: justify;\">\n                                    <span class=\"u-text-body-alt-color\">Notlar ve Kaynaklar:<\/span>\n                                  <\/p>\n                                  <p style=\"text-align: justify;\">\n                                    <span class=\"u-text-custom-color-5\">Ekler:<\/span>\n                                  <\/p>\n                                  <p style=\"text-align: justify;\">\n                                    <span class=\"u-text-body-alt-color\">1- Proje i\u00e7in se\u00e7ilen yerin koordinatlar\u0131<\/span>\n                                  <\/p>\n                                  <p style=\"text-align: justify;\">\n                                    <span class=\"u-text-body-alt-color\">2-Proje alan\u0131 ve yak\u0131n \u00e7evresinin mevcut arazi kullan\u0131m\u0131n\u0131 de\u011ferlendirmek i\u00e7in; yerle\u015fim alanlar\u0131n\u0131n, ula\u015f\u0131m a\u011flar\u0131n\u0131n, enerji nakil hatlar\u0131n\u0131n, mevcut tesislerin ve ek-5\u2019de yer alan Duyarl\u0131 Y\u00f6reler Listesinde belirtilen di\u011fer alanlar\u0131n (proje alan\u0131 ve yak\u0131n \u00e7evresinde bulunmas\u0131 halinde) yerlerine ili\u015fkin verileri g\u00f6sterir bilgiler 1\/25000 \u00f6l\u00e7ekli h\u00e2lihaz\u0131r harita (\u00e7evre d\u00fczeni plan\u0131, naz\u0131m, uygulama imar plan\u0131, vaziyet plan\u0131 veya plan de\u011fi\u015fikli\u011fi teklifleri,&nbsp;topografik&nbsp;harita) \u00fczerine i\u015flenerek k\u0131saca a\u00e7\u0131klanmas\u0131, jeoloji haritas\u0131 ve depremsellik.<\/span>\n                                  <\/p>\n                                  <p style=\"text-align: right;\">\n                                    <span class=\"u-text-body-alt-color\">&nbsp;<\/span>\n                                    <span class=\"u-text-custom-color-5\">EK- 5<\/span>\n                                  <\/p>\n                                  <p style=\"text-align: justify;\">\n                                    <span class=\"u-text-body-alt-color\">&nbsp;<\/span>\n                                  <\/p>\n                                  <p>\n                                    <span class=\"u-text-custom-color-5\">DUYARLI Y\u00d6RELER<\/span>\n                                  <\/p>\n                                  <p style=\"text-align: justify;\">\n                                    <span class=\"u-text-body-alt-color\">&nbsp;<\/span>\n                                  <\/p>\n                                  <p style=\"text-align: justify;\">\n                                    <span class=\"u-text-body-alt-color\">&nbsp; &nbsp; &nbsp;Bu Y\u00f6netmelik kapsam\u0131nda bulunan projelere ili\u015fkin yap\u0131lacak \u00e7al\u0131\u015fmalar s\u0131ras\u0131nda ba\u015fvurulmas\u0131 gereken mevzuat\u0131n d\u00f6k\u00fcm\u00fc a\u015fa\u011f\u0131da yer almaktad\u0131r. Mevzuatta olabilecek de\u011fi\u015fiklikler bu b\u00f6l\u00fcm\u00fcn ayr\u0131lmaz bir par\u00e7as\u0131d\u0131r.<\/span>\n                                  <\/p>\n                                  <p style=\"text-align: justify;\">\n                                    <span class=\"u-text-body-alt-color\">&nbsp;1.\u00dclkemiz mevzuat\u0131 uyar\u0131nca korunmas\u0131 gerekli alanlar<\/span>\n                                  <\/p>\n                                  <p style=\"text-align: justify;\">\n                                    <span class=\"u-text-body-alt-color\">a) Milli Parklar Kanunu\u2019nun 2&nbsp;nci&nbsp;maddesinde tan\u0131mlanan ve bu Kanunun 3 \u00fcnc\u00fc maddesi uyar\u0131nca belirlenen \"Milli Parklar\", \"Tabiat Parklar\u0131\", \"Tabiat An\u0131tlar\u0131\" ve \"Tabiat Koruma Alanlar\u0131\",<\/span>\n                                  <\/p>\n                                  <p style=\"text-align: justify;\">\n                                    <span class=\"u-text-body-alt-color\">b) Kara Avc\u0131l\u0131\u011f\u0131 Kanunu uyar\u0131nca belirlenen \"Yaban Hayat\u0131 Koruma Sahalar\u0131, Yaban Hayat\u0131 Geli\u015ftirme Sahalar\u0131 ve Yaban Hayvan\u0131 Yerle\u015ftirme Alanlar\u0131\",<\/span>\n                                  <\/p>\n                                  <p style=\"text-align: justify;\">\n                                    <span class=\"u-text-body-alt-color\">c) K\u00fclt\u00fcr ve Tabiat Varl\u0131klar\u0131n\u0131 Koruma Kanunu\u2019nun 3 \u00fcnc\u00fc maddesinin birinci f\u0131kras\u0131n\u0131n \"Tan\u0131mlar\" ba\u015fl\u0131kl\u0131 (a) bendinin 1 inci, 2&nbsp;nci, 3 \u00fcnc\u00fc ve 5 inci alt bentlerinde \"K\u00fclt\u00fcr Varl\u0131klar\u0131\", \"Tabiat Varl\u0131klar\u0131\", \"Sit\" ve \"Koruma Alan\u0131\" olarak tan\u0131mlanan ve ayn\u0131 Kanun ile&nbsp;17\/6\/1987&nbsp;tarihli ve 3386 say\u0131l\u0131 Kanunun (2863 say\u0131l\u0131 K\u00fclt\u00fcr ve Tabiat Varl\u0131klar\u0131n\u0131 Koruma Kanunu\u2019nun Baz\u0131 Maddelerinin De\u011fi\u015ftirilmesi ve Bu Kanuna Baz\u0131 Maddelerin Eklenmesi Hakk\u0131nda Kanun) ilgili maddeleri uyar\u0131nca tespiti ve tescili yap\u0131lan alanlar,<\/span>\n                                  <\/p>\n                                  <p style=\"text-align: justify;\">\n                                    <span class=\"u-text-body-alt-color\">\u00e7) Su \u00dcr\u00fcnleri Kanunu kapsam\u0131nda olan Su \u00dcr\u00fcnleri \u0130stihsal ve \u00dcreme Sahalar\u0131,<\/span>\n                                  <\/p>\n                                  <p style=\"text-align: justify;\">\n                                    <span class=\"u-text-body-alt-color\">d) Su Kirlili\u011fi Kontrol Y\u00f6netmeli\u011fi\u2019nin 17&nbsp;nci, 18 inci, 19 uncu ve 20&nbsp;nci&nbsp;maddelerinde tan\u0131mlanan alanlar,<\/span>\n                                  <\/p>\n                                  <p style=\"text-align: justify;\">\n                                    <span class=\"u-text-body-alt-color\">e) Hava Kalitesi De\u011ferlendirme ve Y\u00f6netimi Y\u00f6netmeli\u011fi\u2019nde tan\u0131mlanan alanlar<\/span>\n                                  <\/p>\n                                  <p style=\"text-align: justify;\">\n                                    <span class=\"u-text-body-alt-color\">f) \u00c7evre Kanunu\u2019nun 9 uncu maddesi uyar\u0131nca Bakanlar Kurulu taraf\u0131ndan \"\u00d6zel \u00c7evre Koruma B\u00f6lgeleri\" olarak tespit ve ilan edilen alanlar,<\/span>\n                                  <\/p>\n                                  <p style=\"text-align: justify;\">\n                                    <span class=\"u-text-body-alt-color\">g) Bo\u011fazi\u00e7i Kanunu\u2019na g\u00f6re koruma alt\u0131na al\u0131nan alanlar,<\/span>\n                                  <\/p>\n                                  <p style=\"text-align: justify;\">\n                                    <span class=\"u-text-body-alt-color\">\u011f) Orman Kanunu uyar\u0131nca orman alan\u0131 say\u0131lan yerler,<\/span>\n                                  <\/p>\n                                  <p style=\"text-align: justify;\">\n                                    <span class=\"u-text-body-alt-color\">h) K\u0131y\u0131 Kanunu gere\u011fince yap\u0131 yasa\u011f\u0131 getirilen alanlar,<\/span>\n                                  <\/p>\n                                  <p style=\"text-align: justify;\">\n                                    <span class=\"u-text-body-alt-color\">\u0131) Zeytincili\u011fin Islah\u0131 ve Yabanilerinin A\u015f\u0131latt\u0131r\u0131lmas\u0131 Hakk\u0131nda Kanunda belirtilen alanlar,<\/span>\n                                  <\/p>\n                                  <p style=\"text-align: justify;\">\n                                    <span class=\"u-text-body-alt-color\">i) Mera Kanununda belirtilen alanlar,<\/span>\n                                  <\/p>\n                                  <p style=\"text-align: justify;\">\n                                    <span class=\"u-text-body-alt-color\">j)&nbsp;Sulak Alanlar\u0131n Korunmas\u0131 Y\u00f6netmeli\u011fi\u2019nde belirtilen alanlar.<\/span>\n                                  <\/p>\n                                  <p style=\"text-align: justify;\">\n                                    <span class=\"u-text-body-alt-color\">2.\u00dclkemizin taraf oldu\u011fu uluslararas\u0131 s\u00f6zle\u015fmeler uyar\u0131nca korunmas\u0131 gerekli alanlar<\/span>\n                                  <\/p>\n                                  <p style=\"text-align: justify;\">\n                                    <span class=\"u-text-body-alt-color\">a) \"Avrupa\u2019n\u0131n Yaban Hayat\u0131 ve Ya\u015fama Ortamlar\u0131n\u0131 Koruma S\u00f6zle\u015fmesi\" (BERN S\u00f6zle\u015fmesi) uyar\u0131nca koruma alt\u0131na al\u0131nm\u0131\u015f alanlardan \"\u00d6nemli Deniz Kaplumba\u011fas\u0131 \u00dcreme Alanlar\u0131\"nda belirtilen I. ve II. Koruma B\u00f6lgeleri, \"Akdeniz Foku Ya\u015fama ve \u00dcreme Alanlar\u0131\",<\/span>\n                                  <\/p>\n                                  <p style=\"text-align: justify;\">\n                                    <span class=\"u-text-body-alt-color\">b) \"Akdeniz\u2019in Kirlenmeye Kar\u015f\u0131 Korunmas\u0131 S\u00f6zle\u015fmesi\" (Barcelona&nbsp;S\u00f6zle\u015fmesi) uyar\u0131nca korumaya al\u0131nan alanlar,<\/span>\n                                  <\/p>\n                                  <p style=\"text-align: justify;\">\n                                    <span class=\"u-text-body-alt-color\">1) \"Akdeniz\u2019de \u00d6zel Koruma Alanlar\u0131n\u0131n Korunmas\u0131na Ait Protokol\" gere\u011fi \u00fclkemizde \"\u00d6zel Koruma Alan\u0131\" olarak belirlenmi\u015f alanlar,<\/span>\n                                  <\/p>\n                                  <p style=\"text-align: justify;\">\n                                    <span class=\"u-text-body-alt-color\">2)&nbsp;Cenova&nbsp;Bildirgesi gere\u011fi se\u00e7ilmi\u015f Birle\u015fmi\u015f Milletler \u00c7evre Program\u0131 taraf\u0131ndan yay\u0131mlanm\u0131\u015f olan \"Akdeniz\u2019de Ortak \u00d6neme Sahip 100 K\u0131y\u0131sal Tarihi Sit\" listesinde yer alan alanlar,<\/span>\n                                  <\/p>\n                                  <p style=\"text-align: justify;\">\n                                    <span class=\"u-text-body-alt-color\">3)&nbsp;Cenova&nbsp;Deklerasyonu\u2019nun&nbsp;17&nbsp;nci&nbsp;maddesinde yer alan \"Akdeniz\u2019e Has Nesli Tehlikede Olan Deniz T\u00fcrlerinin\" ya\u015fama ve beslenme ortam\u0131 olan k\u0131y\u0131sal alanlar,<\/span>\n                                  <\/p>\n                                  <p style=\"text-align: justify;\">\n                                    <span class=\"u-text-body-alt-color\">c) \"D\u00fcnya K\u00fclt\u00fcr ve Tabiat Miras\u0131n\u0131n Korunmas\u0131 S\u00f6zle\u015fmesi\"nin 1 inci ve 2&nbsp;nci&nbsp;maddeleri gere\u011fince K\u00fclt\u00fcr Bakanl\u0131\u011f\u0131 taraf\u0131ndan koruma alt\u0131na al\u0131nan \"K\u00fclt\u00fcrel Miras\" ve \"Do\u011fal Miras\" stat\u00fcs\u00fc verilen k\u00fclt\u00fcrel, tarihi ve do\u011fal alanlar,<\/span>\n                                  <\/p>\n                                  <p style=\"text-align: justify;\">\n                                    <span class=\"u-text-body-alt-color\">\u00e7) \"\u00d6zellikle Su Ku\u015flar\u0131 Ya\u015fama Ortam\u0131 Olarak Uluslararas\u0131 \u00d6neme Sahip Sulak Alanlar\u0131n Korunmas\u0131 S\u00f6zle\u015fmesi\" (RAMSAR S\u00f6zle\u015fmesi) uyar\u0131nca koruma alt\u0131na al\u0131nm\u0131\u015f alanlar,<\/span>\n                                  <\/p>\n                                  <p style=\"text-align: justify;\">\n                                    <span class=\"u-text-body-alt-color\">d) Avrupa Peyzaj S\u00f6zle\u015fmesi.<\/span>\n                                  <\/p>\n                                  <p style=\"text-align: justify;\">\n                                    <span class=\"u-text-body-alt-color\">3. Korunmas\u0131 gereken alanlar<\/span>\n                                  <\/p>\n                                  <p style=\"text-align: justify;\">\n                                    <span class=\"u-text-body-alt-color\">a) Onayl\u0131 \u00c7evre D\u00fczeni Planlar\u0131nda, mevcut \u00f6zellikleri korunacak alan olarak tespit edilen ve yap\u0131la\u015fma yasa\u011f\u0131 getirilen alanlar (Tabii karakteri korunacak alan,&nbsp;biogenetik&nbsp;rezerv alanlar\u0131, jeotermal alanlar ve benzeri),<\/span>\n                                  <\/p>\n                                  <p style=\"text-align: justify;\">\n                                    <span class=\"u-text-body-alt-color\">b) Tar\u0131m Alanlar\u0131: Tar\u0131msal kalk\u0131nma alanlar\u0131, sulanan, sulanmas\u0131 m\u00fcmk\u00fcn ve arazi kullanma kabiliyet s\u0131n\u0131flar\u0131 I, II, III ve IV olan alanlar, ya\u011f\u0131\u015fa ba\u011fl\u0131 tar\u0131mda kullan\u0131lan I. ve II. s\u0131n\u0131f&nbsp;ile,&nbsp;\u00f6zel mahsul plantasyon alanlar\u0131n\u0131n tamam\u0131,<\/span>\n                                  <\/p>\n                                  <p style=\"text-align: justify;\">\n                                    <span class=\"u-text-body-alt-color\">c) Sulak Alanlar: Do\u011fal veya yapay, devaml\u0131 veya ge\u00e7ici, sular\u0131n durgun veya ak\u0131nt\u0131l\u0131, tatl\u0131, ac\u0131 veya tuzlu, denizlerin gel-git hareketinin \u00e7ekilme devresinde 6 metreyi ge\u00e7meyen derinlikleri kapsayan, ba\u015fta su ku\u015flar\u0131 olmak \u00fczere canl\u0131lar\u0131n ya\u015fama ortam\u0131 olarak \u00f6nem ta\u015f\u0131yan b\u00fct\u00fcn sular, batakl\u0131k sazl\u0131k ve&nbsp;turbiyeler&nbsp;ile bu alanlar\u0131n k\u0131y\u0131 kenar \u00e7izgisinden itibaren kara taraf\u0131na do\u011fru&nbsp;ekolojik&nbsp;a\u00e7\u0131dan sulak alan kalan yerler,<\/span>\n                                  <\/p>\n                                  <p style=\"text-align: justify;\">\n                                    <span class=\"u-text-body-alt-color\">\u00e7) G\u00f6ller, akarsular, yeralt\u0131 suyu i\u015fletme sahalar\u0131,<\/span>\n                                  <\/p>\n                                  <p style=\"text-align: justify;\">\n                                    <span class=\"u-text-body-alt-color\">d) Bilimsel ara\u015ft\u0131rmalar i\u00e7in \u00f6nem arz eden ve\/veya nesli tehlikeye d\u00fc\u015fm\u00fc\u015f veya d\u00fc\u015febilir t\u00fcrler ve \u00fclkemiz i\u00e7in endemik olan t\u00fcrlerin ya\u015fama ortam\u0131 olan alanlar, biyosfer rezervi, biyotoplar, biyogenetik rezerv alanlar\u0131, benzersiz \u00f6zelliklerdeki jeolojik ve jeomorfolojik olu\u015fumlar\u0131n bulundu\u011fu alanlar.<\/span>\n                                  <\/p>\n                                <\/td>\n                              <\/tr>\n                            <\/tbody>\n                          <\/table>\n                          <table border=\"0\" cellpadding=\"0\" cellspacing=\"0\" id=\"isPasted\" style=\"font-family: &quot;Times New Roman&quot;; letter-spacing: normal; orphans: 2; text-transform: none; widows: 2; word-spacing: 0px; -webkit-text-stroke-width: 0px; text-decoration-thickness: initial; text-decoration-style: initial; text-decoration-color: initial; width: 439.45pt; border-collapse: collapse;\" width=\"586\">\n                            <tbody>\n                              <tr style=\"height: 24pt;\">\n                                <td colspan=\"3\" width=\"586\">\n                                  <p>\n                                    <span class=\"u-text-body-alt-color\">\n                                      <br>\n                                    <\/span>\n                                  <\/p>\n                                <\/td>\n                              <\/tr>\n                            <\/tbody>\n                          <\/table>\n                          <br>\n                        <\/td>\n                      <\/tr>\n                    <\/tbody>\n                  <\/table>\n                  <p style=\"text-align: left;\">\n                    <span class=\"u-text-body-alt-color\">\n                      <br>\n                    <\/span>\n                  <\/p>\n                <\/div>\n              <\/div>\n            <\/div>\n          <\/div>\n        <\/div>\n      <\/div>\n    <\/section>\n    \n    \n    \n  \n<\/div>","protected":false},"excerpt":{"rendered":"<p>Bilinmesi Gerekenler Resmi Gazete &nbsp; \u00c7ED RAPORU \u00c7ED &nbsp; &nbsp;: &nbsp; &nbsp; \u00c7evreye \u00f6nemli etkileri olabilecek faaliyetlerle ilgili projelerin, planlama a\u015famas\u0131ndan ba\u015flayarak faaliyetin in\u015faat, i\u015fletme ve faaliyetin sona erdirilmesinden sonra meydana gelebilecek etkilerinin, proje hakk\u0131nda karar al\u0131nmadan \u00f6nce bilimsel y\u00f6ntem ve tekniklerle tahmin edilmesi, olumsuz etkilerinin \u00f6nlenmesi ve gerekli tedbirlerin tespiti ile projenin t\u00fcm uygulama&hellip; <a class=\"more-link\" href=\"https:\/\/www.ikome.com.tr\/?page_id=104\">Okumaya devam et <span class=\"screen-reader-text\">Cevre<\/span><\/a><\/p>\n","protected":false},"author":1,"featured_media":0,"parent":0,"menu_order":5,"comment_status":"closed","ping_status":"closed","template":"","meta":[],"_links":{"self":[{"href":"https:\/\/www.ikome.com.tr\/index.php?rest_route=\/wp\/v2\/pages\/104"}],"collection":[{"href":"https:\/\/www.ikome.com.tr\/index.php?rest_route=\/wp\/v2\/pages"}],"about":[{"href":"https:\/\/www.ikome.com.tr\/index.php?rest_route=\/wp\/v2\/types\/page"}],"author":[{"embeddable":true,"href":"https:\/\/www.ikome.com.tr\/index.php?rest_route=\/wp\/v2\/users\/1"}],"replies":[{"embeddable":true,"href":"https:\/\/www.ikome.com.tr\/index.php?rest_route=%2Fwp%2Fv2%2Fcomments&post=104"}],"version-history":[{"count":2,"href":"https:\/\/www.ikome.com.tr\/index.php?rest_route=\/wp\/v2\/pages\/104\/revisions"}],"predecessor-version":[{"id":197,"href":"https:\/\/www.ikome.com.tr\/index.php?rest_route=\/wp\/v2\/pages\/104\/revisions\/197"}],"wp:attachment":[{"href":"https:\/\/www.ikome.com.tr\/index.php?rest_route=%2Fwp%2Fv2%2Fmedia&parent=104"}],"curies":[{"name":"wp","href":"https:\/\/api.w.org\/{rel}","templated":true}]}}